{"id":18106,"date":"2023-01-04T09:50:15","date_gmt":"2023-01-04T08:50:15","guid":{"rendered":"https:\/\/tingvoll.net\/new\/?page_id=18106"},"modified":"2023-12-30T17:58:31","modified_gmt":"2023-12-30T16:58:31","slug":"dodsfall-2023","status":"publish","type":"page","link":"https:\/\/tingvoll.net\/index.php\/dodsfall-2023\/","title":{"rendered":"D\u00f8dsfall 2023"},"content":{"rendered":"<p style=\"font-weight: 400; text-align: center;\">30.12<br \/>\n<img loading=\"lazy\" decoding=\"async\" class=\"alignnone wp-image-1725 aligncenter\" src=\"https:\/\/tingvoll.net\/new\/wp-content\/uploads\/2022\/03\/kors_bue.png\" alt=\"\" width=\"39\" height=\"61\" srcset=\"https:\/\/tingvoll.net\/wp-content\/uploads\/2022\/03\/kors_bue.png 107w, https:\/\/tingvoll.net\/wp-content\/uploads\/2022\/03\/kors_bue-103x160.png 103w\" sizes=\"auto, (max-width: 39px) 100vw, 39px\" \/>Min kj\u00e6re Per, v\u00e5r snille pappa,<br \/>\nsvigerfar, bestefar og far,<br \/>\nbror, svoger og onkel<\/p>\n<p style=\"font-weight: 400; text-align: center;\"><strong>Per Meisingset<\/strong><\/p>\n<p style=\"font-weight: 400; text-align: center;\">f\u00f8dt 4. mars 1947,<br \/>\nsovnet stille inn med<br \/>\nsine n\u00e6rmeste rundt seg.<br \/>\nKristiansund\/Meisingset<br \/>\n26. desember 2023<\/p>\n<p style=\"font-weight: 400; text-align: center;\"><strong>\u00a0<\/strong><strong>Tove<\/strong><strong>\u00a0<\/strong><\/p>\n<p style=\"font-weight: 400; text-align: center;\"><strong>May Kristin \u2013 Steinar<br \/>\n<\/strong><strong>Frank Olav \u2013 Gunn Kristin<\/strong><strong>\u00a0<\/strong><\/p>\n<p style=\"font-weight: 400; text-align: center;\"><strong>Stine Merethe, Emil,<br \/>\n<\/strong><strong>Espen og Mari<\/strong><\/p>\n<p style=\"font-weight: 400; text-align: center;\"><strong>Amalie, Simon, Ingrid,<br \/>\n<\/strong><strong>Arne og \u00c5smund<br \/>\n<\/strong>(bonusbarnebarn)<\/p>\n<p style=\"font-weight: 400; text-align: center;\"><strong>\u00d8vrige familie<\/strong><\/p>\n<p style=\"font-weight: 400; text-align: center;\"><em>\u00a0<\/em><em>Takk for gode minner.<\/em><em>\u00a0<\/em><\/p>\n<p style=\"font-weight: 400; text-align: center;\">Bisettelse i Tingvoll kirke<br \/>\nfredag 5. januar kl. 12.00.<\/p>\n<p style=\"font-weight: 400; text-align: center;\">Alle er velkommen til kirken og til minnestund<br \/>\np\u00e5 Meisingset Grendahus.<br \/>\nLike kj\u00e6rt som blomster er en gave til<br \/>\nLeger Uten Grenser.<br \/>\nMinnegave kan gis i kirken og p\u00e5 vippsnr. 2177.<br \/>\n________________<br \/>\n27.11<br \/>\n<img loading=\"lazy\" decoding=\"async\" class=\"alignnone wp-image-1725 aligncenter\" src=\"https:\/\/tingvoll.net\/new\/wp-content\/uploads\/2022\/03\/kors_bue.png\" alt=\"\" width=\"39\" height=\"61\" srcset=\"https:\/\/tingvoll.net\/wp-content\/uploads\/2022\/03\/kors_bue.png 107w, https:\/\/tingvoll.net\/wp-content\/uploads\/2022\/03\/kors_bue-103x160.png 103w\" sizes=\"auto, (max-width: 39px) 100vw, 39px\" \/><br \/>\nMin kj\u00e6re mann, pappa,<br \/>\nsvigerfar, bestefar, oldefar<br \/>\nog onkel<strong>\u00a0<\/strong><\/p>\n<p style=\"font-weight: 400; text-align: center;\"><strong>Hubrecht Jan van der Lende<\/strong><\/p>\n<p style=\"font-weight: 400; text-align: center;\">f\u00f8dt 5.desember 1943,<br \/>\nsovnet stille inn i dag.<br \/>\nTingvoll<br \/>\n26. november 2023<\/p>\n<p style=\"font-weight: 400; text-align: center;\"><strong>Gina Luna<\/strong><\/p>\n<p style=\"font-weight: 400; text-align: center;\"><strong>Leen \u00a0\u2013 \u00a0Ida<br \/>\n<\/strong><strong>Nelleke<br \/>\n<\/strong><strong>Anneke-Gerd<br \/>\n<\/strong><strong>Huub<br \/>\n<\/strong><strong>Justin. \u00a0 \u00a0 \u00a0 \u00a0 \u00a0 \u00a0 \u00a0<\/strong><\/p>\n<p style=\"font-weight: 400; text-align: center;\"><strong>Naviola, Aaron,<br \/>\n<\/strong><strong>Rene og Jordan<\/strong><\/p>\n<p style=\"font-weight: 400; text-align: center;\"><strong>Jester<\/strong><\/p>\n<p style=\"font-weight: 400; text-align: center;\"><strong>\u00d8vrige familie<\/strong><\/p>\n<p style=\"font-weight: 400; text-align: center;\">Bisettelse i Straumsnes kirke<br \/>\nfredag 1. desember kl. 12.00<\/p>\n<p style=\"font-weight: 400; text-align: center;\">S\u00f8rgeh\u00f8ytideligheten avsluttes i kirken.<br \/>\n________________<br \/>\n22.10<br \/>\n<img loading=\"lazy\" decoding=\"async\" class=\"alignnone wp-image-1725\" src=\"https:\/\/tingvoll.net\/new\/wp-content\/uploads\/2022\/03\/kors_bue.png\" alt=\"\" width=\"39\" height=\"61\" srcset=\"https:\/\/tingvoll.net\/wp-content\/uploads\/2022\/03\/kors_bue.png 107w, https:\/\/tingvoll.net\/wp-content\/uploads\/2022\/03\/kors_bue-103x160.png 103w\" sizes=\"auto, (max-width: 39px) 100vw, 39px\" \/><br \/>\nMin kj\u00e6re Asbj\u00f8rn, v\u00e5r<br \/>\nsnille gode far, svigerfar,<br \/>\nbestefar, oldefar,<br \/>\nsvoger og onkel<\/p>\n<p style=\"font-weight: 400; text-align: center;\"><strong>Asbj\u00f8rn Str\u00f8msv\u00e5g<\/strong><\/p>\n<p style=\"font-weight: 400; text-align: center;\">f\u00f8dt 3. november 1937,<br \/>\nsovnet stille inn i dag.<br \/>\nKristiansund\/\u00d8ydegard<br \/>\n20. oktober 2023<\/p>\n<p style=\"font-weight: 400; text-align: center;\"><strong>Liv Jorunn<\/strong><\/p>\n<p style=\"font-weight: 400; text-align: center;\"><strong>Johnny \u2013 Kristine<br \/>\n<\/strong><strong>Steinar \u2013 Heidi<br \/>\n<\/strong><strong>Asbj\u00f8rn \u2013 Elin Merete<br \/>\n<\/strong><strong>Terje <\/strong>\u2020<strong>\u00a0<\/strong><\/p>\n<p style=\"font-weight: 400; text-align: center;\"><strong>Linda, Eivor, Karoline,<br \/>\n<\/strong><strong>Martinus, Sofie, Anna<br \/>\n<\/strong><strong>og Martin<\/strong><\/p>\n<p style=\"font-weight: 400; text-align: center;\"><strong>\u00a0<\/strong><strong>Sondre<br \/>\n<\/strong><strong>Sandra<\/strong><\/p>\n<p style=\"font-weight: 400; text-align: center;\"><strong>\u00d8vrige familie<\/strong><\/p>\n<p style=\"font-weight: 400; text-align: center;\"><em>\u00a0<\/em><em>St\u00f8rst av alt er kj\u00e6rligheten. <\/em><em>\u00a0<\/em><\/p>\n<p style=\"font-weight: 400; text-align: center;\">Begravelse fra Straumsnes kirke<br \/>\nfredag 27. oktober kl. 12.00<br \/>\nAlle er velkommen til kirken og til<br \/>\nminnestund p\u00e5 menighetshuset.<\/p>\n<p style=\"font-weight: 400; text-align: center;\">Like kj\u00e6rt som blomster er en gave til<br \/>\nNorges Parkinson Forskningsfond.<br \/>\nMinnegave kan gis i kirken, p\u00e5<br \/>\nkontonr. 6116 56 67289<br \/>\neller p\u00e5 vippsnr. 140814.<br \/>\nGaven merkes med Asbj\u00f8rn sitt navn.<br \/>\n___________________________<br \/>\n18.10<br \/>\n<img loading=\"lazy\" decoding=\"async\" class=\"alignnone wp-image-1725\" src=\"https:\/\/tingvoll.net\/new\/wp-content\/uploads\/2022\/03\/kors_bue.png\" alt=\"\" width=\"39\" height=\"61\" srcset=\"https:\/\/tingvoll.net\/wp-content\/uploads\/2022\/03\/kors_bue.png 107w, https:\/\/tingvoll.net\/wp-content\/uploads\/2022\/03\/kors_bue-103x160.png 103w\" sizes=\"auto, (max-width: 39px) 100vw, 39px\" \/><\/p>\n<p style=\"font-weight: 400; text-align: center;\">Min kj\u00e6re Anders, v\u00e5r snille pappa,<br \/>\nsvigerfar, bestefar, oldefar,<br \/>\nbror, svoger og onkel<\/p>\n<p style=\"font-weight: 400; text-align: center;\"><strong>Anders Reiten<\/strong><\/p>\n<p style=\"font-weight: 400; text-align: center;\">f\u00f8dt 1. september 1940,<br \/>\nsovnet stille inn i dag.<br \/>\nKristiansund\/Tingvoll<br \/>\n15. oktober 2023<sub>\u00a0<\/sub><\/p>\n<p style=\"font-weight: 400; text-align: center;\"><strong>Liv Marit<\/strong><\/p>\n<p style=\"font-weight: 400; text-align: center;\"><strong>\u00a0<\/strong><strong>Tore \u2013 Unni<br \/>\n<\/strong><strong>John Inge \u2013 Solfrid<br \/>\n<\/strong><strong>Arvid \u2013 Merete<\/strong><strong>\u00a0<\/strong><\/p>\n<p style=\"font-weight: 400; text-align: center;\"><strong>Markus, Maya,<br \/>\n<\/strong><strong>Marte, Andreas <\/strong>\u2020, <strong>P\u00e5l,<br \/>\n<\/strong><strong>John og J\u00f8rn<\/strong><strong>\u00a0<\/strong><\/p>\n<p style=\"font-weight: 400; text-align: center;\"><strong>Oliver, Andrea, Sofie<br \/>\n<\/strong><strong>og Eline<\/strong><\/p>\n<p style=\"font-weight: 400; text-align: center;\"><strong>\u00d8vrige familie<\/strong><em>\u00a0<\/em><\/p>\n<p style=\"font-weight: 400; text-align: center;\"><em>Et hjerte av godhet<br \/>\n<\/em><em>har sluttet \u00e5 sl\u00e5.<br \/>\n<\/em><em>Vi unner deg hvile,<br \/>\n<\/em><em>men savner deg s\u00e5.<\/em><em>\u00a0<\/em><\/p>\n<p style=\"font-weight: 400; text-align: center;\">Begravelse fra Tingvoll kirke<br \/>\nonsdag 25. oktober kl. 12.00.<br \/>\nAlle er velkommen til kirken og<br \/>\ntil minnestund p\u00e5 menighetshuset.<\/p>\n<p style=\"font-weight: 400; text-align: center;\">Like kj\u00e6rt som blomster er en gave til<br \/>\nKreftforeningen.<br \/>\nMinnegave kan gis i kirken,<br \/>\nkontonr. 5005 05 05151<br \/>\nog p\u00e5 vippsnr. 2288.<br \/>\nMinnegaven merkes med Anders<br \/>\nsitt navn.<br \/>\n_____________________<br \/>\n16.10<br \/>\n<img loading=\"lazy\" decoding=\"async\" class=\"alignnone wp-image-1725\" src=\"https:\/\/tingvoll.net\/new\/wp-content\/uploads\/2022\/03\/kors_bue.png\" alt=\"\" width=\"39\" height=\"61\" srcset=\"https:\/\/tingvoll.net\/wp-content\/uploads\/2022\/03\/kors_bue.png 107w, https:\/\/tingvoll.net\/wp-content\/uploads\/2022\/03\/kors_bue-103x160.png 103w\" sizes=\"auto, (max-width: 39px) 100vw, 39px\" \/><\/p>\n<p style=\"font-weight: 400; text-align: center;\">V\u00e5r kj\u00e6re far, svigerfar,<br \/>\nmorfar, farfar, oldefar,<br \/>\nbror, svoger og onkel<strong>\u00a0<\/strong><\/p>\n<p style=\"font-weight: 400; text-align: center;\"><strong>Gunnar Holten<\/strong><\/p>\n<p style=\"font-weight: 400; text-align: center;\">f\u00f8dd 30. oktober 1938<br \/>\nsovna inn i dag.<br \/>\nKristiansund\/\u00d8ydegard<br \/>\n13. oktober 2023<strong>\u00a0<\/strong><\/p>\n<p style=\"font-weight: 400; text-align: center;\"><strong>Eli \u2013 Jarle<br \/>\n<\/strong><strong>Ingvald \u2013 Sonia<br \/>\n<\/strong><strong>Berit \u2013 Hedley<br \/>\n<\/strong><strong>Gunhild \u2013 Rune<\/strong><strong>\u00a0<\/strong><\/p>\n<p style=\"font-weight: 400; text-align: center;\"><strong>Silje Merete, Erlend, H\u00e5kon,<br \/>\n<\/strong><strong>Lars, Vegard, Magnus,<br \/>\n<\/strong><strong>Mathias, Halvor, Brage,<br \/>\n<\/strong><strong>Marcus og Martin<\/strong><strong>\u00a0<\/strong><\/p>\n<p style=\"font-weight: 400; text-align: center;\"><strong>Storm Aleksander<\/strong><\/p>\n<p style=\"font-weight: 400; text-align: center;\"><strong>\u00d8vrige familie<\/strong><em>\u00a0<\/em><\/p>\n<p style=\"font-weight: 400; text-align: center;\"><em>Du fant din stillhet, du fant din ro.<br \/>\n<\/em><em>To arbeidshender f\u00e5r kvile no. <\/em><\/p>\n<p style=\"font-weight: 400; text-align: center;\">Gravferd fr\u00e5 Straumsnes kyrkje<br \/>\nfredag 20. oktober kl. 12.00.<br \/>\nMinnestund p\u00e5 Menighetshuset<br \/>\netter gravferda.<br \/>\nLike kj\u00e6rt som blomster er ei g\u00e5ve til<br \/>\nKreftforeningen.<br \/>\nMinneg\u00e5va kan gis i kyrkja,<br \/>\nkontonr. 5005 05 05151 og vippsnr 2288.<br \/>\nG\u00e5va merkes med Gunnar sitt navn.<br \/>\n________________________<br \/>\n04.09<br \/>\n<img loading=\"lazy\" decoding=\"async\" class=\"alignnone wp-image-1725\" src=\"https:\/\/tingvoll.net\/new\/wp-content\/uploads\/2022\/03\/kors_bue.png\" alt=\"\" width=\"39\" height=\"61\" srcset=\"https:\/\/tingvoll.net\/wp-content\/uploads\/2022\/03\/kors_bue.png 107w, https:\/\/tingvoll.net\/wp-content\/uploads\/2022\/03\/kors_bue-103x160.png 103w\" sizes=\"auto, (max-width: 39px) 100vw, 39px\" \/><\/p>\n<p style=\"font-weight: 400; text-align: center;\">Min kj\u00e6re Gudmund,<br \/>\nv\u00e5r snille og omsorgsfulle far,<br \/>\nsvigerfar, bestefar,<br \/>\nmorfar, oldefar og onkel<\/p>\n<p style=\"font-weight: 400; text-align: center;\"><strong>Gudmund Romundstad<\/strong><strong>\u00a0<\/strong><\/p>\n<p style=\"font-weight: 400; text-align: center;\">f\u00f8dt 19. juni 1931,<br \/>\nsovnet stille inn i dag.<br \/>\nTingvoll<br \/>\n1. september 2023<\/p>\n<p style=\"font-weight: 400; text-align: center;\"><strong>Else<\/strong><\/p>\n<p style=\"font-weight: 400; text-align: center;\"><strong>Astrid \u2013 Arne<br \/>\n<\/strong><strong>Tove \u2013 Tony<br \/>\n<\/strong><strong>Per Dagfinn \u2013 Ludmila<br \/>\n<\/strong><strong>Marit \u2013 Arnar<\/strong><strong>\u00a0<\/strong><\/p>\n<p style=\"font-weight: 400; text-align: center;\"><strong>Monika, Silje, Marte,<br \/>\n<\/strong><strong>Krister, Lars, Kristin,<br \/>\n<\/strong><strong>Line, Elisa og Jan Einar<\/strong><strong>\u00a0<\/strong><\/p>\n<p style=\"font-weight: 400; text-align: center;\"><strong>Sameer, Matilda, Josephine,<br \/>\n<\/strong><strong>Marius, Johanne og Laurence<\/strong><\/p>\n<p style=\"font-weight: 400; text-align: center;\"><strong>\u00d8vrige familie<\/strong><\/p>\n<p style=\"font-weight: 400; text-align: center;\"><em>\u00a0<\/em><em>Men \u00e6n g\u00e5ng v\u00e6t e at lannje tek me<br \/>\n<\/em><em>Me v\u00e5rkvelljssalme s\u00e5 varmt i favn<br \/>\n<\/em><em>\u00c5 bli e rimlaus s\u00e5 ennj\u00e5 r\u00e6k e<br \/>\n<\/em><em>P\u00e5 Nordm\u00f8rsv\u00e6g\u00e5 \u00e5 finnj me hamn<\/em><\/p>\n<p style=\"font-weight: 400; text-align: center;\">Begravelse fra Straumsnes kirke<br \/>\nonsdag 13. september kl. 12.00.<br \/>\nAlle er velkommen til kirken og til minnestund<br \/>\np\u00e5 menighetshuset.<br \/>\nLike kj\u00e6rt som blomster er en gave til<br \/>\nhjemmesykepleien ytre.<br \/>\nGaven kan gis i kirken og p\u00e5<br \/>\nvippsnr. 40889024.<br \/>\n_____________________<br \/>\n28.08<br \/>\n<img loading=\"lazy\" decoding=\"async\" class=\"alignnone wp-image-1725\" src=\"https:\/\/tingvoll.net\/new\/wp-content\/uploads\/2022\/03\/kors_bue.png\" alt=\"\" width=\"39\" height=\"61\" srcset=\"https:\/\/tingvoll.net\/wp-content\/uploads\/2022\/03\/kors_bue.png 107w, https:\/\/tingvoll.net\/wp-content\/uploads\/2022\/03\/kors_bue-103x160.png 103w\" sizes=\"auto, (max-width: 39px) 100vw, 39px\" \/><br \/>\nV\u00e5r alles kj\u00e6re<\/p>\n<p style=\"font-weight: 400; text-align: center;\"><strong>Tove Fl\u00f8ystad<\/strong><\/p>\n<p style=\"font-weight: 400; text-align: center;\">f\u00f8dt 23. desember 1948,<br \/>\nd\u00f8de fra oss i dag.<br \/>\nKristiansund<br \/>\n21. august 2023<\/p>\n<p style=\"font-weight: 400; text-align: center;\"><strong>\u00c5shild \u2013 Bjarne<br \/>\n<\/strong><strong>Oluf \u2013 Vigdis<\/strong><\/p>\n<p style=\"font-weight: 400; text-align: center;\"><strong>Tantebarn<\/strong><\/p>\n<p style=\"font-weight: 400; text-align: center;\"><strong>\u00d8vrige familie<\/strong><\/p>\n<p style=\"font-weight: 400; text-align: center;\"><em>Snill og god du var til det siste,<br \/>\n<\/em><em>derfor s\u00e5 inderlig tung \u00e5 miste.<br \/>\n<\/em><em>Takk for alle gode minner.<\/em><em>\u00a0<\/em><\/p>\n<p style=\"font-weight: 400; text-align: center;\">Bisettelse i Straumsnes kirke<br \/>\nfredag 1. september kl. 12.00.<\/p>\n<p style=\"font-weight: 400; text-align: center;\">Like kj\u00e6rt som blomster er en gave til<br \/>\nSanitetsforeningen i Kristiansund og<br \/>\nGode verdier.<br \/>\nMinnegave kan gis i kirken<br \/>\nog p\u00e5 vippsnr. 92638667.<\/p>\n<p style=\"font-weight: 400; text-align: center;\">S\u00f8rgeh\u00f8ytiden avsluttes i kirken.<br \/>\n________________________<br \/>\n21.08<br \/>\n<img loading=\"lazy\" decoding=\"async\" class=\"alignnone wp-image-1725\" src=\"https:\/\/tingvoll.net\/new\/wp-content\/uploads\/2022\/03\/kors_bue.png\" alt=\"\" width=\"39\" height=\"61\" srcset=\"https:\/\/tingvoll.net\/wp-content\/uploads\/2022\/03\/kors_bue.png 107w, https:\/\/tingvoll.net\/wp-content\/uploads\/2022\/03\/kors_bue-103x160.png 103w\" sizes=\"auto, (max-width: 39px) 100vw, 39px\" \/><br \/>\nMin Judy, v\u00e5r kj\u00e6re mamma,<br \/>\nsvigermor, svigerinne og tante<\/p>\n<p style=\"font-weight: 400; text-align: center;\"><strong>Judy Stomsvik Storset<\/strong><\/p>\n<p style=\"font-weight: 400; text-align: center;\">f\u00f8dt 22. oktober 1950,<br \/>\nsovnet stille inn i heimen<br \/>\netter kort tids sykdom.<br \/>\nTingvoll<br \/>\n20. august 2023<\/p>\n<p style=\"font-weight: 400; text-align: center;\"><strong>Bjarne<\/strong><\/p>\n<p style=\"font-weight: 400; text-align: center;\"><strong>\u00a0<\/strong><strong>Leif Arne \u2013 Douwe<br \/>\n<\/strong><strong>Jan<br \/>\n<\/strong><strong>Erlend<\/strong><\/p>\n<p style=\"font-weight: 400; text-align: center;\"><strong>\u00d8vrige familie<\/strong><\/p>\n<p style=\"font-weight: 400; text-align: center;\"><em>Time\u2019s too short for those who fear,<br \/>\n<\/em><em>\u00a0too long for those who mourn.<br \/>\n<\/em><em>For those who love, time is not.<\/em><\/p>\n<p style=\"font-weight: 400; text-align: center;\"><em>\u00a0<\/em>Bisettelse i Tingvoll kirke<br \/>\nfredag 25. august kl. 12.00.<\/p>\n<p style=\"font-weight: 400; text-align: center;\">Alle er velkommen til kirken og til<br \/>\nminnestund p\u00e5 menighetshuset.<br \/>\nLike kj\u00e6rt som blomster er en gave til<br \/>\nNormisjon region M\u00f8re.<br \/>\nMinnegave kan gis i kirken,<br \/>\nvippsnr. 92451100<br \/>\n<span style=\"font-weight: 400;\">og kontonr. 1503 02 13537.<\/span><br \/>\n________________________<br \/>\n14.08<br \/>\n<img loading=\"lazy\" decoding=\"async\" class=\"alignnone wp-image-1725\" src=\"https:\/\/tingvoll.net\/new\/wp-content\/uploads\/2022\/03\/kors_bue.png\" alt=\"\" width=\"39\" height=\"61\" srcset=\"https:\/\/tingvoll.net\/wp-content\/uploads\/2022\/03\/kors_bue.png 107w, https:\/\/tingvoll.net\/wp-content\/uploads\/2022\/03\/kors_bue-103x160.png 103w\" sizes=\"auto, (max-width: 39px) 100vw, 39px\" \/><\/p>\n<p style=\"font-weight: 400; text-align: center;\">Min kj\u00e6re Birgit, v\u00e5r gode mamma,<br \/>\nsvigermor, omsorgsfulle bestemor<br \/>\nog farmor, s\u00f8ster, svigerinne og tante<\/p>\n<p style=\"font-weight: 400; text-align: center;\"><strong>Birgit Louise Saltbones<\/strong><\/p>\n<p style=\"font-weight: 400; text-align: center;\">f\u00f8dt 19. mars 1944,<br \/>\nsovnet stille inn i troen<br \/>\np\u00e5 Jesus.<br \/>\nKristiansund\/Tingvoll<br \/>\n13. august 2023<\/p>\n<p style=\"font-weight: 400; text-align: center;\"><strong>Tore<\/strong><\/p>\n<p style=\"font-weight: 400; text-align: center;\"><strong>Arnhild \u2013 Odd Arne<br \/>\n<\/strong><strong>Torunn \u2013 Jostein<br \/>\n<\/strong><strong>Olav \u2013 Elisabeth<\/strong><strong>\u00a0<\/strong><\/p>\n<p style=\"font-weight: 400; text-align: center;\"><strong>Ane, Lina, Odne,<br \/>\n<\/strong><strong>Johanne Louise og Sigurd<\/strong><\/p>\n<p style=\"font-weight: 400; text-align: center;\"><strong>\u00d8vrige familie<\/strong><\/p>\n<p style=\"font-weight: 400; text-align: center;\"><em>Jeg er i Herrens hender<\/em><\/p>\n<p style=\"font-weight: 400; text-align: center;\">Bisettelse i Tingvoll kirke<br \/>\nfredag 18. august kl. 12.00.<\/p>\n<p style=\"font-weight: 400; text-align: center;\">Alle er velkommen til kirken og til<br \/>\nminnestund p\u00e5 menighetshuset.<\/p>\n<p style=\"font-weight: 400; text-align: center;\">Like kj\u00e6rt som blomster er en gave til<br \/>\nBirgits pleiepersonale i Kristiansund<br \/>\nog p\u00e5 Tingvoll.<br \/>\nMinnegave kan gis i kirken og p\u00e5<br \/>\n<span style=\"font-weight: 400;\">kontonr. 36107595508.<br \/>\n________________________<br \/>\n02.08<br \/>\n<img loading=\"lazy\" decoding=\"async\" class=\"alignnone wp-image-1725\" src=\"https:\/\/tingvoll.net\/new\/wp-content\/uploads\/2022\/03\/kors_bue.png\" alt=\"\" width=\"39\" height=\"61\" srcset=\"https:\/\/tingvoll.net\/wp-content\/uploads\/2022\/03\/kors_bue.png 107w, https:\/\/tingvoll.net\/wp-content\/uploads\/2022\/03\/kors_bue-103x160.png 103w\" sizes=\"auto, (max-width: 39px) 100vw, 39px\" \/><br \/>\nV\u00e5r kj\u00e6re bror, svoger<br \/>\nog onkel<\/span><\/p>\n<p style=\"text-align: center;\"><strong>Bjarte Holmeide<\/strong><\/p>\n<p style=\"text-align: center;\">f\u00f8dt 15.mai 1944<br \/>\nsovnet stille inn i da.<br \/>\nTingvoll<br \/>\n2. august 2023.<\/p>\n<p style=\"text-align: center;\"><strong>Arve \u00a0 \u00a0 \u00a0 \u00a0 \u00a0 \u00a0 \u00a0 \u00a0 \u00a0 \u00a0 \u00a0 \u00a0 \u00a0\u00a0<\/strong><br \/>\n<strong>Margaret &#8211; Steinar<\/strong><br \/>\n<strong>Steinar &#8211; Ragnhild<\/strong><\/p>\n<p style=\"font-weight: 400; text-align: center;\"><span style=\"font-weight: 400;\"><strong>Roy<\/strong><\/span><\/p>\n<p style=\"text-align: center;\"><strong>\u00d8vrige familie<\/strong><\/p>\n<p style=\"text-align: center;\">Begravelse fra Tingvoll kirke<br \/>\nFredag 11. august kl 12:00.<\/p>\n<p style=\"text-align: center;\">S\u00f8rgeh\u00f8ytideligheten avsluttes ved graven.<br \/>\n________________________<br \/>\n19.07<br \/>\n<img loading=\"lazy\" decoding=\"async\" class=\"alignnone wp-image-1725\" src=\"https:\/\/tingvoll.net\/new\/wp-content\/uploads\/2022\/03\/kors_bue.png\" alt=\"\" width=\"39\" height=\"61\" srcset=\"https:\/\/tingvoll.net\/wp-content\/uploads\/2022\/03\/kors_bue.png 107w, https:\/\/tingvoll.net\/wp-content\/uploads\/2022\/03\/kors_bue-103x160.png 103w\" sizes=\"auto, (max-width: 39px) 100vw, 39px\" \/><\/p>\n<p style=\"font-weight: 400; text-align: center;\">Min kj\u00e6re mamma, bestemor,<br \/>\ns\u00f8ster, svigerinne og tante<\/p>\n<p style=\"font-weight: 400; text-align: center;\"><strong>Elsa Marie Meisingset<\/strong><\/p>\n<p style=\"font-weight: 400; text-align: center;\">f\u00f8dt <strong>Nordg\u00e5rd<br \/>\n<\/strong>10. mars 1940,<br \/>\nsovnet stille inn i dag.<br \/>\nTingvoll<br \/>\n17. juli 2023<\/p>\n<p style=\"font-weight: 400; text-align: center;\"><strong>Frode<\/strong><\/p>\n<p style=\"font-weight: 400; text-align: center;\"><strong>Eddie<\/strong><\/p>\n<p style=\"font-weight: 400; text-align: center;\"><strong>\u00d8vrige familie<\/strong><\/p>\n<p style=\"font-weight: 400; text-align: center;\">Bisettelse i Tingvoll kirke<br \/>\nonsdag 26. juli kl. 12.00.<br \/>\nLike kj\u00e6rt som blomster er en gave til<br \/>\nKreftforeningen til forskning av<br \/>\nh\u00f8yspentledninger og kreft.<br \/>\nS\u00f8rgeh\u00f8ytideligheten avsluttes i kirken.<br \/>\n________________________<br \/>\n17.07<br \/>\n<img loading=\"lazy\" decoding=\"async\" class=\"alignnone wp-image-1725\" src=\"https:\/\/tingvoll.net\/new\/wp-content\/uploads\/2022\/03\/kors_bue.png\" alt=\"\" width=\"39\" height=\"61\" srcset=\"https:\/\/tingvoll.net\/wp-content\/uploads\/2022\/03\/kors_bue.png 107w, https:\/\/tingvoll.net\/wp-content\/uploads\/2022\/03\/kors_bue-103x160.png 103w\" sizes=\"auto, (max-width: 39px) 100vw, 39px\" \/><\/p>\n<p style=\"font-weight: 400; text-align: center;\">V\u00e5r kj\u00e6re mor, svigermor, snille bestemor,<br \/>\noldemor, svigerinne og tante<\/p>\n<p style=\"font-weight: 400; text-align: center;\"><strong>Marta Skjevling<\/strong><\/p>\n<p style=\"text-align: center;\">f\u00f8dt <strong>Nastad<br \/>\n<\/strong>22. september 1927,<br \/>\nsovnet stille inn i dag.<br \/>\nKristiansund\/Einset<br \/>\n13. juli 2023<\/p>\n<p style=\"text-align: center;\"><strong>Olav \u2013 Inggjerd<br \/>\n<\/strong><strong>Tore \u2013 Anne Marie<br \/>\n<\/strong><strong>Gudmund<br \/>\n<\/strong><strong>Gudrun \u2013 Gudmund<br \/>\n<\/strong><strong>\u00d8yvin \u00a0\u2013 \u00a0Gunni<\/strong><\/p>\n<p style=\"font-weight: 400; text-align: center;\"><strong>\u00a0<\/strong><strong>Vegar, Lene, Espen,<br \/>\n<\/strong><strong>J\u00f8rgen, Toril og \u00d8ystein<\/strong><\/p>\n<p style=\"font-weight: 400; text-align: center;\"><strong>Eira, Saga, Kasper,<br \/>\n<\/strong><strong>Maren Sofie, Ailo, \u00c5dne og Irja<\/strong><\/p>\n<p style=\"font-weight: 400; text-align: center;\"><strong>\u00d8vrige familie<\/strong><\/p>\n<p style=\"font-weight: 400; text-align: center;\"><em>Takk for alt du har v\u00e6rt for oss.<br \/>\n<\/em><em>Hvil i fred.<\/em><em>\u00a0<\/em><\/p>\n<p style=\"font-weight: 400; text-align: center;\">Begravelse fra Straumsnes kirke<br \/>\nfredag 21. juli kl. 12.00.<\/p>\n<p style=\"text-align: center;\">Alle er velkommen til kirken og til<br \/>\nminnestund p\u00e5 menighetshuset.<br \/>\nLike kj\u00e6rt som blomster er en gave til<br \/>\nhjemmesykepleien Tingvoll ytre.<br \/>\nMinnegave kan gis i kirken og p\u00e5<br \/>\nvippsnr. 99694565.<br \/>\n________________________<br \/>\n10.07<\/p>\n<p style=\"font-weight: 400; text-align: center;\"><img loading=\"lazy\" decoding=\"async\" class=\"alignnone size-full wp-image-1721\" src=\"https:\/\/tingvoll.net\/new\/wp-content\/uploads\/2022\/03\/rose.png\" alt=\"\" width=\"97\" height=\"72\" \/><br \/>\nMin kj\u00e6re Leif, v\u00e5r snille<br \/>\nog omsorgsfulle pappa, svigerfar,<br \/>\nmorfar, farfar, oldefar, bror,<br \/>\nsvoger og onkel<\/p>\n<p style=\"font-weight: 400; text-align: center;\"><strong>Leif V\u00e5gen<\/strong><\/p>\n<p style=\"font-weight: 400; text-align: center;\">f\u00f8dt 5. april 1945,<br \/>\nsovnet stille inn i dag.<br \/>\nTingvoll<br \/>\n8. juli 2023<\/p>\n<p style=\"font-weight: 400; text-align: center;\"><strong>Eva<\/strong><\/p>\n<p style=\"font-weight: 400; text-align: center;\"><strong>Geir \u2013 Randi<br \/>\n<\/strong><strong>Tove \u2013 Stig<br \/>\n<\/strong><strong>Mette \u2013 St\u00e5le<br \/>\n<\/strong><strong>Ivar \u2013 Wenke<br \/>\n<\/strong><strong>Nina \u2013 Endre<\/strong><strong>\u00a0<\/strong><\/p>\n<p style=\"font-weight: 400; text-align: center;\"><strong>Stian, Espen, Chris, Endre,<br \/>\n<\/strong><strong>Emil, Odd Martin, Tonje,<br \/>\n<\/strong><strong>Hanne, Runar, Hilde,<br \/>\n<\/strong><strong>Anna, Mina og Marte<\/strong><strong>\u00a0<\/strong><\/p>\n<p style=\"font-weight: 400; text-align: center;\"><strong>Tuva, Leon, Isak, Emilie,<br \/>\n<\/strong><strong>Odin, Caroline og Linnea<\/strong><\/p>\n<p style=\"font-weight: 400; text-align: center;\"><strong>Mary &#8211; Jostein<\/strong><strong>\u00a0<\/strong><\/p>\n<p style=\"font-weight: 400; text-align: center;\"><strong>\u00d8vrige familie<\/strong><em>\u00a0<\/em><\/p>\n<p style=\"font-weight: 400; text-align: center;\"><em>Takk for gode minner.<\/em><em>\u00a0<\/em><\/p>\n<p style=\"font-weight: 400; text-align: center;\">Bisettelse i Tingvoll kirke<br \/>\nonsdag 19. juli kl. 12.00.<\/p>\n<p style=\"font-weight: 400; text-align: center;\">Like kj\u00e6rt som blomster er en gave til<br \/>\nhjemmesykepleien indre.<br \/>\nMinnegave kan gis i kirken og p\u00e5<br \/>\nvippsnr. 47413453.<\/p>\n<p style=\"font-weight: 400; text-align: center;\">S\u00f8rgeh\u00f8ytideligheten avsluttes i kirken.<br \/>\n________________________<br \/>\n07.07<br \/>\n<img loading=\"lazy\" decoding=\"async\" class=\"alignnone wp-image-1725\" src=\"https:\/\/tingvoll.net\/new\/wp-content\/uploads\/2022\/03\/kors_bue.png\" alt=\"\" width=\"39\" height=\"61\" srcset=\"https:\/\/tingvoll.net\/wp-content\/uploads\/2022\/03\/kors_bue.png 107w, https:\/\/tingvoll.net\/wp-content\/uploads\/2022\/03\/kors_bue-103x160.png 103w\" sizes=\"auto, (max-width: 39px) 100vw, 39px\" \/><br \/>\nV\u00e5r kj\u00e6re gode omsorgsfulle<br \/>\nmamma og besta, oldemor,<br \/>\nsvigermor, s\u00f8ster, svigerinne og tante<\/p>\n<p style=\"font-weight: 400; text-align: center;\"><strong>Gudrun Eline Or\u00f8<\/strong><\/p>\n<p style=\"font-weight: 400; text-align: center;\">f\u00f8dt <strong>Skar<br \/>\n<\/strong>3. juli 1932,<br \/>\nsovnet stille inn i dag.<br \/>\nTingvoll<br \/>\n4. juli 2023<\/p>\n<p style=\"font-weight: 400; text-align: center;\"><strong>Guri Britt \u2013 \u00c5smund<br \/>\n<\/strong><strong>Margrete<br \/>\n<\/strong><strong>\u00a0 \u00a0 \u00a0 \u00a0 \u00a0 \u00a0 \u00a0 \u00a0 \u00a0 \u00a0Peder \u00a0 \u00a0 \u00a0 \u00a0 \u00a0 \u00a0 \u00a0 \u00a0 \u00a0 \u00a0 \u00a0 \u00a0 \u00a0\u00a0<\/strong><\/p>\n<p style=\"font-weight: 400; text-align: center;\"><strong>Linn Therese, Per Magne,<br \/>\n<\/strong><strong>Erlend, Kristin, Aina,<br \/>\n<\/strong><strong>Erling, Lasse, Hallvar og<br \/>\n<\/strong><strong>Kristoffer<\/strong><strong>\u00a0<\/strong><\/p>\n<p style=\"font-weight: 400; text-align: center;\"><strong>Leah, Kendrick, Ellie, Emil,<br \/>\n<\/strong><strong>Martine, John Henrik, Maja,<br \/>\n<\/strong><strong>Ada, Live og Liam <\/strong><strong>\u00a0<\/strong><\/p>\n<p style=\"font-weight: 400; text-align: center;\"><strong>Oddlaug<br \/>\n<\/strong>(s\u00f8ster)<\/p>\n<p style=\"font-weight: 400; text-align: center;\"><strong>\u00d8vrige familie<\/strong><em>\u00a0<\/em><\/p>\n<p style=\"font-weight: 400; text-align: center;\"><em>Salig er den som n\u00e5r alt farer hen.<br \/>\n<\/em><em>Har Jesus og himmelen igjen.<\/em><\/p>\n<p style=\"font-weight: 400; text-align: center;\">Begravelse fra Tingvoll kirke<br \/>\nfredag 14. juli kl. 12.00.<br \/>\nB\u00e5ren f\u00f8res til Hanem gravsted<br \/>\nfor jordp\u00e5kastelse.<\/p>\n<p style=\"font-weight: 400; text-align: center;\">Alle er velkommen til kirken og<br \/>\ntil minnestund p\u00e5 menighetshuset.<br \/>\n________________________<br \/>\n22.06<br \/>\n<img loading=\"lazy\" decoding=\"async\" class=\"alignnone wp-image-1725\" src=\"https:\/\/tingvoll.net\/new\/wp-content\/uploads\/2022\/03\/kors_bue.png\" alt=\"\" width=\"39\" height=\"61\" srcset=\"https:\/\/tingvoll.net\/wp-content\/uploads\/2022\/03\/kors_bue.png 107w, https:\/\/tingvoll.net\/wp-content\/uploads\/2022\/03\/kors_bue-103x160.png 103w\" sizes=\"auto, (max-width: 39px) 100vw, 39px\" \/><\/p>\n<p style=\"font-weight: 400; text-align: center;\">Min kj\u00e6re Eva, v\u00e5r snille mor,<br \/>\nsvigermor, besta, s\u00f8ster,<br \/>\nsvigerinne og tante<\/p>\n<p style=\"font-weight: 400; text-align: center;\"><strong>Eva Betten<\/strong><\/p>\n<p style=\"font-weight: 400; text-align: center;\">f\u00f8dt 17. september 1955,<br \/>\nsovnet stille inn i dag.<br \/>\n\u00d8ydegard<br \/>\n20. juni 2023<\/p>\n<p style=\"font-weight: 400; text-align: center;\"><strong>Einar<\/strong><strong>\u00a0<\/strong><\/p>\n<p style=\"font-weight: 400; text-align: center;\"><strong>Inge Gj\u00f8ran \u2013 Siv Grete<br \/>\n<\/strong><strong>Solbj\u00f8rg \u2013 Oddbj\u00f8rn<br \/>\n<\/strong><strong>Thomas \u2013 Mona<br \/>\n<\/strong><strong>Unni \u2013 Endre<\/strong><strong>\u00a0<\/strong><\/p>\n<p style=\"font-weight: 400; text-align: center;\"><strong>Sondre, Syver, Emma,<br \/>\n<\/strong><strong>Tim og Tea<\/strong><\/p>\n<p style=\"font-weight: 400; text-align: center;\"><strong>\u00d8vrige familie<\/strong><\/p>\n<p style=\"font-weight: 400; text-align: center;\"><em>\u00a0<\/em><em>Grip dagen.<\/em><em>\u00a0<\/em><\/p>\n<p style=\"font-weight: 400; text-align: center;\">Bisettelse i Straumsnes kirke<br \/>\nonsdag 28. juni kl. 12.00.<\/p>\n<p style=\"font-weight: 400; text-align: center;\">Like kj\u00e6rt som blomster er en gave til<br \/>\nhjemmesykepleien ytre.<br \/>\nVippsnr. 90650969.<br \/>\nGave kan ogs\u00e5 gis i kirken.<br \/>\nS\u00f8rgeh\u00f8ytideligheten avsluttes i kirken.<br \/>\n________________________<br \/>\n06.06<br \/>\n<img loading=\"lazy\" decoding=\"async\" class=\"alignnone size-full wp-image-22007\" src=\"https:\/\/tingvoll.net\/new\/wp-content\/uploads\/2023\/06\/gnokkel.jpeg\" alt=\"\" width=\"39\" height=\"40\" \/><br \/>\nMin kj\u00e6re Knut, v\u00e5r gode snille pappa,<br \/>\nsvigerfar, bestefar, oldefar,<br \/>\nbror, svoger og onkel<\/p>\n<p style=\"font-weight: 400; text-align: center;\"><strong>Knut Koksvik<\/strong><\/p>\n<p style=\"font-weight: 400; text-align: center;\">f\u00f8dt 3. august 1941,<br \/>\nd\u00f8de fra oss i dag.<br \/>\nTingvoll<br \/>\n4. juni 2023<\/p>\n<p style=\"font-weight: 400; text-align: center;\"><strong>Mary<\/strong><\/p>\n<p style=\"font-weight: 400; text-align: center;\"><strong>Anne Kristin \u2013 Arve<br \/>\n<\/strong><strong>Tone \u2013 Bj\u00f8rn<br \/>\n<\/strong><strong>Kjell \u00a0 \u00a0 \u00a0 \u00a0 \u00a0 \u00a0 \u00a0 \u00a0<\/strong><\/p>\n<p style=\"font-weight: 400; text-align: center;\"><strong>Barnebarn<\/strong><\/p>\n<p style=\"font-weight: 400; text-align: center;\"><strong>Oldebarn<\/strong><\/p>\n<p style=\"font-weight: 400; text-align: center;\"><strong>\u00d8vrige familie<\/strong><\/p>\n<p style=\"font-weight: 400; text-align: center;\"><em>S\u00e5 tung \u00e5 miste.<br \/>\n<\/em><em>S\u00e5 kj\u00e6r.<br \/>\n<\/em><em>Du vil alltid v\u00e6re i v\u00e5re hjerter. <\/em><em>\u00a0<\/em><\/p>\n<p style=\"font-weight: 400; text-align: center;\">Bisettelse i Tingvoll kirke<br \/>\nfredag 9. juni kl. 12.00.<\/p>\n<p style=\"font-weight: 400; text-align: center;\">Like kj\u00e6rt som blomster er en gave til<br \/>\nTingvoll musikkorps.<br \/>\nS\u00f8rgeh\u00f8ytideligheten avsluttes i kirken.<br \/>\nVennligst ingen kondolanse.<br \/>\n_____________________________________<br \/>\n02.06<br \/>\n<img loading=\"lazy\" decoding=\"async\" class=\"alignnone wp-image-1725\" src=\"https:\/\/tingvoll.net\/new\/wp-content\/uploads\/2022\/03\/kors_bue.png\" alt=\"\" width=\"39\" height=\"61\" srcset=\"https:\/\/tingvoll.net\/wp-content\/uploads\/2022\/03\/kors_bue.png 107w, https:\/\/tingvoll.net\/wp-content\/uploads\/2022\/03\/kors_bue-103x160.png 103w\" sizes=\"auto, (max-width: 39px) 100vw, 39px\" \/><br \/>\nV\u00e5r kj\u00e6re s\u00f8ster, svigerinne<br \/>\nog tante<\/p>\n<p style=\"font-weight: 400; text-align: center;\"><strong>Brit Marie S\u00e6ther<\/strong><\/p>\n<p style=\"font-weight: 400; text-align: center;\">f\u00f8dt <strong>Holten<br \/>\n<\/strong>21. juli 1942,<br \/>\nd\u00f8de fra oss i dag.<br \/>\nTingvoll<br \/>\n31. mai 2023<\/p>\n<p style=\"font-weight: 400; text-align: center;\"><strong>Liv Peggy<br \/>\n<\/strong><strong>Lars Jostein \u2013 Synn\u00f8ve<br \/>\n<\/strong><strong>Bj\u00f8rg \u2013 Lars<\/strong><strong>\u00a0<\/strong><\/p>\n<p style=\"font-weight: 400; text-align: center;\"><strong>Nieser og nev\u00f8er<\/strong><\/p>\n<p style=\"font-weight: 400; text-align: center;\"><strong>\u00d8vrige familie<\/strong><em>\u00a0<\/em><\/p>\n<p style=\"font-weight: 400; text-align: center;\"><em>S\u00e5 kom dagen og siste timen,<br \/>\n<\/em><em>livets vei ved ende var.<br \/>\n<\/em><em>Takk for \u00e5r og alle stunder,<br \/>\n<\/em><em>takk for alt du for oss var.<\/em><em>\u00a0<\/em><\/p>\n<p style=\"font-weight: 400; text-align: center;\">Bisettelse i Tingvoll kirke<br \/>\nonsdag 7. juni kl. 12.00.<\/p>\n<p style=\"font-weight: 400; text-align: center;\">S\u00f8rgeh\u00f8ytideligheten avsluttes i kirken.<br \/>\n_____________________________________<br \/>\n22.05<br \/>\n<img loading=\"lazy\" decoding=\"async\" class=\"alignnone wp-image-1725\" src=\"https:\/\/tingvoll.net\/new\/wp-content\/uploads\/2022\/03\/kors_bue.png\" alt=\"\" width=\"39\" height=\"61\" srcset=\"https:\/\/tingvoll.net\/wp-content\/uploads\/2022\/03\/kors_bue.png 107w, https:\/\/tingvoll.net\/wp-content\/uploads\/2022\/03\/kors_bue-103x160.png 103w\" sizes=\"auto, (max-width: 39px) 100vw, 39px\" \/><br \/>\nMin kj\u00e6re Hildur<br \/>\nv\u00e5r kj\u00e6re mor, svigermor,<br \/>\nbestemor, oldemor, s\u00f8ster<br \/>\nog tante<\/p>\n<p style=\"font-weight: 400; text-align: center;\"><strong style=\"font-weight: 400;\">Hildur Karin\u00a0<\/strong><b>Frisnes<\/b><\/p>\n<p style=\"font-weight: 400; text-align: center;\">f\u00f8dt 17. september 1939,<br \/>\nsovnet stille inn med sine kj\u00e6re rundt seg.<br \/>\nKristiansund\/Tingvoll<br \/>\n19. mai 2023<\/p>\n<p style=\"font-weight: 400; text-align: center;\"><strong>Martinus<br \/>\n<\/strong>(venn)<\/p>\n<p style=\"font-weight: 400; text-align: center;\"><strong>Gunn Marie<br \/>\nTove Helen \u2013 Arne<br \/>\n<\/strong><strong>Aslaug \u2013 Nils<br \/>\nAnita \u2013 Erling<br \/>\n<\/strong><strong>Roar &#8211; Gunn Elisabeth<\/strong><strong>\u00a0<\/strong><\/p>\n<p style=\"font-weight: 400; text-align: center;\"><strong>Harry<br \/>\n<\/strong>(bror)<\/p>\n<p style=\"font-weight: 400; text-align: center;\"><strong>Tommy, Tony, Trude, Marius, Espen, Petter,<br \/>\nMaren, Iona Malene, Amalie, Sarah Elisabeth<br \/>\n<\/strong>(barnebarn)<\/p>\n<p style=\"font-weight: 400; text-align: center;\"><strong>Oldebarn<\/strong><strong>\u00a0<\/strong><\/p>\n<p style=\"font-weight: 400; text-align: center;\"><strong>\u00d8vrige familie<\/strong><em>\u00a0<\/em><\/p>\n<p style=\"font-weight: 400; text-align: center;\"><em>Det lei mot natt og sol var g\u00e5tt ned.<br \/>\nDitt hjerte stillnet og du fikk fred.<\/em><\/p>\n<p style=\"font-weight: 400; text-align: center;\"><em>\u00a0<\/em>Bisettelse i Tingvoll kirke<br \/>\nonsdag 31. mai kl. 12.00.<br \/>\nS\u00f8rgeh\u00f8ytideligheten avsluttes i kirken.<br \/>\n______________________________________<br \/>\n12.05<br \/>\n<img loading=\"lazy\" decoding=\"async\" class=\"alignnone wp-image-1725\" src=\"https:\/\/tingvoll.net\/new\/wp-content\/uploads\/2022\/03\/kors_bue.png\" alt=\"\" width=\"39\" height=\"61\" srcset=\"https:\/\/tingvoll.net\/wp-content\/uploads\/2022\/03\/kors_bue.png 107w, https:\/\/tingvoll.net\/wp-content\/uploads\/2022\/03\/kors_bue-103x160.png 103w\" sizes=\"auto, (max-width: 39px) 100vw, 39px\" \/><br \/>\nMin kj\u00e6re mann, min pappa,<br \/>\nsvigerfar, bestefar<\/p>\n<p style=\"font-weight: 400; text-align: center;\"><strong>Per Arne Andresen<\/strong><\/p>\n<p style=\"font-weight: 400; text-align: center;\">f\u00f8dt 8. mars 1938,<br \/>\nsovnet stille inn i dag.<br \/>\nKristiansund\/Ulset<br \/>\n9. mai 2023<\/p>\n<p style=\"font-weight: 400; text-align: center;\"><strong>Petra<\/strong><\/p>\n<p style=\"font-weight: 400; text-align: center;\"><strong>Bente \u2013 Jon Kristian<\/strong><\/p>\n<p style=\"text-align: center;\"><strong>Maren \u2013 Joachim<br \/>\n<\/strong><strong>Siren \u2013 Jon Gunnar<br \/>\n<\/strong><strong style=\"font-size: inherit;\">Loke \u00a0 \u00a0 \u00a0 \u00a0 \u00a0 \u00a0 \u00a0 \u00a0 \u00a0 \u00a0 \u00a0 \u00a0 \u00a0<\/strong><strong><br \/>\n<\/strong><\/p>\n<p style=\"font-weight: 400; text-align: center;\"><em>\u00a0<\/em><em>No ser eg atter slike<br \/>\n<\/em><em>fjell og dalar.<\/em><\/p>\n<p style=\"font-weight: 400; text-align: center;\">Bisettelse i Straumsnes kirke<br \/>\nonsdag 24. mai kl. 12.00.<\/p>\n<p style=\"font-weight: 400; text-align: center;\">Like kj\u00e6rt som blomster er en gave til<br \/>\nDen norske turistforeningen, Rondane.<br \/>\nKontonr. 7874 06 22667<br \/>\nVipps 108674<br \/>\nGaven merkes med Per Arne sitt navn.<\/p>\n<p style=\"text-align: center;\">S\u00f8rgeh\u00f8ytideligheten avsluttes i kirken.<br \/>\n_____________________________________________<br \/>\n13.04<br \/>\n<img loading=\"lazy\" decoding=\"async\" class=\"alignnone wp-image-1725\" src=\"https:\/\/tingvoll.net\/new\/wp-content\/uploads\/2022\/03\/kors_bue.png\" alt=\"\" width=\"39\" height=\"61\" srcset=\"https:\/\/tingvoll.net\/wp-content\/uploads\/2022\/03\/kors_bue.png 107w, https:\/\/tingvoll.net\/wp-content\/uploads\/2022\/03\/kors_bue-103x160.png 103w\" sizes=\"auto, (max-width: 39px) 100vw, 39px\" \/><br \/>\nMin kj\u00e6re hjelpsomme pappa,<br \/>\nsvigerfar, snille bestefar, svoger<br \/>\nog onkel<\/p>\n<p style=\"font-weight: 400; text-align: center;\"><strong>Anders Koksvik<\/strong><\/p>\n<p style=\"font-weight: 400; text-align: center;\">f\u00f8dt 10. desember 1941,<br \/>\nsovnet stille inn i dag.<br \/>\nKristiansund\/Tingvoll<br \/>\n11. april 2023<\/p>\n<p style=\"font-weight: 400; text-align: center;\"><strong>Lars Erling \u2013 Anne Nora<\/strong><\/p>\n<p style=\"font-weight: 400; text-align: center;\"><strong>\u00a0<\/strong><strong>Sigurd<br \/>\n<\/strong><strong>Adrian<\/strong><\/p>\n<p style=\"font-weight: 400; text-align: center;\"><strong>\u00d8vrige familie<\/strong><\/p>\n<p style=\"font-weight: 400; text-align: center;\"><em>\u00a0<\/em><em>Det led mot natt og sol var g\u00e5tt ned.<br \/>\n<\/em><em>Ditt hjerte stilnet og du fikk fred. <\/em><\/p>\n<p style=\"font-weight: 400; text-align: center;\">Bisettelse i Tingvoll kirke<br \/>\nfredag 21. april kl. 12.00.<\/p>\n<p style=\"font-weight: 400; text-align: center;\">Alle er velkommen til kirken og<br \/>\ntil minnestund p\u00e5 menighetshuset.<\/p>\n<p style=\"font-weight: 400; text-align: center;\">Like kj\u00e6rt som blomster er en gave til<br \/>\n<span style=\"font-weight: 400;\">Kreftforeningen.<\/span><br \/>\n__________________________________________<br \/>\n27.03<br \/>\n<img loading=\"lazy\" decoding=\"async\" class=\"alignnone wp-image-1725\" src=\"https:\/\/tingvoll.net\/new\/wp-content\/uploads\/2022\/03\/kors_bue.png\" alt=\"\" width=\"39\" height=\"61\" srcset=\"https:\/\/tingvoll.net\/wp-content\/uploads\/2022\/03\/kors_bue.png 107w, https:\/\/tingvoll.net\/wp-content\/uploads\/2022\/03\/kors_bue-103x160.png 103w\" sizes=\"auto, (max-width: 39px) 100vw, 39px\" \/><\/p>\n<p style=\"font-weight: 400; text-align: center;\">V\u00e5r kj\u00e6re mor, snille svigermor,<br \/>\nbestemor, mormor, oldemor<br \/>\nog tante<\/p>\n<p style=\"font-weight: 400; text-align: center;\"><strong>Olga Spon\u00e5s<\/strong><\/p>\n<p style=\"font-weight: 400; text-align: center;\">f\u00f8dt <strong style=\"font-weight: 400;\">Eriksen<br \/>\n<\/strong><span style=\"font-size: inherit;\">21.\u00a0august 1921,<br \/>\n<\/span>sovnet stille inn i dag.<br \/>\nTingvoll<br \/>\n25. mars 2023<\/p>\n<p style=\"font-weight: 400; text-align: center;\"><strong>Else Marie \u2013 Torleif<br \/>\n<\/strong><strong>Gunnvor \u2013 Marius<br \/>\n<\/strong><strong>Per Olav &#8211; Josephine<\/strong><\/p>\n<p style=\"font-weight: 400; text-align: center;\"><strong>Per, Halvor, Ole,<br \/>\n<\/strong><strong>Marit og Frida<\/strong><\/p>\n<p style=\"font-weight: 400; text-align: center;\"><strong>Julie, Leon August<br \/>\n<\/strong><strong>og Ingrid Malena<\/strong><\/p>\n<p style=\"font-weight: 400; text-align: center;\"><strong>\u00d8vrige familie<\/strong><em>\u00a0<\/em><\/p>\n<p style=\"font-weight: 400; text-align: center;\">Begravelse fra Tingvoll kirke<br \/>\nfredag 31. mars kl. 12.00.<br \/>\nB\u00e5ren f\u00f8res til Torjulv\u00e5gen<br \/>\ngravsted for jordp\u00e5kasting.<\/p>\n<p style=\"font-weight: 400; text-align: center;\">Alle er velkommen til kirken<br \/>\nog til minnestund p\u00e5 menighetshuset.<br \/>\n____________________________________<br \/>\n14.03<br \/>\n<img loading=\"lazy\" decoding=\"async\" class=\"alignnone wp-image-1725\" src=\"https:\/\/tingvoll.net\/new\/wp-content\/uploads\/2022\/03\/kors_bue.png\" alt=\"\" width=\"39\" height=\"61\" srcset=\"https:\/\/tingvoll.net\/wp-content\/uploads\/2022\/03\/kors_bue.png 107w, https:\/\/tingvoll.net\/wp-content\/uploads\/2022\/03\/kors_bue-103x160.png 103w\" sizes=\"auto, (max-width: 39px) 100vw, 39px\" \/><\/p>\n<p style=\"text-align: center;\">Min kj\u00e6raste Ottar, v\u00e5r snille far,<br \/>\nsvigerfar, bestefar, bror,<br \/>\nsvoger og onkel<\/p>\n<p style=\"font-weight: 400; text-align: center;\"><strong>Ottar Roaldset<\/strong><\/p>\n<p style=\"font-weight: 400; text-align: center;\">f\u00f8dd 14. mai 1937,<br \/>\nsovna stille inn i dag.<br \/>\nTingvoll<br \/>\n12. mars 2023<\/p>\n<p style=\"font-weight: 400; text-align: center;\"><strong>Herborg<\/strong><\/p>\n<p style=\"font-weight: 400; text-align: center;\"><strong>Endre \u2013 Nina<br \/>\n<\/strong><strong>Johannes \u00a0 \u00a0\u00a0<\/strong><\/p>\n<p style=\"font-weight: 400; text-align: center;\"><strong>Hanne, Hilde,<br \/>\n<\/strong><strong>Marit og Erik<\/strong><\/p>\n<p style=\"font-weight: 400; text-align: center;\"><strong>Familien elles<\/strong><\/p>\n<p style=\"font-weight: 400; text-align: center;\"><em>Takk for gode minner.<br \/>\n<\/em><em>Kvil i fred. <\/em><\/p>\n<p style=\"font-weight: 400; text-align: center;\">Bisettelse i Tingvoll kyrkje<br \/>\nfredag 17. mars kl. 12.00.<\/p>\n<p style=\"font-weight: 400; text-align: center;\">Like kj\u00e6rt som blomster er ei g\u00e5ve til<br \/>\nLeger uten grenser.<\/p>\n<p style=\"font-weight: 400; text-align: center;\"><span style=\"font-weight: 400;\">S\u00f8rgeh\u00f8ytideligheten avsluttes i kyrkja.<\/span><br \/>\n__________________________________<br \/>\n28.02<br \/>\n<img loading=\"lazy\" decoding=\"async\" class=\"alignnone wp-image-1725\" src=\"https:\/\/tingvoll.net\/new\/wp-content\/uploads\/2022\/03\/kors_bue.png\" alt=\"\" width=\"39\" height=\"61\" srcset=\"https:\/\/tingvoll.net\/wp-content\/uploads\/2022\/03\/kors_bue.png 107w, https:\/\/tingvoll.net\/wp-content\/uploads\/2022\/03\/kors_bue-103x160.png 103w\" sizes=\"auto, (max-width: 39px) 100vw, 39px\" \/><br \/>\nV\u00e5r gode snille far, svigerfar,<br \/>\nbestefar, oldefar, bror,<br \/>\nsvoger og onkel<\/p>\n<p style=\"font-weight: 400; text-align: center;\"><strong>Odd Magnar Bergsli<\/strong><\/p>\n<p style=\"font-weight: 400; text-align: center;\">f\u00f8dt 10. juli 1941,<br \/>\nd\u00f8de fra oss i dag.<br \/>\nKristiansund\/Tingvoll<br \/>\n25. februar 2023<\/p>\n<p style=\"font-weight: 400; text-align: center;\"><strong>Britt Marie \u2013 Alf Jostein<br \/>\n<\/strong><strong>Tone Irene \u2013 Rolf Olav<\/strong><\/p>\n<p style=\"font-weight: 400; text-align: center;\"><strong>Linda, Stian, Silje,<br \/>\n<\/strong><strong>Jonas, Ivar Anders og Marie<\/strong><\/p>\n<p style=\"font-weight: 400; text-align: center;\"><strong>Maya<br \/>\n<\/strong><strong>Julian<\/strong><\/p>\n<p style=\"font-weight: 400; text-align: center;\"><strong>\u00a0<\/strong><strong>Randi<\/strong><\/p>\n<p style=\"font-weight: 400; text-align: center;\"><strong>\u00d8vrige familie<\/strong><\/p>\n<p style=\"font-weight: 400; text-align: center;\"><em>\u00a0<\/em><em>Borte for alltid,<br \/>\n<\/em><em>men likevel n\u00e6r,<br \/>\n<\/em><em>du som var oss s\u00e5 inderlig kj\u00e6r.<br \/>\n<\/em><em>Din kj\u00e6rlighet og godhet<br \/>\n<\/em><em>vil aldri bli glemt. <\/em><em>\u00a0<\/em><\/p>\n<p style=\"font-weight: 400; text-align: center;\">Bisettelse i Tingvoll kirke<br \/>\nfredag 3. mars kl. 12.00.<\/p>\n<p style=\"font-weight: 400; text-align: center;\">Like kj\u00e6rt som blomster er en gave til<br \/>\nRedd Barna sitt arbeid i Ukraina.<br \/>\nS\u00f8rgeh\u00f8ytideligheten avsluttes i kirken.<br \/>\n______________________________________<br \/>\n10.02<br \/>\n<img loading=\"lazy\" decoding=\"async\" class=\"alignnone wp-image-1725\" src=\"https:\/\/tingvoll.net\/new\/wp-content\/uploads\/2022\/03\/kors_bue.png\" alt=\"\" width=\"39\" height=\"61\" srcset=\"https:\/\/tingvoll.net\/wp-content\/uploads\/2022\/03\/kors_bue.png 107w, https:\/\/tingvoll.net\/wp-content\/uploads\/2022\/03\/kors_bue-103x160.png 103w\" sizes=\"auto, (max-width: 39px) 100vw, 39px\" \/><\/p>\n<p style=\"font-weight: 400; text-align: center;\">V\u00e5r alles kj\u00e6re<\/p>\n<p style=\"font-weight: 400; text-align: center;\"><strong>Bj\u00f8rn Aslak Gj\u00f8vikli<\/strong><\/p>\n<p style=\"font-weight: 400; text-align: center;\">f\u00f8dt 28. desember 1948,<br \/>\nsovnet stille inn i dag.<br \/>\nKristiansund\/Meisingset<br \/>\n1. februar 2023<\/p>\n<p style=\"font-weight: 400; text-align: center;\"><strong>Eli<\/strong><\/p>\n<p style=\"font-weight: 400; text-align: center;\"><strong>Endre &#8211; Lise<\/strong><\/p>\n<p style=\"font-weight: 400; text-align: center;\"><strong>Nora<\/strong><\/p>\n<p style=\"font-weight: 400; text-align: center;\"><strong>\u00d8vrige familie<\/strong><em>\u00a0<\/em><\/p>\n<p style=\"font-weight: 400; text-align: center;\"><em>Skal hilse fra fjellet<br \/>\n<\/em><em>jeg kommer med bud;<br \/>\n<\/em><em>Det lyste s\u00e5 herlig der inne.<br \/>\n<\/em><em>P\u00e5 floene vogga myrduna brud,<br \/>\n<\/em><em>mens viddene lekte s\u00e5 linne.<\/em><em>\u00a0<\/em><\/p>\n<p style=\"font-weight: 400; text-align: center;\">\u00a0Bisettelsen har funnet sted i stillhet.<br \/>\n_______________________________________<br \/>\n22.01<br \/>\n<img loading=\"lazy\" decoding=\"async\" class=\"alignnone wp-image-1725\" src=\"https:\/\/tingvoll.net\/new\/wp-content\/uploads\/2022\/03\/kors_bue.png\" alt=\"\" width=\"39\" height=\"61\" srcset=\"https:\/\/tingvoll.net\/wp-content\/uploads\/2022\/03\/kors_bue.png 107w, https:\/\/tingvoll.net\/wp-content\/uploads\/2022\/03\/kors_bue-103x160.png 103w\" sizes=\"auto, (max-width: 39px) 100vw, 39px\" \/><\/p>\n<p style=\"font-weight: 400; text-align: center;\">V\u00e5r kj\u00e6re mor, svigermor,<br \/>\nbestemor, mormor, oldemor,<br \/>\ns\u00f8ster, svigerinne og tante<\/p>\n<p style=\"font-weight: 400; text-align: center;\"><strong>Borgny M\u00e5ren<\/strong><\/p>\n<p style=\"text-align: center;\">f\u00f8dt <strong>Linde<br \/>\n<\/strong>2. mars 1928,<br \/>\nsovnet stille inn i dag<br \/>\nTingvoll<br \/>\n9. januar 2023<br \/>\n<strong><br \/>\nIngrid<br \/>\nAtle &#8211; Gerd<br \/>\nPer &#8211; Inger<br \/>\nBergljot &#8211; Finn<\/strong><\/p>\n<p style=\"font-weight: 400; text-align: center;\"><strong>\u00a0<\/strong><strong>Barnebarn og oldebarn<\/strong><\/p>\n<p style=\"text-align: center;\"><strong>\u00a0\u00d8vrige familie<\/strong><\/p>\n<p style=\"font-weight: 400; text-align: center;\"><em>\u00a0<\/em><em>So stilt kom d\u00f8den, han kom<br \/>\nsom ein ven.<br \/>\nHan tok deg i h\u00e5ndi og leidde<br \/>\ndeg heim.<\/em><\/p>\n<p style=\"font-weight: 400; text-align: center;\"><em>\u00a0<\/em>Bisettelsen har funnet sted i stillhet.<br \/>\n__________________________________________<br \/>\n19.01<br \/>\n<img loading=\"lazy\" decoding=\"async\" class=\"alignnone wp-image-1725\" src=\"https:\/\/tingvoll.net\/new\/wp-content\/uploads\/2022\/03\/kors_bue.png\" alt=\"\" width=\"39\" height=\"61\" srcset=\"https:\/\/tingvoll.net\/wp-content\/uploads\/2022\/03\/kors_bue.png 107w, https:\/\/tingvoll.net\/wp-content\/uploads\/2022\/03\/kors_bue-103x160.png 103w\" sizes=\"auto, (max-width: 39px) 100vw, 39px\" \/><br \/>\nV\u00e5r kj\u00e6re mamma, svigermor,<br \/>\nmormor, oldemor, svigerinne<br \/>\nog tante<\/p>\n<p style=\"font-weight: 400; text-align: center;\"><strong>Dagny Finnvik<\/strong><\/p>\n<p style=\"font-weight: 400; text-align: center;\">f\u00f8dt <strong>Strand30.<br \/>\n<\/strong>juni 1929,<br \/>\nsovnet inn i dag.<br \/>\nTingvoll<br \/>\n17. januar 2023<\/p>\n<p style=\"font-weight: 400; text-align: center;\"><strong>Tove \u2013 Per Olaf<br \/>\n<\/strong><strong>Torild \u2013 Per Gunnar <\/strong>\u2020<br \/>\n<strong>May Britt &#8211; Ivar<br \/>\n<\/strong><strong>Anne \u2013 Bjarte<\/strong><strong>\u00a0<\/strong><\/p>\n<p style=\"font-weight: 400; text-align: center;\"><strong>Hanne Margrete, Tonje,<br \/>\n<\/strong><strong>Marte, Einar, Per Tore,<br \/>\n<\/strong><strong>Randi, Asbj\u00f8rn, Elisabeth<br \/>\n<\/strong><strong>og Jonny<\/strong><strong>\u00a0<\/strong><\/p>\n<p style=\"font-weight: 400; text-align: center;\"><strong>Arnold, Mathias, Oda Marie,<br \/>\n<\/strong><strong>Malin, Emma, Mille,<br \/>\n<\/strong><strong>Selma, Peder, Alfred Olai,<br \/>\n<\/strong><strong>Mari, Lino og Trym<\/strong><\/p>\n<p style=\"font-weight: 400; text-align: center;\"><strong>\u00d8vrige familie<\/strong><\/p>\n<p style=\"font-weight: 400; text-align: center;\"><em>Takk for gode minner.<\/em><\/p>\n<p style=\"font-weight: 400; text-align: center;\"><em>\u00a0<\/em>Bisettelse i Straumsnes kirke<br \/>\nfredag 27. januar kl. 12.00.<\/p>\n<p style=\"font-weight: 400; text-align: center;\">Alle er velkommen til kirken og<br \/>\ntil minnestund p\u00e5 menighetshuset.<br \/>\nLike kj\u00e6rt som blomster er en gave til<br \/>\nhjemmesykepleien ytre.<br \/>\n_____________________________________________<br \/>\n18.01<br \/>\n<img loading=\"lazy\" decoding=\"async\" class=\"alignnone wp-image-18876\" src=\"https:\/\/tingvoll.net\/new\/wp-content\/uploads\/2023\/01\/frank_eckert-237x300.png\" alt=\"\" width=\"353\" height=\"447\" srcset=\"https:\/\/tingvoll.net\/wp-content\/uploads\/2023\/01\/frank_eckert-237x300.png 237w, https:\/\/tingvoll.net\/wp-content\/uploads\/2023\/01\/frank_eckert-474x600.png 474w, https:\/\/tingvoll.net\/wp-content\/uploads\/2023\/01\/frank_eckert-126x160.png 126w, https:\/\/tingvoll.net\/wp-content\/uploads\/2023\/01\/frank_eckert.png 602w\" sizes=\"auto, (max-width: 353px) 100vw, 353px\" \/><br \/>\n_________________________________________<br \/>\n17.01<\/p>\n<p style=\"font-weight: 400; text-align: center;\"><img loading=\"lazy\" decoding=\"async\" class=\"alignnone wp-image-1725\" src=\"https:\/\/tingvoll.net\/new\/wp-content\/uploads\/2022\/03\/kors_bue.png\" alt=\"\" width=\"39\" height=\"61\" srcset=\"https:\/\/tingvoll.net\/wp-content\/uploads\/2022\/03\/kors_bue.png 107w, https:\/\/tingvoll.net\/wp-content\/uploads\/2022\/03\/kors_bue-103x160.png 103w\" sizes=\"auto, (max-width: 39px) 100vw, 39px\" \/><br \/>\nV\u00e5r kj\u00e6reste Preben<\/p>\n<p style=\"font-weight: 400; text-align: center;\"><strong>Preben Per Vissing<\/strong><\/p>\n<p style=\"font-weight: 400; text-align: center;\">f\u00f8dt 6. april 1949,<br \/>\nsovnet fredelig inn etter<br \/>\nlangs tids sykdom.<br \/>\nKristiansund\/Tingvoll<br \/>\n13. januar 2023<\/p>\n<p style=\"font-weight: 400; text-align: center;\"><strong>Susanne<\/strong><\/p>\n<p style=\"font-weight: 400; text-align: center;\"><strong>Daniel og Rocio<\/strong><\/p>\n<p style=\"font-weight: 400; text-align: center;\"><strong>\u00d8vrige familie<\/strong><em>\u00a0<\/em><\/p>\n<p style=\"font-weight: 400; text-align: center;\"><em>Alltid freidig n\u00e5r du g\u00e5r<br \/>\nveier Gud t\u00f8r kjenne,<br \/>\nselv om du til m\u00e5let n\u00e5r<br \/>\nf\u00f8rst ved verdens ende!<\/em><\/p>\n<p style=\"font-weight: 400; text-align: center;\"><em>\u00a0<\/em>Bisettelse i Tingvoll kirke<br \/>\nonsdag 25. januar kl. 12.00<\/p>\n<p style=\"font-weight: 400; text-align: center;\">Alle er velkommen til kirken og til<br \/>\nminnestund p\u00e5 menighetshuset.<br \/>\n_______________________________________________________<br \/>\n04.01<\/p>\n<p style=\"font-weight: 400; text-align: center;\"><img loading=\"lazy\" decoding=\"async\" class=\"alignnone wp-image-13676\" src=\"https:\/\/tingvoll.net\/new\/wp-content\/uploads\/2022\/09\/hjerte_web.png\" alt=\"\" width=\"70\" height=\"70\" \/><br \/>\nMin inderlig kj\u00e6re mann og beste venn,<br \/>\nv\u00e5r snille og hjelpsomme far, svigerfar,<br \/>\nbestefar, oldefar og onkel<\/p>\n<p style=\"font-weight: 400; text-align: center;\"><strong>Johan Trygve \u00d8deg\u00e5rd<\/strong><\/p>\n<p style=\"font-weight: 400; text-align: center;\">f\u00f8dt 15. september 1933,<br \/>\nsovnet stille inn i eget hjem<br \/>\nden f\u00f8rste dagen i det nye \u00e5ret.<br \/>\nTingvoll<br \/>\n1. januar 2023<\/p>\n<p style=\"font-weight: 400; text-align: center;\"><strong>Kirsten<\/strong><strong>\u00a0<\/strong><\/p>\n<p style=\"font-weight: 400; text-align: center;\"><strong>Jan Arve og Birgit<br \/>\n<\/strong><strong>Roy og May-Liss<br \/>\n<\/strong><strong>Stig og Nina<br \/>\n<\/strong><strong>Mona og Robert<\/strong><\/p>\n<p style=\"font-weight: 400; text-align: center;\"><strong>Rune, Bj\u00f8rn Egil, Geir Ove,<br \/>\n<\/strong><strong>Thomas, Christel, Tina Helen,<br \/>\n<\/strong><strong>Hannah, Jonas, H\u00e5kon,<br \/>\n<\/strong><strong>Andrea og Phillip<\/strong><strong>\u00a0<\/strong><\/p>\n<p style=\"font-weight: 400; text-align: center;\"><strong>Theodor, Tor Egil, Olav,<br \/>\n<\/strong><strong>Peter Johan, Solveig, Georg,<br \/>\n<\/strong><strong>Jakob, Enja og H\u00e5kon Johan<\/strong><strong>\u00a0<\/strong><\/p>\n<p style=\"font-weight: 400; text-align: center;\"><strong>\u00d8vrige familie<\/strong><\/p>\n<p style=\"font-weight: 400; text-align: center;\"><em>Skal hilse fra fjellet<br \/>\n<\/em><em>jeg kommer med bud;<br \/>\n<\/em><em>Det lyste s\u00e5 herlig der inne.<br \/>\n<\/em><em>P\u00e5 floene vogga myrduna brud,<br \/>\n<\/em><em>mens viddene lekte s\u00e5 linne.<\/em><\/p>\n<p style=\"font-weight: 400; text-align: center;\"><em>\u00a0<\/em>Bisettelse i Tingvoll kirke<br \/>\nfredag 13. januar kl. 12.00.<em>\u00a0<\/em><\/p>\n<p style=\"font-weight: 400; text-align: center;\">Like kj\u00e6rt som blomster er en minnegave<br \/>\ntil hjemmesykepleien indre i Tingvoll<br \/>\nfor god omsorgsfull pleie.<\/p>\n<p style=\"font-weight: 400; text-align: center;\">S\u00f8rgeh\u00f8ytideligheten avsluttes i kirken.<\/p>\n","protected":false},"excerpt":{"rendered":"<p>30.12 Min kj\u00e6re Per, v\u00e5r snille pappa, svigerfar, bestefar og far, bror, svoger og onkel Per Meisingset f\u00f8dt 4. mars 1947, sovnet stille inn med sine n\u00e6rmeste rundt seg. Kristiansund\/Meisingset 26. desember 2023 \u00a0Tove\u00a0 May Kristin \u2013 Steinar Frank Olav \u2013 Gunn Kristin\u00a0 Stine Merethe, Emil, Espen og Mari Amalie, Simon, Ingrid, Arne og \u00c5smund &#8230; <a title=\"D\u00f8dsfall 2023\" class=\"read-more\" href=\"https:\/\/tingvoll.net\/index.php\/dodsfall-2023\/\" aria-label=\"Read more about D\u00f8dsfall 2023\">Les mer<\/a><\/p>\n","protected":false},"author":10,"featured_media":0,"parent":0,"menu_order":0,"comment_status":"closed","ping_status":"closed","template":"","meta":{"footnotes":""},"class_list":["post-18106","page","type-page","status-publish"],"_links":{"self":[{"href":"https:\/\/tingvoll.net\/index.php\/wp-json\/wp\/v2\/pages\/18106","targetHints":{"allow":["GET"]}}],"collection":[{"href":"https:\/\/tingvoll.net\/index.php\/wp-json\/wp\/v2\/pages"}],"about":[{"href":"https:\/\/tingvoll.net\/index.php\/wp-json\/wp\/v2\/types\/page"}],"author":[{"embeddable":true,"href":"https:\/\/tingvoll.net\/index.php\/wp-json\/wp\/v2\/users\/10"}],"replies":[{"embeddable":true,"href":"https:\/\/tingvoll.net\/index.php\/wp-json\/wp\/v2\/comments?post=18106"}],"version-history":[{"count":0,"href":"https:\/\/tingvoll.net\/index.php\/wp-json\/wp\/v2\/pages\/18106\/revisions"}],"wp:attachment":[{"href":"https:\/\/tingvoll.net\/index.php\/wp-json\/wp\/v2\/media?parent=18106"}],"curies":[{"name":"wp","href":"https:\/\/api.w.org\/{rel}","templated":true}]}}