{"id":26169,"date":"2025-01-05T21:10:13","date_gmt":"2025-01-05T20:10:13","guid":{"rendered":"https:\/\/tingvoll.net\/new\/?page_id=26169"},"modified":"2025-12-29T09:04:21","modified_gmt":"2025-12-29T08:04:21","slug":"dodsfall-2025","status":"publish","type":"page","link":"https:\/\/tingvoll.net\/index.php\/dodsfall-2025\/","title":{"rendered":"D\u00f8dsfall 2025"},"content":{"rendered":"<p style=\"font-weight: 400; text-align: center;\">29.12<br \/>\n<img loading=\"lazy\" decoding=\"async\" class=\"alignnone wp-image-38719\" src=\"https:\/\/tingvoll.net\/wp-content\/uploads\/2025\/07\/kors_bue.png\" alt=\"\" width=\"48\" height=\"75\" srcset=\"https:\/\/tingvoll.net\/wp-content\/uploads\/2025\/07\/kors_bue.png 107w, https:\/\/tingvoll.net\/wp-content\/uploads\/2025\/07\/kors_bue-103x160.png 103w\" sizes=\"auto, (max-width: 48px) 100vw, 48px\" \/><br \/>\nV\u00e5r kj\u00e6re mamma, svigermor,<br \/>\nbestemor, oldemor og tante<\/p>\n<p style=\"font-weight: 400; text-align: center;\"><strong>Astrid Teilg\u00e5rd<\/strong><\/p>\n<p style=\"font-weight: 400; text-align: center;\"><strong>\u00a0<\/strong>f\u00f8dt <strong>B\u00f8ifot<br \/>\n<\/strong>14. juni 1927,<br \/>\nsovnet stille inn i dag.<br \/>\nGjemnes\/Aspa<br \/>\n23. desember 2025<\/p>\n<p style=\"font-weight: 400; text-align: center;\"><strong>Jakob \u2013 Helga<br \/>\n<\/strong><strong>Per Arne \u2013 Pia<br \/>\n<\/strong><strong>Anna Marie \u2013 Iver Jan<\/strong><\/p>\n<p style=\"font-weight: 400; text-align: center;\"><strong>Jan Henrik, Kristin, Lars Petter <\/strong>\u2020,<br \/>\n<strong>Liv, Maria, Aske, Marton, Aleksander<\/strong><\/p>\n<p style=\"font-weight: 400; text-align: center;\"><strong>\u00a0<\/strong><strong>June, Nora, Thea, Pil,<br \/>\n<\/strong><strong>Vester, Eir, Runa <\/strong><\/p>\n<p style=\"font-weight: 400; text-align: center;\"><strong>\u00d8vrige familie<\/strong><\/p>\n<p style=\"font-weight: 400; text-align: center;\"><em>Hjertet som banket for andre,<br \/>\n<\/em><em>for alltid har stilnet av.<br \/>\n<\/em><em>To flittige hender er foldet,<br \/>\n<\/em><em>som aldri tok, men alltid gav.<\/em><em>\u00a0<\/em><\/p>\n<p style=\"font-weight: 400; text-align: center;\">Begravelse fra Straumsnes kirke<br \/>\nonsdag 7. januar kl. 12.00.<\/p>\n<p style=\"font-weight: 400; text-align: center;\">Alle er velkommen til kirken og til minnestund<br \/>\np\u00e5 menighetshuset.<br \/>\nLike kj\u00e6rt som blomster er en gave til<br \/>\nGjemnes sykehjem.<br \/>\nMinnegave kan gis i kirken og p\u00e5 Vipps 95219464.<br \/>\n____________________<\/p>\n<p style=\"font-weight: 400; text-align: center;\">\n21.12<br \/>\n<img loading=\"lazy\" decoding=\"async\" class=\"alignnone wp-image-38719\" src=\"https:\/\/tingvoll.net\/wp-content\/uploads\/2025\/07\/kors_bue.png\" alt=\"\" width=\"48\" height=\"75\" srcset=\"https:\/\/tingvoll.net\/wp-content\/uploads\/2025\/07\/kors_bue.png 107w, https:\/\/tingvoll.net\/wp-content\/uploads\/2025\/07\/kors_bue-103x160.png 103w\" sizes=\"auto, (max-width: 48px) 100vw, 48px\" \/><\/p>\n<p style=\"font-weight: 400; text-align: center;\">Min kj\u00e6re Arne, v\u00e5r snille og hjelpsomme far,<br \/>\nbestefar, bror, svoger og onkel<\/p>\n<p style=\"font-weight: 400; text-align: center;\"><strong>Arne Halle<\/strong><\/p>\n<p style=\"font-weight: 400; text-align: center;\">f\u00f8dt 27. september 1937,<br \/>\nd\u00f8de fra oss i dag.<br \/>\nGjemnes\/Tingvoll<br \/>\n18. desember 2025<\/p>\n<p style=\"font-weight: 400; text-align: center;\"><strong>Elise<\/strong><\/p>\n<p style=\"font-weight: 400; text-align: center;\"><strong>Nils Egil<br \/>\n<\/strong><strong>Reidun<\/strong><\/p>\n<p style=\"font-weight: 400; text-align: center;\"><strong>Nils Arne, Oliver, Selma,<br \/>\n<\/strong><strong>Sander<\/strong><\/p>\n<p style=\"font-weight: 400; text-align: center;\"><strong>\u00d8vrige familie<\/strong><\/p>\n<p style=\"font-weight: 400; text-align: center;\"><em>Det kom en stille vind<br \/>\n<\/em><em>og str\u00f8k ditt trette kinn.<br \/>\n<\/em><em>Tok deg med, s\u00e5 du fikk hvile i fred. <\/em><em>\u00a0<\/em><\/p>\n<p style=\"font-weight: 400; text-align: center;\">Bisettelse i Tingvoll kirke<br \/>\ntirsdag 30. desember kl. 12.00.<\/p>\n<p style=\"font-weight: 400; text-align: center;\">Like kj\u00e6rt som blomster er en gave til<br \/>\nMeisingset bedehus.<\/p>\n<p style=\"font-weight: 400; text-align: center;\">Minnegave kan gis i kirken og p\u00e5 Vipps 619286.<br \/>\nS\u00f8rgeh\u00f8ytideligheten avsluttes i kirken.<br \/>\n_________________________<br \/>\n19.12<br \/>\n<img loading=\"lazy\" decoding=\"async\" class=\"alignnone wp-image-38719\" src=\"https:\/\/tingvoll.net\/wp-content\/uploads\/2025\/07\/kors_bue.png\" alt=\"\" width=\"48\" height=\"75\" srcset=\"https:\/\/tingvoll.net\/wp-content\/uploads\/2025\/07\/kors_bue.png 107w, https:\/\/tingvoll.net\/wp-content\/uploads\/2025\/07\/kors_bue-103x160.png 103w\" sizes=\"auto, (max-width: 48px) 100vw, 48px\" \/><br \/>\nMin kj\u00e6reste venn,<br \/>\nv\u00e5r kj\u00e6re bror, svoger<br \/>\nog onkel<\/p>\n<p style=\"font-weight: 400; text-align: center;\"><strong>Asbj\u00f8rn Eilif Spon\u00e5s<\/strong><\/p>\n<p style=\"font-weight: 400; text-align: center;\">f\u00f8dt 10. juni 1950,<br \/>\nsovnet stille inn i dag.<br \/>\nTingvoll<br \/>\n13. desember 2025<\/p>\n<p style=\"font-weight: 400; text-align: center;\"><strong>Kari<\/strong><strong>\u00a0<\/strong><\/p>\n<p style=\"font-weight: 400; text-align: center;\"><strong>Odd Egil<br \/>\n<\/strong><strong>\u00c5ge \u2013 Hj\u00f8rdis<\/strong><\/p>\n<p style=\"font-weight: 400; text-align: center;\"><strong>Kim og Kine, Erik,<br \/>\n<\/strong><strong>Silje, Marianne, J\u00f8rn Olav og Mariann,<br \/>\n<\/strong><strong>Marit Katrine og Andreas, May-Liss<\/strong><\/p>\n<p style=\"font-weight: 400; text-align: center;\"><strong>\u00d8vrige familie<\/strong><\/p>\n<p style=\"font-weight: 400; text-align: center;\"><em>\u00a0<\/em><em>Takk for gode minner<\/em><em>\u00a0<\/em><\/p>\n<p style=\"font-weight: 400; text-align: center;\">Etter Asbj\u00f8rn sitt \u00f8nske vil<br \/>\nbisettelsen finne sted i stillhet.<br \/>\n___________________<br \/>\n03.12<br \/>\n<img loading=\"lazy\" decoding=\"async\" class=\"alignnone wp-image-38719\" src=\"https:\/\/tingvoll.net\/wp-content\/uploads\/2025\/07\/kors_bue.png\" alt=\"\" width=\"48\" height=\"75\" srcset=\"https:\/\/tingvoll.net\/wp-content\/uploads\/2025\/07\/kors_bue.png 107w, https:\/\/tingvoll.net\/wp-content\/uploads\/2025\/07\/kors_bue-103x160.png 103w\" sizes=\"auto, (max-width: 48px) 100vw, 48px\" \/><\/p>\n<p style=\"font-weight: 400; text-align: center;\">V\u00e5r kj\u00e6re far, svigerfar, bestefar,<br \/>\noldefar og onkel<\/p>\n<p style=\"font-weight: 400; text-align: center;\"><strong>Aasmund Kanestr\u00f8m<\/strong><\/p>\n<p style=\"font-weight: 400; text-align: center;\">f\u00f8dt 31. mai 1934,<br \/>\nsovnet stille inn i dag.<br \/>\nGjemnes\/Vikan<br \/>\n2. desember 2025<\/p>\n<p style=\"font-weight: 400; text-align: center;\"><strong>Ann Magritt <\/strong>\u2020<br \/>\n<strong>Haldis Nikoline<br \/>\n<\/strong><strong>Wenche \u2013 Morten<\/strong><\/p>\n<p style=\"font-weight: 400; text-align: center;\"><strong>\u00a0<\/strong><strong>Mari Cathrine, Hildegunn og Geir Espen,<br \/>\n<\/strong><strong>Rune og Toril, Marie og Anders,<br \/>\n<\/strong><strong>Einar og Henriette, Ivar <\/strong><strong>\u00a0<\/strong><\/p>\n<p style=\"font-weight: 400; text-align: center;\"><strong>Amalie, Ola, Guro, Kine,<br \/>\n<\/strong><strong>Eira, Astrid, Tor, Martin,<br \/>\n<\/strong><strong>Nikoline Margrete<\/strong><strong>\u00a0<\/strong><\/p>\n<p style=\"font-weight: 400; text-align: center;\"><strong>Irene<\/strong><\/p>\n<p style=\"font-weight: 400; text-align: center;\"><em>\u00a0<\/em><em>Et strevsomt liv er ebbet ut.<br \/>\n<\/em><em>En flittig h\u00e5nd er dovnet.<br \/>\n<\/em><em>Din arbeidsdag har n\u00e5 tatt slutt.<br \/>\n<\/em><em>Ditt gode hjerte sovnet.<\/em><em>\u00a0<\/em><\/p>\n<p style=\"font-weight: 400; text-align: center;\">Begravelse fra Straumsnes kirke<br \/>\nfredag 12. desember kl. 12.00.<\/p>\n<p style=\"font-weight: 400; text-align: center;\">S\u00f8rgeh\u00f8ytideligheten avsluttes ved graven.<br \/>\n_______________________<br \/>\n26.11<br \/>\n<img loading=\"lazy\" decoding=\"async\" class=\"alignnone wp-image-38719\" src=\"https:\/\/tingvoll.net\/wp-content\/uploads\/2025\/07\/kors_bue.png\" alt=\"\" width=\"48\" height=\"75\" srcset=\"https:\/\/tingvoll.net\/wp-content\/uploads\/2025\/07\/kors_bue.png 107w, https:\/\/tingvoll.net\/wp-content\/uploads\/2025\/07\/kors_bue-103x160.png 103w\" sizes=\"auto, (max-width: 48px) 100vw, 48px\" \/><\/p>\n<p style=\"font-weight: 400; text-align: center;\">V\u00e5r snille mor, svigermor,<br \/>\nbestemor,<br \/>\ntittemor og tante<\/p>\n<p style=\"font-weight: 400; text-align: center;\"><strong>Bj\u00f8rg Wolden<\/strong><\/p>\n<p style=\"font-weight: 400; text-align: center;\"><strong>\u00a0<\/strong>f\u00f8dt 27. juni 1935,<br \/>\nsovnet stille inn i dag.<br \/>\nSNR Hjelset\/Tingvoll<br \/>\n24. november 2025<\/p>\n<p style=\"font-weight: 400; text-align: center;\"><strong>Inger Marie<br \/>\n<\/strong><strong>Irene \u2013 K\u00e5re<br \/>\n<\/strong><strong>Heidi \u2013 Bjarte<\/strong><strong>\u00a0<\/strong><\/p>\n<p style=\"font-weight: 400; text-align: center;\"><strong>Mario og Ingrid,<br \/>\n<\/strong><strong>Hilde og Rino,<br \/>\n<\/strong><strong>H\u00e5kon og Eli,<br \/>\n<\/strong><strong>Martin, Emilie<\/strong><\/p>\n<p style=\"font-weight: 400; text-align: center;\"><strong>Iris, Lykke Emilie,<br \/>\n<\/strong><strong>Lilje Noelle, Luna Inea<\/strong><\/p>\n<p style=\"font-weight: 400; text-align: center;\"><strong>\u00d8vrige familie<\/strong><\/p>\n<p style=\"font-weight: 400; text-align: center;\"><em>\u00a0<\/em><em>Verdig og rikt gav du alt<br \/>\n<\/em><em>helt til siste slutt.<\/em><em><sub>\u00a0<\/sub><\/em><\/p>\n<p style=\"font-weight: 400; text-align: center;\">Begravelse fra Tingvoll kirke<br \/>\nfredag 5. desember kl. 12.00.<\/p>\n<p style=\"font-weight: 400; text-align: center;\">Alle er velkommen til kirken og til minnestund<br \/>\np\u00e5 menighetshuset.<br \/>\nLike kj\u00e6rt som blomster er en gave til<br \/>\nEldre hjelper eldre ved Tingvoll frivilligsentral.<br \/>\nMinnegave kan gis i kirken og p\u00e5 Vipps 41560385.<br \/>\n_______________________<br \/>\n13.11<br \/>\n<img loading=\"lazy\" decoding=\"async\" class=\"alignnone size-full wp-image-25734\" src=\"https:\/\/tingvoll.net\/wp-content\/uploads\/2024\/09\/rose_rod.jpeg\" alt=\"\" width=\"60\" height=\"40\" \/><\/p>\n<p style=\"font-weight: 400; text-align: center;\">V\u00e5r kj\u00e6re mamma, svigermor,<br \/>\nfarmor, mormor, oldemor, s\u00f8ster,<br \/>\nsvigerinne og tante<\/p>\n<p style=\"font-weight: 400; text-align: center;\"><strong>Gerd Irene Aspen<\/strong><\/p>\n<p style=\"font-weight: 400; text-align: center;\"><strong>\u00a0<\/strong>f\u00f8dt <strong>Larsen<br \/>\n<\/strong>30. september 1944,<\/p>\n<p style=\"font-weight: 400; text-align: center;\">d\u00f8de fra oss.<br \/>\nSNR Hjelset\/Asp\u00f8ya<br \/>\n7. november 2025<\/p>\n<p style=\"font-weight: 400; text-align: center;\"><strong>Janne Grete<br \/>\n<\/strong><strong>Kjell Johnny \u2013 Ewa<\/strong><\/p>\n<p style=\"font-weight: 400; text-align: center;\"><strong>Maria og Michael,<br \/>\n<\/strong><strong>Sigurd, Anna<\/strong><\/p>\n<p style=\"font-weight: 400; text-align: center;\"><strong>Tuva<\/strong><\/p>\n<p style=\"font-weight: 400; text-align: center;\"><strong>\u00d8vrige familie<\/strong><\/p>\n<p style=\"font-weight: 400; text-align: center;\"><strong>\u00a0<\/strong><em>\u00abog n\u00e5r alt er forbi<br \/>\n<\/em><em>h\u00f8res ingenting lenger,<br \/>\n<\/em><em>ingenting, og det h\u00f8res<\/em><i>\u00bb<br \/>\n<\/i><em>\u00a0 \u00a0 \u00a0 \u00a0 \u00a0 Nils-Aslak Valkeap\u00e4\u00e4<\/em><\/p>\n<p style=\"font-weight: 400; text-align: center;\">Etter Gerd Irene sitt \u00f8nske har<br \/>\nbisettelsen funnet sted i stillhet.<br \/>\n________________________<br \/>\n04.11<br \/>\n<img loading=\"lazy\" decoding=\"async\" class=\"alignnone wp-image-38719\" src=\"https:\/\/tingvoll.net\/wp-content\/uploads\/2025\/07\/kors_bue.png\" alt=\"\" width=\"48\" height=\"75\" srcset=\"https:\/\/tingvoll.net\/wp-content\/uploads\/2025\/07\/kors_bue.png 107w, https:\/\/tingvoll.net\/wp-content\/uploads\/2025\/07\/kors_bue-103x160.png 103w\" sizes=\"auto, (max-width: 48px) 100vw, 48px\" \/><br \/>\nMin kj\u00e6re Einar, v\u00e5r snille pappa,<br \/>\nsvigerfar, bestefar, bror, svoger og onkel<\/p>\n<p style=\"font-weight: 400; text-align: center;\"><strong>Einar Bj\u00f8rn Kj\u00e6rvik<\/strong><\/p>\n<p style=\"font-weight: 400; text-align: center;\">f\u00f8dt 28.mai.1943,<br \/>\nd\u00f8de fra oss i dag.<br \/>\nTingvoll\/Kvisvik<br \/>\n1. november 2025<\/p>\n<p style=\"font-weight: 400; text-align: center;\"><strong>Ellen Janne<\/strong><\/p>\n<p style=\"font-weight: 400; text-align: center;\"><strong>Ellinor \u2013 Alf<br \/>\n<\/strong><strong>Emil<br \/>\n<\/strong><strong>Magne<\/strong><strong>\u00a0<\/strong><\/p>\n<p style=\"font-weight: 400; text-align: center;\"><strong>Stine<\/strong><\/p>\n<p style=\"font-weight: 400; text-align: center;\"><strong>Turid<\/strong><\/p>\n<p style=\"font-weight: 400; text-align: center;\"><strong>\u00d8vrige familie<\/strong><\/p>\n<p style=\"font-weight: 400; text-align: center;\"><em>Det lei mot natt og sol var g\u00e5tt ned.<br \/>\n<\/em><em>Ditt hjerte stilnet og du fikk fred. <\/em><\/p>\n<p style=\"font-weight: 400; text-align: center;\">Bisettelse i Straumsnes kirke<br \/>\nonsdag 12. november kl. 12.00.<\/p>\n<p style=\"font-weight: 400; text-align: center;\">Like kj\u00e6rt som blomster er en gave til<br \/>\nAlzheimerfondet. Minnegave kan gis i kirken<br \/>\neller til kontonr 1105 09 56514.<br \/>\nMerk gaven med Einar sitt navn.<\/p>\n<p style=\"font-weight: 400; text-align: center;\">S\u00f8rgeh\u00f8ytideligheten avsluttes i kirken.<br \/>\n_________________<br \/>\n28.10<\/p>\n<p style=\"font-weight: 400; text-align: center;\"><img loading=\"lazy\" decoding=\"async\" class=\"alignnone wp-image-38719\" src=\"https:\/\/tingvoll.net\/wp-content\/uploads\/2025\/07\/kors_bue.png\" alt=\"\" width=\"48\" height=\"75\" srcset=\"https:\/\/tingvoll.net\/wp-content\/uploads\/2025\/07\/kors_bue.png 107w, https:\/\/tingvoll.net\/wp-content\/uploads\/2025\/07\/kors_bue-103x160.png 103w\" sizes=\"auto, (max-width: 48px) 100vw, 48px\" \/><br \/>\nV\u00e5r alles kj\u00e6re<\/p>\n<p style=\"font-weight: 400; text-align: center;\"><strong>Peder Treekrem<\/strong><\/p>\n<p style=\"font-weight: 400; text-align: center;\">f\u00f8dt 2. mai 1933,<br \/>\nsovnet stille inn.<br \/>\nGjemnes\/\u00d8ydegard<br \/>\n25. oktober 2025<\/p>\n<p style=\"font-weight: 400; text-align: center;\"><strong>Edith Synn\u00f8ve<\/strong><\/p>\n<p style=\"font-weight: 400; text-align: center;\"><strong>\u00a0<\/strong><strong>Rosa \u2013 Einar<br \/>\n<\/strong><strong>Margreth \u2013 Yngvar<br \/>\n<\/strong><strong>Esther<\/strong><\/p>\n<p style=\"font-weight: 400; text-align: center;\"><strong>\u00a0<\/strong><strong>Karoline, Kristen, Henrik,<br \/>\n<\/strong><strong>Kristianne, Sandra, J\u00f8rund,<br \/>\n<\/strong><strong>Sunniva og Gaute<\/strong><strong>\u00a0<\/strong><\/p>\n<p style=\"font-weight: 400; text-align: center;\"><strong>Signy<br \/>\n<\/strong><strong>Anne Bj\u00f8rg<br \/>\n<\/strong><strong>Inger \u2013 Waldemar<\/strong><\/p>\n<p style=\"font-weight: 400; text-align: center;\"><strong>\u00d8vrige familie<\/strong><\/p>\n<p style=\"font-weight: 400; text-align: center;\"><em>\u00a0<\/em><em>S\u00e5 kom natten med sn\u00f8 i luften,<br \/>\n<\/em><em>du fikk din hvile og sovnet inn.<br \/>\n<\/em><em>Vi hilser deg med takk p\u00e5 ferden,<br \/>\n<\/em><em>og lukker deg i v\u00e5rt minne inn.<\/em><em>\u00a0<\/em><\/p>\n<p style=\"font-weight: 400; text-align: center;\">Begravelse fra Straumsnes kirke<br \/>\nonsdag 5. november kl. 12.00.<br \/>\nS\u00f8rgeh\u00f8ytideligheten avsluttes ved graven.<br \/>\n______________________<br \/>\n22.10<\/p>\n<p style=\"font-weight: 400; text-align: center;\"><img loading=\"lazy\" decoding=\"async\" class=\"alignnone wp-image-1724\" src=\"https:\/\/tingvoll.net\/wp-content\/uploads\/2022\/03\/due-263x300.jpg\" alt=\"\" width=\"47\" height=\"54\" srcset=\"https:\/\/tingvoll.net\/wp-content\/uploads\/2022\/03\/due-263x300.jpg 263w, https:\/\/tingvoll.net\/wp-content\/uploads\/2022\/03\/due-140x160.jpg 140w, https:\/\/tingvoll.net\/wp-content\/uploads\/2022\/03\/due.jpg 280w\" sizes=\"auto, (max-width: 47px) 100vw, 47px\" \/><br \/>\nV\u00e5r kj\u00e6re mor, svigermor, bestemor,<br \/>\ns\u00f8ster, svigerinne og tante<\/p>\n<p style=\"font-weight: 400; text-align: center;\"><strong>Herborg Roaldset<\/strong><\/p>\n<p style=\"font-weight: 400; text-align: center;\">f\u00f8dd 21. september 1946,<br \/>\nsovna stille inn i dag.<br \/>\nTingvoll<br \/>\n20. oktober 2025<strong>\u00a0<\/strong><\/p>\n<p style=\"font-weight: 400; text-align: center;\"><strong>Endre \u2013 Nina<br \/>\n<\/strong><strong>Johannes \u00a0 \u00a0 \u00a0 \u00a0<\/strong><\/p>\n<p style=\"font-weight: 400; text-align: center;\"><strong>Hanne, Hilde,<br \/>\n<\/strong><strong>Marit og Erik<\/strong><\/p>\n<p style=\"font-weight: 400; text-align: center;\"><strong>Familien elles<\/strong><\/p>\n<p style=\"font-weight: 400; text-align: center;\"><strong><em>Takk for gode minner.<br \/>\n<\/em><\/strong><strong><em>Kvil i fred. <\/em><\/strong><\/p>\n<p style=\"font-weight: 400; text-align: center;\">Bisettelse i Tingvoll kyrkje<br \/>\nonsdag 29. oktober kl. 12.00.<\/p>\n<p style=\"font-weight: 400; text-align: center;\">Like kj\u00e6rt som blomster er ei g\u00e5ve til<br \/>\ntrivselstiltak for dei som jobbar p\u00e5 Vonheim.<br \/>\nMinneg\u00e5ve kan gis i kyrkja eller p\u00e5<br \/>\nvipps 47413453.<\/p>\n<p style=\"font-weight: 400; text-align: center;\"><span style=\"font-weight: 400;\">\u00a0\u00a0\u00a0\u00a0\u00a0\u00a0\u00a0\u00a0 S\u00f8rgeh\u00f8ytideligheten avsluttes i kyrkja.<\/span><br \/>\n____________________<\/p>\n<p style=\"text-align: center;\">16.10<\/p>\n<p style=\"text-align: center;\"><img loading=\"lazy\" decoding=\"async\" class=\"alignnone wp-image-43999\" src=\"https:\/\/tingvoll.net\/wp-content\/uploads\/2025\/10\/meis_hvit-300x233.png\" alt=\"\" width=\"80\" height=\"62\" srcset=\"https:\/\/tingvoll.net\/wp-content\/uploads\/2025\/10\/meis_hvit-300x233.png 300w, https:\/\/tingvoll.net\/wp-content\/uploads\/2025\/10\/meis_hvit-206x160.png 206w, https:\/\/tingvoll.net\/wp-content\/uploads\/2025\/10\/meis_hvit.png 368w\" sizes=\"auto, (max-width: 80px) 100vw, 80px\" \/><br \/>\nMin kj\u00e6re kone, v\u00e5r mor,<br \/>\nsvigermor, bestemor, oldemor,<br \/>\ns\u00f8ster, svigerinne og tante<\/p>\n<p style=\"text-align: center;\"><strong>Svanhild Holen<\/strong><br \/>\n<i>f. 4. januar 1941<\/i><\/p>\n<p style=\"text-align: center;\">Sovnet fredfullt inn.<br \/>\nNesset Omsorgssenter<\/p>\n<p style=\"text-align: center;\">Eidsv\u00e5g<br \/>\n13. oktober 2025.<\/p>\n<p style=\"text-align: center;\">Oddmund<\/p>\n<p style=\"text-align: center;\">Terje &#8211; Toril<br \/>\nArild\u2020 &#8211; Joyce<br \/>\nUnni &#8211; Roger<\/p>\n<p style=\"text-align: center;\">Barnebarn og oldebarn<\/p>\n<p style=\"text-align: center;\">\u00d8vrige familie<\/p>\n<p style=\"text-align: center;\"><em>Du lyttet til fuglesang, <\/em><br \/>\n<em>og fant ro ved vannet. <\/em><br \/>\n<em>Takk for omsorgen <\/em><br \/>\n<em>du ga til oss alle<\/em><\/p>\n<p style=\"text-align: center;\">Bisettelse fra Nesset kirke<br \/>\ntorsdag 23. oktober kl. 12:00.<\/p>\n<p style=\"text-align: center;\">Likekj\u00e6rt som blomster er en<br \/>\ngave til Nesset Omsorggsenter<br \/>\nKonto 4214 14 15926, merkes<br \/>\nMed 31704 Svanhild Holen.<\/p>\n<p style=\"text-align: center;\"><a href=\"https:\/\/kirkeland.vareminnesider.no\/memorial_page\/memorial_page_personal_info.php?order_id=4516780&amp;set_site_id=278&amp;cat=home&amp;sign=b6c6f6ecbfa1c2625c831911ccf0a11f\" target=\"_blank\" rel=\"noopener\">Minneside<\/a><br \/>\n________________<br \/>\n30.09<\/p>\n<p style=\"font-weight: 400; text-align: center;\"><img loading=\"lazy\" decoding=\"async\" class=\"alignnone wp-image-43846\" src=\"https:\/\/tingvoll.net\/wp-content\/uploads\/2025\/09\/Skjermbilde-2025-09-30-kl.-21.43.10-300x279.png\" alt=\"\" width=\"66\" height=\"61\" srcset=\"https:\/\/tingvoll.net\/wp-content\/uploads\/2025\/09\/Skjermbilde-2025-09-30-kl.-21.43.10-300x279.png 300w, https:\/\/tingvoll.net\/wp-content\/uploads\/2025\/09\/Skjermbilde-2025-09-30-kl.-21.43.10-172x160.png 172w, https:\/\/tingvoll.net\/wp-content\/uploads\/2025\/09\/Skjermbilde-2025-09-30-kl.-21.43.10.png 340w\" sizes=\"auto, (max-width: 66px) 100vw, 66px\" \/><br \/>\nV\u00e5r gode snille mor, svigermor,<br \/>\nbestemor, oldemor og tante<\/p>\n<p style=\"font-weight: 400; text-align: center;\"><strong>Solveig St\u00f8len<\/strong><\/p>\n<p style=\"font-weight: 400; text-align: center;\">f\u00f8dt 8. mars 1931,<br \/>\nsovnet stille inn i dag.<br \/>\n28. september 2025<\/p>\n<p style=\"font-weight: 400; text-align: center;\"><strong>Aud \u2013 Roar<br \/>\n<\/strong><strong>Unni<br \/>\n<\/strong><strong>Arild<br \/>\n<\/strong><strong>\u00c5ge \u2020<br \/>\n<\/strong><strong>Heidi \u2013 Arne<br \/>\n<\/strong><strong>Villy \u2013 May<\/strong><strong>\u00a0<\/strong><\/p>\n<p style=\"font-weight: 400; text-align: center;\"><strong>Barnebarn<br \/>\n<\/strong><strong>Oldebarn<\/strong><\/p>\n<p style=\"font-weight: 400; text-align: center;\"><strong>\u00d8vrige familie<\/strong><\/p>\n<p style=\"font-weight: 400; text-align: center;\"><em>\u00a0<\/em><em>Aldri var blomstene<br \/>\n<\/em><em>s\u00e5 fine som i dine hender.<br \/>\n<\/em><em>Din kj\u00e6rlighet og omsorg<br \/>\n<\/em><em>har gjort oss rike.<\/em><em>\u00a0<\/em><\/p>\n<p style=\"font-weight: 400; text-align: center;\">Begravelse fra Straumsnes kirke<br \/>\nfredag 3. oktober kl. 12.00.<br \/>\nEtter Solveig sitt \u00f8nske blir det minnestund<br \/>\nfor familien p\u00e5 menighetshuset.<br \/>\n___________________<br \/>\n29.09<br \/>\n<img loading=\"lazy\" decoding=\"async\" class=\"alignnone wp-image-38719\" src=\"https:\/\/tingvoll.net\/wp-content\/uploads\/2025\/07\/kors_bue.png\" alt=\"\" width=\"48\" height=\"75\" srcset=\"https:\/\/tingvoll.net\/wp-content\/uploads\/2025\/07\/kors_bue.png 107w, https:\/\/tingvoll.net\/wp-content\/uploads\/2025\/07\/kors_bue-103x160.png 103w\" sizes=\"auto, (max-width: 48px) 100vw, 48px\" \/><br \/>\nV\u00e5r alles kj\u00e6re<\/p>\n<p style=\"font-weight: 400; text-align: center;\"><strong>Heikki Anssi Johannes \u00c4rnfors<\/strong><strong>\u00a0<\/strong><\/p>\n<p style=\"font-weight: 400; text-align: center;\">f\u00f8dt 21. april 1937,<br \/>\nsovnet inn i dag.<br \/>\nSNR Hjelset\/Torjulv\u00e5gen<br \/>\n19. september 2025<\/p>\n<p style=\"font-weight: 400; text-align: center;\">Gerd \u2020<\/p>\n<p style=\"font-weight: 400; text-align: center;\">Ulla<br \/>\nTony \u2013 Helena &#8211; Lasse<br \/>\nMarko<\/p>\n<p style=\"font-weight: 400; text-align: center;\">Siri, Wenke, \u00c5se<\/p>\n<p style=\"font-weight: 400; text-align: center;\"><strong>\u00d8vrige familie<\/strong><em>\u00a0<\/em><\/p>\n<p style=\"font-weight: 400; text-align: center;\"><em>Du sovnet s\u00e5 stille da reisen var<br \/>\n<\/em><em>slutt, fra alt som deg plaget,<br \/>\n<\/em><em>n\u00e5 hviler du ut.<\/em><em>\u00a0<\/em><\/p>\n<p style=\"font-weight: 400; text-align: center;\">Bisettelsen finner sted<br \/>\ni stillhet etter Heikki sitt \u00f8nske.<br \/>\n______________________<br \/>\n24.08<br \/>\n<img loading=\"lazy\" decoding=\"async\" class=\"alignnone wp-image-38719\" src=\"https:\/\/tingvoll.net\/wp-content\/uploads\/2025\/07\/kors_bue.png\" alt=\"\" width=\"48\" height=\"75\" srcset=\"https:\/\/tingvoll.net\/wp-content\/uploads\/2025\/07\/kors_bue.png 107w, https:\/\/tingvoll.net\/wp-content\/uploads\/2025\/07\/kors_bue-103x160.png 103w\" sizes=\"auto, (max-width: 48px) 100vw, 48px\" \/><br \/>\nMin kj\u00e6re Turid, v\u00e5r gode mamma,<br \/>\nsvigermor, mormor, oldemor,<br \/>\ns\u00f8ster, svigerinne og tante<\/p>\n<p style=\"font-weight: 400; text-align: center;\"><strong>Turid Leirvik<\/strong><\/p>\n<p style=\"font-weight: 400; text-align: center;\">f\u00f8dt 3. august 1949,<br \/>\nd\u00f8de etter lang tids sykdom.<br \/>\nTingvoll<br \/>\n21. august 2025<\/p>\n<p style=\"font-weight: 400; text-align: center;\"><strong>Ottar<\/strong><\/p>\n<p style=\"font-weight: 400; text-align: center;\"><strong>Lone \u2013 Linda<br \/>\n<\/strong><strong>Tanja &#8211; Kim<br \/>\n<\/strong><strong>Mats<\/strong><strong>\u00a0<\/strong><\/p>\n<p style=\"font-weight: 400; text-align: center;\"><strong>Karen, Turid,<br \/>\n<\/strong><strong>Filip Andreas, Julian<\/strong><\/p>\n<p style=\"font-weight: 400; text-align: center;\"><strong>\u00a0<\/strong><strong>Aria Emilie, Liam,<br \/>\n<\/strong><strong>Ailo<\/strong><\/p>\n<p style=\"font-weight: 400; text-align: center;\"><strong>Bonus barnebarn og bonus oldebarn<\/strong><\/p>\n<p style=\"font-weight: 400; text-align: center;\"><strong>\u00d8vrige familie<\/strong><\/p>\n<p style=\"font-weight: 400; text-align: center;\"><em>H\u00f8yt elsket, dypt savnet.<\/em><\/p>\n<p style=\"font-weight: 400; text-align: center;\"><em>\u00a0<\/em>Bisettelse i Tingvoll kirke<br \/>\nfredag 29. august kl. 12:00.<\/p>\n<p style=\"font-weight: 400; text-align: center;\">Like kj\u00e6rt som blomster er en gave til<br \/>\nNormisjon. Minnegave kan gis i kirken,<br \/>\nkontonummer 1503 02 13537,<br \/>\nvipps 10709. Merk gaven med<br \/>\n\u00abMinnegave Turid Leirvik\u00bb<br \/>\nS\u00f8rgeh\u00f8ytideligheten avsluttes i kirken.<br \/>\n_________________<br \/>\n16.08<br \/>\n<img loading=\"lazy\" decoding=\"async\" class=\"alignnone wp-image-38719\" src=\"https:\/\/tingvoll.net\/wp-content\/uploads\/2025\/07\/kors_bue.png\" alt=\"\" width=\"48\" height=\"75\" srcset=\"https:\/\/tingvoll.net\/wp-content\/uploads\/2025\/07\/kors_bue.png 107w, https:\/\/tingvoll.net\/wp-content\/uploads\/2025\/07\/kors_bue-103x160.png 103w\" sizes=\"auto, (max-width: 48px) 100vw, 48px\" \/><\/p>\n<p style=\"text-align: center;\">V\u00e5r snille far, svigerfar,<br \/>\nbestefar, oldefar, bror,<br \/>\nsvoger og onkel<\/p>\n<p style=\"font-weight: 400; text-align: center;\"><strong>Einar W\u00e5gb\u00f8<\/strong><\/p>\n<p style=\"font-weight: 400; text-align: center;\">f\u00f8dt 4. september 1940,<br \/>\nsovnet inn i dag.<br \/>\nTingvoll\/Meisingset<br \/>\n7. august 2025<\/p>\n<p style=\"font-weight: 400; text-align: center;\"><strong>Eivind <\/strong>\u2020<strong>&#8211; Jette<br \/>\n<\/strong><strong>Gjermund \u2013 Aslaug<br \/>\n<\/strong><strong>Stein Roar<\/strong><strong>\u00a0<\/strong><\/p>\n<p style=\"font-weight: 400; text-align: center;\"><strong>Veronica, Erlend, Silje,<br \/>\n<\/strong><strong>Yasmin<\/strong><\/p>\n<p style=\"font-weight: 400; text-align: center;\"><strong>Oldebarn<\/strong><\/p>\n<p style=\"font-weight: 400; text-align: center;\"><strong>Ottar \u2013 Gunnhild<br \/>\n<\/strong><strong>Kjell &#8211; Grete<\/strong><\/p>\n<p style=\"font-weight: 400; text-align: center;\"><strong>\u00d8vrige familie<\/strong><\/p>\n<p style=\"font-weight: 400; text-align: center;\"><em>\u00a0<\/em><em>Hvil i fred. <\/em><\/p>\n<p style=\"font-weight: 400; text-align: center;\">Bisettelsen har funnet sted i stillhet<br \/>\n<span style=\"font-weight: 400;\">etter Einar sitt \u00f8nske.<\/span><br \/>\n_______________<br \/>\n01.08<br \/>\n<img loading=\"lazy\" decoding=\"async\" class=\"alignnone wp-image-38719\" src=\"https:\/\/tingvoll.net\/wp-content\/uploads\/2025\/07\/kors_bue.png\" alt=\"\" width=\"48\" height=\"75\" srcset=\"https:\/\/tingvoll.net\/wp-content\/uploads\/2025\/07\/kors_bue.png 107w, https:\/\/tingvoll.net\/wp-content\/uploads\/2025\/07\/kors_bue-103x160.png 103w\" sizes=\"auto, (max-width: 48px) 100vw, 48px\" \/><\/p>\n<p style=\"font-weight: 400; text-align: center;\">V\u00e5r kj\u00e6re far, bestefar og svigerfar<\/p>\n<p style=\"font-weight: 400; text-align: center;\"><strong>Magne Jostein Bergslid <\/strong><\/p>\n<p style=\"font-weight: 400; text-align: center;\">D\u00f8de fra oss i dag 87 \u00e5r gammel<br \/>\nTingvoll 30. juli<\/p>\n<p style=\"font-weight: 400; text-align: center;\"><em>Jeg har stridd den gode strid, fullf\u00f8rt<br \/>\n<\/em><em>l\u00f8pet og bevart troen<br \/>\n<\/em><em>Timoteus 4:7<\/em><em>\u00a0<\/em><\/p>\n<p style=\"font-weight: 400; text-align: center;\"><strong>Magne Martinus &#8211; Astrid<br \/>\n<\/strong><strong>Kjartan &#8211; Martha<br \/>\n<\/strong><strong>Eldrid <\/strong><strong>\u2020 &#8211; Kjetil<\/strong><strong>\u00a0<\/strong><\/p>\n<p style=\"font-weight: 400; text-align: center;\"><strong>Karen, Magnus, Einar,<br \/>\n<\/strong><strong>Johannes, Inger, Ingrid <\/strong><\/p>\n<p style=\"font-weight: 400; text-align: center;\">Bisettelse i Tingvoll kyrkje<br \/>\nfredag 8. august kl. 12:00<\/p>\n<p style=\"font-weight: 400; text-align: center;\">Heller enn blomster til gravferden<br \/>\n\u00f8nsker vi en gave til: Kirkens N\u00f8dhjelp<br \/>\nKontonummer: 1602 58 89030 Vippsnummer: 746722<br \/>\nMerk gaven med \u00abMinnegave Magne J. Bergslid\u00bb<\/p>\n<p style=\"font-weight: 400; text-align: center;\">Etter bisettelsen er alle velkommen til<br \/>\nminnesamv\u00e6r i Tingvoll menighetshus.<br \/>\n______________<br \/>\n13.07<\/p>\n<p style=\"font-weight: 400; text-align: center;\"><img loading=\"lazy\" decoding=\"async\" class=\"alignnone wp-image-38719\" src=\"https:\/\/tingvoll.net\/wp-content\/uploads\/2025\/07\/kors_bue.png\" alt=\"\" width=\"48\" height=\"75\" srcset=\"https:\/\/tingvoll.net\/wp-content\/uploads\/2025\/07\/kors_bue.png 107w, https:\/\/tingvoll.net\/wp-content\/uploads\/2025\/07\/kors_bue-103x160.png 103w\" sizes=\"auto, (max-width: 48px) 100vw, 48px\" \/><br \/>\nV\u00e5r alles kj\u00e6re<\/p>\n<p style=\"font-weight: 400; text-align: center;\"><strong>Aud Karin Gjul<\/strong><strong>\u00a0<\/strong><\/p>\n<p style=\"font-weight: 400; text-align: center;\">f\u00f8dt 1. juni 1952,<br \/>\nsovnet stille inn i dag.<br \/>\nSNR Hjelset\/V\u00e5gb\u00f8<br \/>\n7. juli 2025<\/p>\n<p style=\"font-weight: 400; text-align: center;\"><strong>Sigmund<\/strong><strong>\u00a0<\/strong><\/p>\n<p style=\"font-weight: 400; text-align: center;\"><strong>Anne<\/strong><\/p>\n<p style=\"font-weight: 400; text-align: center;\"><strong>Gudbj\u00f8rg \u2013 Ivar<br \/>\n<\/strong><strong>Eli<br \/>\n<\/strong><strong>Jorun Marie <\/strong><strong>\u00a0<\/strong><\/p>\n<p style=\"font-weight: 400; text-align: center;\"><strong>Bj\u00f8rn<\/strong><\/p>\n<p style=\"font-weight: 400; text-align: center;\"><strong>\u00d8vrige familie<\/strong><\/p>\n<p style=\"font-weight: 400; text-align: center;\">Bisettelse har funnet sted i stillhet<br \/>\netter Aud Karin sitt \u00f8nske.<br \/>\n_________________<br \/>\n02.07<\/p>\n<p style=\"font-weight: 400; text-align: center;\"><img loading=\"lazy\" decoding=\"async\" class=\"alignnone wp-image-38719\" src=\"https:\/\/tingvoll.net\/wp-content\/uploads\/2025\/07\/kors_bue.png\" alt=\"\" width=\"48\" height=\"75\" srcset=\"https:\/\/tingvoll.net\/wp-content\/uploads\/2025\/07\/kors_bue.png 107w, https:\/\/tingvoll.net\/wp-content\/uploads\/2025\/07\/kors_bue-103x160.png 103w\" sizes=\"auto, (max-width: 48px) 100vw, 48px\" \/><br \/>\nV\u00e5r alles kj\u00e6re<\/p>\n<p style=\"font-weight: 400; text-align: center;\"><strong>Aud Kirsti B\u00f8<\/strong><\/p>\n<p style=\"font-weight: 400; text-align: center;\"><strong>\u00a0<\/strong>f\u00f8dt 7. januar 1946,<br \/>\nsovnet stille inn.<br \/>\nTrondheim<br \/>\n2. juli 2025<\/p>\n<p style=\"font-weight: 400; text-align: center;\"><strong>Magne<\/strong><\/p>\n<p style=\"font-weight: 400; text-align: center;\"><strong>Lars Arne &#8211; Grete<br \/>\n<\/strong><strong>Else &#8211; Trygve<br \/>\n<\/strong><strong>Kristoffer &#8211; Anna<br \/>\n<\/strong><strong>Bernt Olav &#8211; Ann Elisabeth<\/strong><\/p>\n<p style=\"font-weight: 400; text-align: center;\"><strong>Kaia, Johanne, Solveig, Sveinung,<br \/>\n<\/strong><strong>Louise, Adam, Odin, Nora, Sara<\/strong><\/p>\n<p style=\"font-weight: 400; text-align: center;\"><strong>\u00d8vrig familie og venner<\/strong><\/p>\n<p style=\"font-weight: 400; text-align: center;\">Begravelse fra Tingvoll kirke<br \/>\nonsdag 9. juli kl. 12.00.<\/p>\n<p style=\"font-weight: 400; text-align: center;\">Alle er velkommen til kirken og til<br \/>\nminnestund p\u00e5 menighetshuset.<sub>\u00a0<\/sub><\/p>\n<p style=\"font-weight: 400; text-align: center;\">Takk til Lade Hjemmetjeneste og St. Olavs Hospital,<br \/>\nseksjon lindrende behandling.<br \/>\nLike kj\u00e6rt som blomster er en gave til MS-forbundet.<br \/>\nMinnegave kan gis i kirken,<br \/>\np\u00e5\u00a0konto\u00a07038.05.40043\u00a0eller Vipps\u00a096977.<\/p>\n<p style=\"font-weight: 400; text-align: center;\">______________________________<\/p>\n<p style=\"text-align: center;\">08.06<br \/>\n<img loading=\"lazy\" decoding=\"async\" class=\"alignnone wp-image-38719 aligncenter\" src=\"https:\/\/tingvoll.net\/wp-content\/uploads\/2025\/07\/kors_bue.png\" alt=\"\" width=\"55\" height=\"85\" srcset=\"https:\/\/tingvoll.net\/wp-content\/uploads\/2025\/07\/kors_bue.png 107w, https:\/\/tingvoll.net\/wp-content\/uploads\/2025\/07\/kors_bue-103x160.png 103w\" sizes=\"auto, (max-width: 55px) 100vw, 55px\" \/><\/p>\n<p style=\"font-weight: 400; text-align: center;\">Min kj\u00e6re Henry, pappa,<br \/>\nstefar, svigerfar, snille beste,<br \/>\nbror, svoger og onkel<\/p>\n<p style=\"font-weight: 400; text-align: center;\"><strong>Henry Olav Tangmo<\/strong><\/p>\n<p style=\"font-weight: 400; text-align: center;\"><strong>\u00a0<\/strong>f\u00f8dt 7. mai 1940,<br \/>\nsovnet stille inn i dag.<br \/>\nTingvoll<br \/>\n5. juni 2025<\/p>\n<p style=\"font-weight: 400; text-align: center;\"><strong>Astrid<\/strong><\/p>\n<p style=\"font-weight: 400; text-align: center;\"><strong>Heidi Anette \u2013 Nils Rune<br \/>\n<\/strong><strong>Egil \u2013 Kine<\/strong><\/p>\n<p style=\"font-weight: 400; text-align: center;\"><strong>\u00a0<\/strong><strong>Melissa, Brage Alexander og<br \/>\n<\/strong><strong>Zoe Jeanette<\/strong><strong>\u00a0<\/strong><\/p>\n<p style=\"font-weight: 400; text-align: center;\"><strong>Gunnveig<\/strong><\/p>\n<p style=\"font-weight: 400; text-align: center;\"><strong>\u00d8vrige familie<\/strong><\/p>\n<p style=\"font-weight: 400; text-align: center;\"><em>\u00a0<\/em><em>Hvil i fred.<\/em><em>\u00a0<\/em><\/p>\n<p style=\"font-weight: 400; text-align: center;\">Bisettelse i Tingvoll kirke<br \/>\nfredag 13. juni kl. 12.00.<\/p>\n<p style=\"font-weight: 400; text-align: center;\">Alle er velkommen til kirken<br \/>\nog til minnestund<br \/>\np\u00e5 menighetshuset.<\/p>\n<p style=\"font-weight: 400; text-align: center;\">Like kj\u00e6rt som blomster er en gave til<br \/>\nTingvoll sykehjem.<br \/>\n_______________________<br \/>\n18.05<br \/>\n<img loading=\"lazy\" decoding=\"async\" class=\"alignnone wp-image-38719\" src=\"https:\/\/tingvoll.net\/wp-content\/uploads\/2025\/07\/kors_bue.png\" alt=\"\" width=\"55\" height=\"85\" srcset=\"https:\/\/tingvoll.net\/wp-content\/uploads\/2025\/07\/kors_bue.png 107w, https:\/\/tingvoll.net\/wp-content\/uploads\/2025\/07\/kors_bue-103x160.png 103w\" sizes=\"auto, (max-width: 55px) 100vw, 55px\" \/><br \/>\nV\u00e5r kj\u00e6re mor, svigermor,<br \/>\nbestemor, s\u00f8ster og tante<\/p>\n<p style=\"font-weight: 400; text-align: center;\"><strong>Gudrun Aasg\u00e5rd<\/strong><\/p>\n<p style=\"font-weight: 400; text-align: center;\"><strong>\u00a0<\/strong>f\u00f8dt <strong>Sollid<br \/>\n<\/strong>26. juni 1928,<br \/>\n<span style=\"font-size: inherit;\">sovnet stille inn i dag.<\/span><\/p>\n<p style=\"font-weight: 400; text-align: center;\">Tingvoll\/Meisingset<br \/>\n11. mai 2025<\/p>\n<p style=\"font-weight: 400; text-align: center;\"><strong>Ingeborg \u2013 Arnfinn<br \/>\n<\/strong><strong>Unni<\/strong><\/p>\n<p style=\"font-weight: 400; text-align: center;\"><strong>Stig Andre, Frank, Ola,<br \/>\n<\/strong><strong>Kjetil og Jan<\/strong><\/p>\n<p style=\"font-weight: 400; text-align: center;\"><strong>Nelly<\/strong><\/p>\n<p style=\"font-weight: 400; text-align: center;\"><strong>\u00d8vrige familie<\/strong><\/p>\n<p style=\"font-weight: 400; text-align: center;\"><em>Hvil n\u00e5 i fred.<\/em><\/p>\n<p style=\"font-weight: 400; text-align: center;\">Begravelse har funnet sted i stillhet<br \/>\netter Gudrun sitt \u00f8nske.<br \/>\n_________________<br \/>\n04.05<br \/>\n<img loading=\"lazy\" decoding=\"async\" class=\"alignnone wp-image-38719\" src=\"https:\/\/tingvoll.net\/wp-content\/uploads\/2025\/07\/kors_bue.png\" alt=\"\" width=\"55\" height=\"85\" srcset=\"https:\/\/tingvoll.net\/wp-content\/uploads\/2025\/07\/kors_bue.png 107w, https:\/\/tingvoll.net\/wp-content\/uploads\/2025\/07\/kors_bue-103x160.png 103w\" sizes=\"auto, (max-width: 55px) 100vw, 55px\" \/><\/p>\n<p style=\"font-weight: 400; text-align: center;\">Min kj\u00e6re Tor, v\u00e5r snille pappa,<br \/>\nsvigerfar, bestefar og bror<\/p>\n<p style=\"font-weight: 400; text-align: center;\"><strong>Tor Eivind Strand<\/strong><\/p>\n<p style=\"font-weight: 400; text-align: center;\">f\u00f8dt 12. august 1946,<br \/>\nsovnet stille inn i kveld<br \/>\nmed de n\u00e6rmeste rundt seg.<br \/>\nTingvoll<br \/>\n3. mai 2025<\/p>\n<p style=\"font-weight: 400; text-align: center;\"><strong>Ingunn<\/strong><\/p>\n<p style=\"font-weight: 400; text-align: center;\"><strong>Hege &#8211; Simen<br \/>\n<\/strong><strong>Silje \u2013 Jon<\/strong><\/p>\n<p style=\"font-weight: 400; text-align: center;\"><strong>Andrea, Fredrik, Maria,<br \/>\n<\/strong><strong>Matilde og Benjamin<\/strong><\/p>\n<p style=\"font-weight: 400; text-align: center;\"><strong>Gerd<\/strong><\/p>\n<p style=\"font-weight: 400; text-align: center;\"><em>\u00a0<\/em><em>Takk for musikken!<\/em><\/p>\n<p style=\"font-weight: 400; text-align: center;\"><em>\u00a0<\/em>Bisettelse i Tingvoll kirke<br \/>\nfredag 9. mai kl. 12.00.<\/p>\n<p style=\"font-weight: 400; text-align: center;\">Alle er velkommen til kirken og til minnestund<br \/>\np\u00e5 Tingvoll menighetshus.<\/p>\n<p style=\"font-weight: 400; text-align: center;\">Like kj\u00e6rt som blomster er en gave til<br \/>\ndet kirkemusikalske arbeidet i Tingvoll kyrkje.<br \/>\nMinnegave kan gis i kirken og p\u00e5 Vipps 93622084.<br \/>\nTakk til Tingvoll hjemmesykepleie for god pleie og omsorg.<br \/>\n_______________________<br \/>\n27.04<br \/>\n<img loading=\"lazy\" decoding=\"async\" class=\"alignnone wp-image-38719\" src=\"https:\/\/tingvoll.net\/wp-content\/uploads\/2025\/07\/kors_bue.png\" alt=\"\" width=\"55\" height=\"85\" srcset=\"https:\/\/tingvoll.net\/wp-content\/uploads\/2025\/07\/kors_bue.png 107w, https:\/\/tingvoll.net\/wp-content\/uploads\/2025\/07\/kors_bue-103x160.png 103w\" sizes=\"auto, (max-width: 55px) 100vw, 55px\" \/><br \/>\nMin kj\u00e6re kone,<br \/>\nv\u00e5r mor, svigermor og bestemor<\/p>\n<p style=\"font-weight: 400; text-align: center;\"><strong>Kjellrun Bergslid <\/strong><\/p>\n<p style=\"font-weight: 400; text-align: center;\">D\u00f8de fra oss i dag 87 \u00e5r gammel<br \/>\nTingvoll 25.april<\/p>\n<p style=\"font-weight: 400; text-align: center;\"><em>D\u00f8den m\u00e5 vike for Gudsrikets krefter!<br \/>\n<\/em><em>Livet er gjemt i et jordekket fr\u00f8.<br \/>\n<\/em><em>Se, i oppstandelsens tegn skal vi leve.<br \/>\n<\/em><em>Se, i oppstandelsens tegn skal vi d\u00f8. <\/em><\/p>\n<p style=\"font-weight: 400; text-align: center;\"><strong>Magne Jostein <\/strong><\/p>\n<p style=\"font-weight: 400; text-align: center;\"><strong>Magne Martinus &#8211; Astrid<br \/>\n<\/strong><strong>Kjartan &#8211; Martha<br \/>\n<\/strong><strong>Eldrid <\/strong>\u2020<strong> &#8211; Kjetil <\/strong><strong>\u00a0<\/strong><\/p>\n<p style=\"font-weight: 400; text-align: center;\"><strong>Magnus, Karen, Einar,<br \/>\n<\/strong><strong>Johannes, Inger, Ingrid <\/strong><\/p>\n<p style=\"font-weight: 400; text-align: center;\">Bisettelse i Tingvoll kyrkje<br \/>\nfredag 2.mai kl.1200<\/p>\n<p style=\"font-weight: 400; text-align: center;\">Heller enn blomster til gravferden \u00f8nsker vi en gave til:<br \/>\nDet norske misjonsselskap (NMS)<br \/>\nKontonummer: 8220 02 85057<br \/>\nVippsnummer: 807964<br \/>\nMerk gaven med \u00abMinnegave Kjellrun Bergslid\u00bb<br \/>\nEtter bisettelsen er alle velkommen til<br \/>\nminnesamv\u00e6r i Tingvoll menighetshus.<br \/>\n_____________________<br \/>\n03.04<br \/>\n<img loading=\"lazy\" decoding=\"async\" class=\"alignnone wp-image-1723\" src=\"https:\/\/tingvoll.net\/new\/wp-content\/uploads\/2022\/03\/dodsannonsse_anker.png\" alt=\"\" width=\"63\" height=\"68\" \/><img loading=\"lazy\" decoding=\"async\" class=\"alignnone wp-image-38719\" src=\"https:\/\/tingvoll.net\/wp-content\/uploads\/2025\/07\/kors_bue.png\" alt=\"\" width=\"55\" height=\"85\" srcset=\"https:\/\/tingvoll.net\/wp-content\/uploads\/2025\/07\/kors_bue.png 107w, https:\/\/tingvoll.net\/wp-content\/uploads\/2025\/07\/kors_bue-103x160.png 103w\" sizes=\"auto, (max-width: 55px) 100vw, 55px\" \/><\/p>\n<p style=\"font-weight: 400; text-align: center;\">Min kj\u00e6re Kristian, v\u00e5r gode far,<br \/>\nsvigerfar, bestefar, oldefar<br \/>\nog onkel<\/p>\n<p style=\"font-weight: 400; text-align: center;\"><strong>Kristian M. O. Kristiansen<\/strong><strong>\u00a0<\/strong><\/p>\n<p style=\"font-weight: 400; text-align: center;\">f\u00f8dt 23. september 1932,<br \/>\nsovnet stille inn i dag.<br \/>\nKristiansund\/Kvisvik<br \/>\n1. april 2025<\/p>\n<p style=\"font-weight: 400; text-align: center;\"><strong>Elbj\u00f8rg<\/strong><strong>\u00a0<\/strong><\/p>\n<p style=\"font-weight: 400; text-align: center;\"><strong>Kjell Ove<br \/>\n<\/strong><strong>Trygve \u2013 Tove Kristin<br \/>\n<\/strong><strong>Kristin \u2013 Sigurd<br \/>\n<\/strong><strong>Jorunn<\/strong><strong>\u00a0<\/strong><\/p>\n<p style=\"font-weight: 400; text-align: center;\"><strong>Barnebarn<\/strong><\/p>\n<p style=\"font-weight: 400; text-align: center;\"><strong>\u00a0<\/strong><strong>Oldebarn<\/strong><\/p>\n<p style=\"font-weight: 400; text-align: center;\"><strong>\u00d8vrige familie<\/strong><\/p>\n<p style=\"font-weight: 400; text-align: center;\"><em>Takk for alle gode minner.<br \/>\n<\/em><em>Hvil i fred. <\/em><em>\u00a0<\/em><\/p>\n<p style=\"font-weight: 400; text-align: center;\">Bisettelse i Straumsnes kirke<br \/>\nonsdag 9. april kl. 12.00.<\/p>\n<p style=\"font-weight: 400; text-align: center;\">Like kj\u00e6rt som blomster er en gave til<br \/>\nSj\u00f8mannskirken- Norge.<br \/>\nMinnegave kan gis i kirken, p\u00e5 konto<br \/>\n8220.02.83240 eller vipps 10406.<br \/>\nGaven merkes med Kristian sitt navn.<\/p>\n<p style=\"font-weight: 400; text-align: center;\">S\u00f8rgeh\u00f8ytideligheten avsluttes i kirken.<br \/>\n__________________________<br \/>\n30.03<br \/>\n<img loading=\"lazy\" decoding=\"async\" class=\"alignnone wp-image-38719\" src=\"https:\/\/tingvoll.net\/wp-content\/uploads\/2025\/07\/kors_bue.png\" alt=\"\" width=\"55\" height=\"85\" srcset=\"https:\/\/tingvoll.net\/wp-content\/uploads\/2025\/07\/kors_bue.png 107w, https:\/\/tingvoll.net\/wp-content\/uploads\/2025\/07\/kors_bue-103x160.png 103w\" sizes=\"auto, (max-width: 55px) 100vw, 55px\" \/><\/p>\n<p style=\"text-align: center;\">V\u00e5r kj\u00e6re mor, svigermor,<br \/>\nfarmor, mormor, oldemor, s\u00f8ster,<br \/>\nsvigerinne og tante.<\/p>\n<p style=\"text-align: center;\"><strong>Jorunn Fjeldset<\/strong><br \/>\nf\u00f8dt <strong>Aasb\u00f8<\/strong><br \/>\n19.juli 1939,<br \/>\nd\u00f8de fredfullt fra oss idag.<br \/>\nTingvoll<br \/>\n29.mars 2025<\/p>\n<p style=\"text-align: center;\"><strong>Stig &#8211; Tove<br \/>\n<\/strong><strong style=\"font-size: inherit;\">Inge<\/strong><strong><img loading=\"lazy\" decoding=\"async\" class=\"alignnone wp-image-1725\" src=\"https:\/\/tingvoll.net\/new\/wp-content\/uploads\/2022\/03\/kors_bue.png\" sizes=\"auto, (max-width: 39px) 100vw, 39px\" srcset=\"https:\/\/tingvoll.net\/new\/wp-content\/uploads\/2022\/03\/kors_bue.png 107w, https:\/\/tingvoll.net\/new\/wp-content\/uploads\/2022\/03\/kors_bue-103x160.png 103w\" alt=\"\" width=\"13\" height=\"21\" \/><\/strong><strong><br \/>\nIngebj\u00f8rg &#8211; Odd Arild<\/strong><\/p>\n<p style=\"text-align: center;\"><strong>Espen, Endre, Emil og<br \/>\nJoakim<\/strong><\/p>\n<p style=\"text-align: center;\"><strong>Tuva, Leon, Isak, Emilie,<\/strong><br \/>\n<strong>Odin og Linnea<\/strong><\/p>\n<p style=\"text-align: center;\">\u00d8vrige familie<\/p>\n<p style=\"text-align: center;\"><em>Husk meg slik jeg engang var,<\/em><br \/>\n<em>da foten var rask og tanken klar.\u00a0<\/em><\/p>\n<p style=\"text-align: center;\">Begravelse fra Tingvoll kirke<br \/>\nfredag 4. april kl. 12:00.<\/p>\n<p style=\"text-align: center;\">Like kj\u00e6rt som blomster er en gave til<br \/>\nHjemmetjenesten indre Tingvoll.<br \/>\nMinnegave kan gis i kirken og p\u00e5<br \/>\nVipps 47636458.<br \/>\nS\u00f8rgeh\u00f8ytidligheten avsluttes ved graven.<\/p>\n<p style=\"text-align: center;\">___________________<br \/>\n22.02<\/p>\n<p style=\"text-align: center;\"><img loading=\"lazy\" decoding=\"async\" class=\"alignnone wp-image-38719\" src=\"https:\/\/tingvoll.net\/wp-content\/uploads\/2025\/07\/kors_bue.png\" alt=\"\" width=\"55\" height=\"85\" srcset=\"https:\/\/tingvoll.net\/wp-content\/uploads\/2025\/07\/kors_bue.png 107w, https:\/\/tingvoll.net\/wp-content\/uploads\/2025\/07\/kors_bue-103x160.png 103w\" sizes=\"auto, (max-width: 55px) 100vw, 55px\" \/><img loading=\"lazy\" decoding=\"async\" class=\"alignnone wp-image-27612\" src=\"https:\/\/tingvoll.net\/new\/wp-content\/uploads\/2025\/02\/kors_hvitt-206x300.png\" alt=\"\" width=\"47\" height=\"68\" srcset=\"https:\/\/tingvoll.net\/wp-content\/uploads\/2025\/02\/kors_hvitt-206x300.png 206w, https:\/\/tingvoll.net\/wp-content\/uploads\/2025\/02\/kors_hvitt-110x160.png 110w, https:\/\/tingvoll.net\/wp-content\/uploads\/2025\/02\/kors_hvitt.png 412w\" sizes=\"auto, (max-width: 47px) 100vw, 47px\" \/><br \/>\nMi kj\u00e6re kone, v\u00e5r gode mor,<br \/>\nsvigermor, bestemor og oldemor<\/p>\n<p style=\"text-align: center;\"><strong>Karen Barstein<\/strong><\/p>\n<p style=\"text-align: center;\">f\u00f8dt Holmeide 19 mai 1934<br \/>\nd\u00f8de fra oss idag,.<br \/>\nMolde 19. februar 2025.<\/p>\n<p style=\"text-align: center;\"><strong>Leif Erling<\/strong><\/p>\n<p style=\"text-align: center;\"><strong>Kristin Rune<\/strong><br \/>\n<strong>Dag Arild Elisebet<\/strong><\/p>\n<p style=\"text-align: center;\"><strong>H\u00e5vard og Linn<\/strong><br \/>\n<strong>Adrian og Christina,<\/strong><\/p>\n<p style=\"text-align: center;\"><strong>Thea og Jarand, Oleanna<\/strong><br \/>\n(barnebarn)<\/p>\n<p style=\"text-align: center;\"><strong>Mille, William og Felix<\/strong><br \/>\n(oldebarn)<\/p>\n<p style=\"text-align: center;\">Husk meg for den jeg var, den<br \/>\ngang. Foten var rask og tanken klar.<\/p>\n<p style=\"text-align: center;\">Alltid kj\u00e6rlig, god og snill<br \/>\nVi deg aldri glemme vil.<\/p>\n<p style=\"text-align: center;\">Seremonien vil foreg\u00e5 med den<br \/>\nN\u00e6rmeste familien tilstede.<br \/>\n<b><\/b>____________________________<br \/>\n26.01<\/p>\n<p style=\"font-weight: 400; text-align: center;\"><img loading=\"lazy\" decoding=\"async\" class=\"alignnone wp-image-26407\" src=\"https:\/\/tingvoll.net\/new\/wp-content\/uploads\/2025\/01\/fjell-300x300.png\" alt=\"\" width=\"96\" height=\"96\" srcset=\"https:\/\/tingvoll.net\/wp-content\/uploads\/2025\/01\/fjell-300x300.png 300w, https:\/\/tingvoll.net\/wp-content\/uploads\/2025\/01\/fjell-1024x1024.png 1024w, https:\/\/tingvoll.net\/wp-content\/uploads\/2025\/01\/fjell-150x150.png 150w, https:\/\/tingvoll.net\/wp-content\/uploads\/2025\/01\/fjell-768x768.png 768w, https:\/\/tingvoll.net\/wp-content\/uploads\/2025\/01\/fjell-1536x1536.png 1536w, https:\/\/tingvoll.net\/wp-content\/uploads\/2025\/01\/fjell-600x600.png 600w, https:\/\/tingvoll.net\/wp-content\/uploads\/2025\/01\/fjell-160x160.png 160w, https:\/\/tingvoll.net\/wp-content\/uploads\/2025\/01\/fjell.png 2000w\" sizes=\"auto, (max-width: 96px) 100vw, 96px\" \/><br \/>\nV\u00e5r alles kj\u00e6re<\/p>\n<p style=\"font-weight: 400; text-align: center;\"><strong>Eilert Kolbj\u00f8rn Spon\u00e5s<\/strong><strong>\u00a0<\/strong><\/p>\n<p style=\"font-weight: 400; text-align: center;\">f\u00f8dt 15. januar 1941<br \/>\nd\u00f8de etter kort tids sykeleie.<br \/>\nKristiansund\/Torjulv\u00e5gen<br \/>\n21. januar 2025<strong>\u00a0<\/strong><\/p>\n<p style=\"font-weight: 400; text-align: center;\"><strong>Jon Gunnar \u2013 Kristine<br \/>\n<\/strong><strong>Ellen<br \/>\n<\/strong><strong>Frank <\/strong><strong>\u00a0<\/strong><\/p>\n<p style=\"font-weight: 400; text-align: center;\"><strong>Julie, Ingeborg, Jonatan,<br \/>\n<\/strong><strong>John og Martin<\/strong><\/p>\n<p style=\"font-weight: 400; text-align: center;\"><strong>\u00d8vrige familie<\/strong><\/p>\n<p style=\"font-weight: 400; text-align: center;\"><em>Takk for alle gode minner.<br \/>\n<\/em><em>Hvil i fred<\/em><\/p>\n<p style=\"font-weight: 400; text-align: center;\">Etter Eilert sitt \u00f8nske vil<br \/>\nbisettelse finne sted i stillhet.<br \/>\n_________<br \/>\n05.01<br \/>\n<img loading=\"lazy\" decoding=\"async\" class=\"alignnone wp-image-38719\" src=\"https:\/\/tingvoll.net\/wp-content\/uploads\/2025\/07\/kors_bue.png\" alt=\"\" width=\"55\" height=\"85\" srcset=\"https:\/\/tingvoll.net\/wp-content\/uploads\/2025\/07\/kors_bue.png 107w, https:\/\/tingvoll.net\/wp-content\/uploads\/2025\/07\/kors_bue-103x160.png 103w\" sizes=\"auto, (max-width: 55px) 100vw, 55px\" \/><\/p>\n<p style=\"text-align: center;\">Min kj\u00e6re Arnljot, min far,<br \/>\nstefar, bestefar, oldefar, bror,<br \/>\nsvoger og onkel<\/p>\n<p style=\"font-weight: 400; text-align: center;\"><strong>Arnljot S\u00e6tevik<\/strong><\/p>\n<p style=\"font-weight: 400; text-align: center;\"><strong>\u00a0<\/strong>f\u00f8dt 18. mars 1931,<br \/>\nsovnet stille inn i dag.<br \/>\nGjemnes\/Tingvoll<br \/>\n31. desember 2024<\/p>\n<p style=\"font-weight: 400; text-align: center;\"><strong>Ingunn<\/strong><\/p>\n<p style=\"font-weight: 400; text-align: center;\"><strong>Arne<\/strong><\/p>\n<p style=\"font-weight: 400; text-align: center;\"><strong>Cathrine<br \/>\n<\/strong><strong>Stian<\/strong><\/p>\n<p style=\"font-weight: 400; text-align: center;\"><strong>\u00a0<\/strong><strong>Line, Marius og Malin<\/strong><strong>\u00a0<\/strong><\/p>\n<p style=\"font-weight: 400; text-align: center;\"><strong>Emma Eline, Patrick og<br \/>\n<\/strong><strong>Linnea Sofie<\/strong><\/p>\n<p style=\"font-weight: 400; text-align: center;\"><strong>\u00d8vrige familie<\/strong><\/p>\n<p style=\"font-weight: 400; text-align: center;\"><em>\u00a0<\/em><em>Alltid positiv,<br \/>\n<\/em><em>alltid snill,<br \/>\n<\/em><em>du vil alltid savnes.<\/em><em>\u00a0<\/em><\/p>\n<p style=\"font-weight: 400; text-align: center;\">Bisettelse i Tingvoll kirke<br \/>\nfredag 10. januar kl. 12.00.<\/p>\n<p style=\"font-weight: 400; text-align: center;\">Alle er velkommen til kirken og til minnestund<br \/>\np\u00e5 Meisingset bedehus.<\/p>\n","protected":false},"excerpt":{"rendered":"<p>29.12 V\u00e5r kj\u00e6re mamma, svigermor, bestemor, oldemor og tante Astrid Teilg\u00e5rd \u00a0f\u00f8dt B\u00f8ifot 14. juni 1927, sovnet stille inn i dag. Gjemnes\/Aspa 23. desember 2025 Jakob \u2013 Helga Per Arne \u2013 Pia Anna Marie \u2013 Iver Jan Jan Henrik, Kristin, Lars Petter \u2020, Liv, Maria, Aske, Marton, Aleksander \u00a0June, Nora, Thea, Pil, Vester, Eir, Runa &#8230; <a title=\"D\u00f8dsfall 2025\" class=\"read-more\" href=\"https:\/\/tingvoll.net\/index.php\/dodsfall-2025\/\" aria-label=\"Read more about D\u00f8dsfall 2025\">Les mer<\/a><\/p>\n","protected":false},"author":10,"featured_media":0,"parent":0,"menu_order":0,"comment_status":"closed","ping_status":"closed","template":"","meta":{"footnotes":""},"class_list":["post-26169","page","type-page","status-publish"],"_links":{"self":[{"href":"https:\/\/tingvoll.net\/index.php\/wp-json\/wp\/v2\/pages\/26169","targetHints":{"allow":["GET"]}}],"collection":[{"href":"https:\/\/tingvoll.net\/index.php\/wp-json\/wp\/v2\/pages"}],"about":[{"href":"https:\/\/tingvoll.net\/index.php\/wp-json\/wp\/v2\/types\/page"}],"author":[{"embeddable":true,"href":"https:\/\/tingvoll.net\/index.php\/wp-json\/wp\/v2\/users\/10"}],"replies":[{"embeddable":true,"href":"https:\/\/tingvoll.net\/index.php\/wp-json\/wp\/v2\/comments?post=26169"}],"version-history":[{"count":26,"href":"https:\/\/tingvoll.net\/index.php\/wp-json\/wp\/v2\/pages\/26169\/revisions"}],"predecessor-version":[{"id":44138,"href":"https:\/\/tingvoll.net\/index.php\/wp-json\/wp\/v2\/pages\/26169\/revisions\/44138"}],"wp:attachment":[{"href":"https:\/\/tingvoll.net\/index.php\/wp-json\/wp\/v2\/media?parent=26169"}],"curies":[{"name":"wp","href":"https:\/\/api.w.org\/{rel}","templated":true}]}}