{"id":274,"date":"2022-03-26T08:22:07","date_gmt":"2022-03-26T08:22:07","guid":{"rendered":"https:\/\/tingvoll.net\/new\/?page_id=274"},"modified":"2022-03-26T11:24:07","modified_gmt":"2022-03-26T11:24:07","slug":"dodsfall-2021","status":"publish","type":"page","link":"https:\/\/tingvoll.net\/index.php\/dodsfall-2021\/","title":{"rendered":"D\u00f8dsfall 2021"},"content":{"rendered":"\r\n<div class=\"wp-block-columns is-layout-flex wp-container-core-columns-is-layout-9d6595d7 wp-block-columns-is-layout-flex\" style=\"text-align: center;\">\r\n<div class=\"wp-block-column is-layout-flow wp-block-column-is-layout-flow\" style=\"flex-basis: 100%;\">\r\n<div class=\"wp-block-group\"><div class=\"wp-block-group__inner-container is-layout-flow wp-block-group-is-layout-flow\">\r\n<p class=\"has-text-align-center\">30.12<br \/><img decoding=\"async\" src=\"\/images\/dodsfall\/kors_bue.png\" width=\"34\" \/><\/p>\r\n\r\n\r\n\r\n<p class=\"has-text-align-center\">V\u00e5r kj\u00e6re<\/p>\r\n\r\n\r\n\r\n<p class=\"has-text-align-center\">\u00a0<strong>Inger Olden<\/strong><\/p>\r\n\r\n\r\n\r\n<p class=\"has-text-align-center\">\u00a0f\u00f8dt\u00a0<strong>Aasprang\u00a0<br \/><\/strong>12. august 1949,<br \/>sovnet stille inn i dag.<br \/>Kristiansund\/Gyl<br \/>20. desember 2021\u00a0<\/p>\r\n\r\n\r\n\r\n<p class=\"has-text-align-center\"><strong>Jan Ingar<\/strong><\/p>\r\n\r\n\r\n\r\n<p class=\"has-text-align-center\"><strong>Janne Iren \u2013 Kristian<br \/><\/strong><strong>Lena \u2013 Knut<\/strong><strong>\u00a0<\/strong><\/p>\r\n\r\n\r\n\r\n<p class=\"has-text-align-center\"><strong>Helene<br \/><\/strong><strong>Audun<\/strong>\u00a0<\/p>\r\n\r\n\r\n\r\n<p class=\"has-text-align-center\"><strong>\u00d8vrige familie,<br \/><\/strong><strong>naboer og venner<\/strong><em>\u00a0<\/em><\/p>\r\n\r\n\r\n\r\n<p class=\"has-text-align-center\">Bisettelsen har funnet sted.<br \/>_________________________________________<br \/>20.12<br \/><img decoding=\"async\" src=\"\/images\/dodsfall\/kors_bue.png\" width=\"34\" \/><\/p>\r\n\r\n\r\n\r\n<p class=\"has-text-align-center\">Min kj\u00e6re mann, v\u00e5r gode far<br \/>og svigerfar, snille bestefar,<br \/>bror, svoger og onkel\u00a0<\/p>\r\n\r\n\r\n\r\n<p class=\"has-text-align-center\"><strong>Anders Naalsund<\/strong><\/p>\r\n\r\n\r\n\r\n<p class=\"has-text-align-center\">f\u00f8dt 15. november 1945,<br \/>d\u00f8de br\u00e5tt fra oss i dag.<br \/>Kristiansund\/N\u00e5lsund<br \/>16.desember 2021<\/p>\r\n\r\n\r\n\r\n<p class=\"has-text-align-center\"><strong>Anne\u00a0<\/strong><\/p>\r\n\r\n\r\n\r\n<p class=\"has-text-align-center\"><strong>\u00a0<\/strong><strong>Ingrid \u2013 Stig\u00a0Atle<br \/><\/strong><strong>Ivar \u00a0 \u00a0 \u00a0 \u00a0 \u00a0 \u00a0 \u00a0 \u00a0 \u00a0 \u00a0 \u00a0\u00a0<\/strong><\/p>\r\n\r\n\r\n\r\n<p class=\"has-text-align-center\"><strong>\u00a0Silje \u2013 Ole Herman\u00a0<br \/><\/strong><strong>Reidun \u2013 Ruben<br \/><\/strong><strong>Astrid<\/strong><strong>\u00a0<\/strong><\/p>\r\n\r\n\r\n\r\n<p class=\"has-text-align-center\"><strong>Ingfrid<br \/><\/strong><strong>Liv &#8211; Terje<\/strong><\/p>\r\n\r\n\r\n\r\n<p class=\"has-text-align-center\">\u00a0<strong>\u00d8vrige familie<\/strong><em>\u00a0<\/em><\/p>\r\n\r\n\r\n\r\n<p class=\"has-text-align-center\"><em>Du var oss s\u00e5 kj\u00e6r,<br \/><\/em><em>derfor s\u00e5 tung \u00e5 miste.<\/em><em>\u00a0<\/em><\/p>\r\n\r\n\r\n\r\n<p class=\"has-text-align-center\">Begravelse fra Straumsnes kirke<br \/>onsdag 22. desember kl. 12.00.\u00a0<\/p>\r\n\r\n\r\n\r\n<p class=\"has-text-align-center\">Grunnet dagens restriksjoner<br \/>blir seremonien i kirken<br \/>forbeholdt n\u00e6r familie<br \/>og inviterte.<br \/>______________________________________________<br \/>06.12<br \/><img decoding=\"async\" src=\"\/images\/dodsfall\/kors_bue.png\" width=\"34\" \/><\/p>\r\n\r\n\r\n\r\n<p class=\"has-text-align-center\">Min kj\u00e6re \u00c5se, snille mamma,<br \/>svigermor, mormor, farmor,<br \/>s\u00f8ster, svigerinne og tante\u00a0<\/p>\r\n\r\n\r\n\r\n<p class=\"has-text-align-center\"><strong>\u00c5se Marie T\u00f8rrlenn<\/strong><\/p>\r\n\r\n\r\n\r\n<p class=\"has-text-align-center\">f\u00f8dt\u00a0<strong>Sletbakk\u00a0<br \/><\/strong>16.desember 1953,<br \/>d\u00f8de br\u00e5tt fra oss i dag.<br \/>Tingvoll<br \/>3. desember 2021<\/p>\r\n\r\n\r\n\r\n<p class=\"has-text-align-center\">\u00a0<strong>John Aage<\/strong><strong>\u00a0<\/strong><\/p>\r\n\r\n\r\n\r\n<p class=\"has-text-align-center\"><strong>Lisa \u2013 Svein Aslak<br \/><\/strong><strong>Patrick \u2013 Barbro<\/strong><strong>\u00a0<\/strong><\/p>\r\n\r\n\r\n\r\n<p class=\"has-text-align-center\"><strong>H\u00e5kon, Nils Fredrik,<br \/><\/strong><strong>Kevin, Nataniel,<br \/><\/strong><strong>Mira og Viola<\/strong><\/p>\r\n\r\n\r\n\r\n<p class=\"has-text-align-center\"><strong>\u00d8vrige familie<\/strong><em>\u00a0<\/em><\/p>\r\n\r\n\r\n\r\n<p class=\"has-text-align-center\"><em>Borte for alltid,<br \/><\/em><em>men likevel n\u00e6r,<br \/><\/em><em>du var oss s\u00e5 inderlig kj\u00e6r.<br \/><\/em><em>Din kj\u00e6rlighet, godhet<br \/><\/em><em>vil aldri bli glemt,<br \/><\/em><em>innerst i hjertet<br \/><\/em><em>har vi deg gjemt.\u00a0<\/em><\/p>\r\n\r\n\r\n\r\n<p class=\"has-text-align-center\"><em>\u00a0<\/em>Begravelse fra Tingvoll kirke<br \/>fredag 10. desember kl. 12.00.\u00a0<\/p>\r\n\r\n\r\n\r\n<p class=\"has-text-align-center\">Alle er velkommen til kirken og<br \/>til minnestund p\u00e5 menighetshuset.<\/p>\r\n\r\n\r\n\r\n<p class=\"has-text-align-center\">\u00a0Like kj\u00e6rt som blomster er en gave til<br \/>Alzheimer-forskningen p\u00e5 Kavli-instituttet.<br \/>Vippsnr. 696680\u00a0<br \/>Kontonr. 4202 17 13168<br \/>Gaven merkes med \u00c5se sitt navn.<br \/>__________________________________________________<br \/>02.12<br \/><img decoding=\"async\" src=\"\/images\/dodsfall\/kors_bue.png\" width=\"34\" \/><\/p>\r\n\r\n\r\n\r\n<p class=\"has-text-align-center\">V\u00e5r inderlig kj\u00e6re\u00a0<\/p>\r\n\r\n\r\n\r\n<p class=\"has-text-align-center\"><strong>Ingveldur Margot Hessen<\/strong>\u00a0<\/p>\r\n\r\n\r\n\r\n<p class=\"has-text-align-center\">f\u00f8dt 31. oktober 1926,<br \/>sovnet stille inn i dag.<br \/>Tingvoll<br \/>29.november 2021<\/p>\r\n\r\n\r\n\r\n<p class=\"has-text-align-center\"><strong>Eli<br \/><\/strong><strong>Arve \u2013 Karina<br \/><\/strong><strong>Nikolai<br \/><\/strong><strong>Sander<br \/><\/strong><strong>Sidsel \u2013 Tomas<br \/><\/strong><strong>Janne<\/strong><\/p>\r\n\r\n\r\n\r\n<p class=\"has-text-align-center\"><strong>\u00a0<\/strong><strong>\u00d8vrige familie<\/strong><\/p>\r\n\r\n\r\n\r\n<p class=\"has-text-align-center\"><em>\u00a0<\/em>Begravelse fra Tingvoll kirke<br \/>onsdag 8. desember kl. 11.00.<br \/>B\u00e5ren f\u00f8res til \u00c5lesund gravlund<br \/>etter seremonien i kirken.\u00a0<\/p>\r\n\r\n\r\n\r\n<p class=\"has-text-align-center\">Alle er velkommen til kirken og til<br \/>minnestund p\u00e5 menighetshuset.<br \/>____________________________________<br \/>25.11<\/p>\r\n\r\n\r\n\r\n<figure class=\"wp-block-image\"><img decoding=\"async\" src=\"\/images\/dodsfall\/hjerte.jpeg\" alt=\"\" \/><\/figure>\r\n\r\n\r\n\r\n<p>V\u00e5r kj\u00e6re far, svigerfar, bestefar,<br \/>oldefar, bror, svoger og onkel<\/p>\r\n\r\n\r\n\r\n<p><strong>Arne Lothe<\/strong><\/p>\r\n\r\n\r\n\r\n<p>f. 29.06.31,<br \/>d\u00f8de fra oss i dag etter<br \/>et kort tids sykeleie.<br \/>Tingvoll\/Straumsnes<br \/>22. november 2021 \u00a0<\/p>\r\n\r\n\r\n\r\n<p><strong>J\u00f8rund \u2013 Anita<br \/>Gunvor \u2013 Magne<br \/>Anne Turid \u2013 Stig<br \/><\/strong><\/p>\r\n\r\n\r\n\r\n<p><strong>Aleksander \u2013 Linn Malin<br \/>Yngvild \u00a0&#8211; Lawrence<br \/>H\u00e5vard \u2013 Farida<br \/>Kristoffer<br \/>Trude \u2013 Geir Inge<br \/>Ine Charlotte \u2013 Joakim<\/strong><\/p>\r\n\r\n\r\n\r\n<p><strong>Daniella, Mathias, Oliver,<br \/>Gustav, Carmen og J\u00e6ger<\/strong><\/p>\r\n\r\n\r\n\r\n<p>\u00d8vrige familie<\/p>\r\n\r\n\r\n\r\n<p><em>H\u00f8yt elsket, dypt savnet<\/em><\/p>\r\n\r\n\r\n\r\n<p>\u00a0Bisettelse i\u00a0Straumsnes\u00a0kirke<br \/>fredag 3. desember kl. 11.00.<\/p>\r\n\r\n\r\n\r\n<p>\u00a0S\u00f8rgeh\u00f8ytideligheten avsluttes i kirken<\/p>\r\n\r\n\r\n\r\n<p>__________________________________________<br \/>15.11.21<br \/><img decoding=\"async\" src=\"\/images\/dodsfall\/kors_bue.png\" width=\"34\" \/><br \/>V\u00e5r kj\u00e6re mor, svigermor,<br \/>bestemor, s\u00f8ster, svigerinne<br \/>og tante\u00a0<\/p>\r\n\r\n\r\n\r\n<p><strong>Eva Marie Heggset<\/strong><\/p>\r\n\r\n\r\n\r\n<p>f\u00f8dt\u00a0<strong>Hansen<br \/><\/strong>3. desember 1939,<br \/>d\u00f8de i troen p\u00e5<br \/>sin Frelser.<br \/>Tingvoll<br \/>13. november 2021\u00a0<\/p>\r\n\r\n\r\n\r\n<p><strong>J\u00f8rn \u2013 Kari Merethe<br \/><\/strong><strong>Einar \u2013 Monica<br \/><\/strong><strong>Dag \u2013 Solveig<br \/><\/strong><strong>St\u00e5le \u2013 Monica Therese<\/strong><strong>\u00a0<\/strong><\/p>\r\n\r\n\r\n\r\n<p><strong>Merethe, Vegard, Runar,<br \/><\/strong><strong>Hallvard, Kristoffer,<br \/><\/strong><strong>Elise, Marie, Kristine,\u00a0<br \/><\/strong><strong>Anette og Seline<\/strong><strong>\u00a0<\/strong><\/p>\r\n\r\n\r\n\r\n<p><strong>\u00d8vrige familie<\/strong><\/p>\r\n\r\n\r\n\r\n<p><em>Deg v\u00e6re \u00e6re,\u00a0<br \/><\/em><em>Herre over d\u00f8dens makt!<\/em><strong>\u00a0<\/strong><\/p>\r\n\r\n\r\n\r\n<p>Begravelse fra Tingvoll kirke<br \/>onsdag 24. november kl. 12.00.<\/p>\r\n\r\n\r\n\r\n<p>\u00a0Alle er velkommen til kirken<br \/>og til minnestund p\u00e5 Menighetshuset.\u00a0<\/p>\r\n\r\n\r\n\r\n<p>Like kj\u00e6rt som blomster er en<br \/>gave til barnehjem i Thailand.<br \/>________________________________________________________<br \/>19.10.21<br \/><img decoding=\"async\" src=\"\/images\/dodsfall\/kors_bue.png\" width=\"34\" \/><br \/>V\u00e5r kj\u00e6re pappa, svigerfar,<br \/>morfar og bestefar, oldefar,<br \/>bror, svoger og onkel\u00a0<\/p>\r\n\r\n\r\n\r\n<p><strong>Petter Folkedahl Knutsen<\/strong><\/p>\r\n\r\n\r\n\r\n<p>f\u00f8dt 14. april 1943<br \/>d\u00f8de br\u00e5tt fra oss.<br \/>Asp\u00f8ya<br \/>17. oktober 2021\u00a0<\/p>\r\n\r\n\r\n\r\n<p><strong>Torill \u2013 Hans Olav<br \/><\/strong><strong>Arnt Erik \u2013 Marthe<\/strong><strong>\u00a0<\/strong><\/p>\r\n\r\n\r\n\r\n<p><strong>Sten Andr\u00e8, Joachim,<br \/><\/strong><strong>Malin, Leon, Linnea Marie,<br \/><\/strong><strong>Helene, Monika<br \/><\/strong><strong>og Stepanie<\/strong><strong>\u00a0<\/strong><\/p>\r\n\r\n\r\n\r\n<p><strong>Maria<\/strong>\u00a0<\/p>\r\n\r\n\r\n\r\n<p><strong>Eivind &#8211; Signe<\/strong><\/p>\r\n\r\n\r\n\r\n<p><strong>Kjell Arild\u00a0<\/strong><\/p>\r\n\r\n\r\n\r\n<p><strong>\u00d8vrige familie<\/strong><\/p>\r\n\r\n\r\n\r\n<p><em>\u00a0<\/em>Begravelse fra Straumsnes kirke<br \/>onsdag 27. oktober kl. 12.00.\u00a0<\/p>\r\n\r\n\r\n\r\n<p>Like kj\u00e6rt som blomster er en<br \/>gave til Kreftforeningen.\u00a0<\/p>\r\n\r\n\r\n\r\n<p>S\u00f8rgeh\u00f8ytideligheten avsluttes ved graven.<br \/>__________________________________________<br \/>06.10.21<br \/><img decoding=\"async\" src=\"\/images\/dodsfall\/kors_bue.png\" width=\"34\" \/><br \/>V\u00e5r kj\u00e6re gode mor og svigermor,<br \/>v\u00e5r snille bestemor og oldemor,<br \/>min venn, s\u00f8ster, svigerinne og tante<\/p>\r\n\r\n\r\n\r\n<p>\u00a0<strong>\u00c5se Nastad<\/strong><strong>\u00a0<\/strong><\/p>\r\n\r\n\r\n\r\n<p>f\u00f8dt\u00a0<strong>Aune\u00a0<br \/><\/strong>4. januar 1937<br \/>sovnet stille inn i dag.<\/p>\r\n\r\n\r\n\r\n<p>Tingvoll\/Nastad<br \/>3. oktober 2021\u00a0<\/p>\r\n\r\n\r\n\r\n<p><strong>Kristin \u2013 Ola<br \/><\/strong><strong>Jan Erik \u2013 Aslaug<br \/><\/strong><strong>Geir \u00a0 \u00a0 \u00a0 \u00a0<\/strong><strong>\u00a0<\/strong><\/p>\r\n\r\n\r\n\r\n<p><strong>Thomas, Unni, Tore,<br \/><\/strong><strong>Malin, Kristine og Hanne<\/strong><\/p>\r\n\r\n\r\n\r\n<p><strong>Tim, Tea og Elin<\/strong><\/p>\r\n\r\n\r\n\r\n<p><strong>Nils Anton<\/strong><\/p>\r\n\r\n\r\n\r\n<p><strong>\u00d8vrige familie<\/strong><\/p>\r\n\r\n\r\n\r\n<p><em>Det kom en dag<br \/><\/em><em>en stille vind,<br \/><\/em><em>og str\u00f8k s\u00e5 \u00f8mt<br \/><\/em><em>ditt trette kinn,<br \/><\/em><em>liksom et lys<br \/><\/em><em>som slukner ut,<br \/><\/em><em>din livsdag n\u00e5<br \/><\/em><em>har tatt sin slutt.\u00a0<\/em><\/p>\r\n\r\n\r\n\r\n<p><em>\u00a0<\/em>Begravelse fra Straumsnes kirke<br \/>onsdag 13. oktober kl. 12.00.\u00a0<\/p>\r\n\r\n\r\n\r\n<p>Like kj\u00e6rt som blomster er en gave til<br \/>Tingvoll sykehjem.\u00a0<\/p>\r\n\r\n\r\n\r\n<p>S\u00f8rgeh\u00f8ytideligheten avsluttes ved graven.<br \/>________________________________________<br \/>05.10.21<br \/><img decoding=\"async\" src=\"\/images\/dodsfall\/kors_bue.png\" width=\"34\" \/><br \/>V\u00e5r kj\u00e6re bror, svoger,<br \/>onkel og grandonkel\u00a0<\/p>\r\n\r\n\r\n\r\n<p><strong>Ola Bj\u00f8rn Husby<\/strong><\/p>\r\n\r\n\r\n\r\n<p>f\u00f8dt 19. november 1931,<br \/>d\u00f8de fra oss i dag.<br \/>Tingvoll<br \/>3. oktober 2021\u00a0<\/p>\r\n\r\n\r\n\r\n<p><strong>Tove<\/strong><\/p>\r\n\r\n\r\n\r\n<p><strong>Sigmund<br \/><\/strong><strong>Nils<\/strong><\/p>\r\n\r\n\r\n\r\n<p>\u00a0<strong>\u00d8vrige familie<\/strong><em>\u00a0<\/em><\/p>\r\n\r\n\r\n\r\n<p>Bisettelse i Tingvoll kirke<br \/>fredag 8. oktober kl. 12.00.\u00a0<\/p>\r\n\r\n\r\n\r\n<p>Like kj\u00e6rt som blomster er en gave til<br \/>Tingvoll sykehjem.<\/p>\r\n\r\n\r\n\r\n<p>S\u00f8rgeh\u00f8ytideligheten avsluttes i kirken.\u00a0<br \/>_______________________________________________<br \/>20.09.21<\/p>\r\n\r\n\r\n\r\n<figure class=\"wp-block-image\"><img loading=\"lazy\" decoding=\"async\" class=\"\" src=\"\/images\/dodsfall\/kors_bue.png\" alt=\"\" width=\"53\" height=\"83\" \/><\/figure>\r\n\r\n\r\n\r\n<p>V\u00e5r kj\u00e6re snille Faster<\/p>\r\n\r\n\r\n\r\n<p><strong>\u00a0Marit Holmeide<\/strong><\/p>\r\n\r\n\r\n\r\n<p>\u00a0f\u00f8dt 16. januar 1919,<br \/>sovnet stille inn i dag.<br \/>Tingvoll<br \/>16. september 2021\u00a0<\/p>\r\n\r\n\r\n\r\n<p><strong>\u00a0Magnhild<br \/>Eldbj\u00f8rg<br \/>Jorun<br \/>Fredrik<\/strong><\/p>\r\n\r\n\r\n\r\n<p><strong>med familier<\/strong><\/p>\r\n\r\n\r\n\r\n<p>\u00a0<strong>\u00d8vrige familie<\/strong><\/p>\r\n\r\n\r\n\r\n<p>\u00a0S\u00e5 kom dagen og siste timen,<br \/>livets vei ved ende var.<br \/>Takk for \u00e5r og alle stunder,<br \/>takk for alt du for oss var.<\/p>\r\n\r\n\r\n\r\n<p>\u00a0Bisettelse i\u00a0Tingvoll\u00a0kirke<br \/>fredag 24. september kl. 12.00.<br \/>Velkommen til kirken.<\/p>\r\n\r\n\r\n\r\n<p>\u00a0Like kj\u00e6rt som blomster er en gave til<br \/>Solh\u00f8gda leirsted.\u00a0<\/p>\r\n\r\n\r\n\r\n<p>\u00a0S\u00f8rgeh\u00f8ytideligheten avsluttes i kirken.<\/p>\r\n\r\n\r\n\r\n<p>________________________________________<br \/>13.09.21<\/p>\r\n\r\n\r\n\r\n<p><img decoding=\"async\" src=\"\/images\/dodsfall\/kors_bue.png\" width=\"34\" \/><br \/>V\u00e5r snille mamma,<br \/>svigermor og mormor\u00a0<\/p>\r\n\r\n\r\n\r\n<p><strong>Berit Arna Kamsv\u00e5g<\/strong><\/p>\r\n\r\n\r\n\r\n<p>f\u00f8dt 12. mars 1944,<br \/>d\u00f8de fra oss i dag.<br \/>Molde\/\u00d8ydegard<br \/>8. september 2021\u00a0<\/p>\r\n\r\n\r\n\r\n<p><strong>Elin \u2013 Eivin<br \/><\/strong><strong>Lill Anja \u2013 Ove Stian<\/strong><strong>\u00a0<\/strong><\/p>\r\n\r\n\r\n\r\n<p><strong>Tanya<br \/><\/strong><strong>Amalie<br \/><\/strong><strong>Jonas\u00a0<br \/><\/strong><strong>Jennie<\/strong>\u00a0<\/p>\r\n\r\n\r\n\r\n<p><strong>\u00d8vrige familie<\/strong><\/p>\r\n\r\n\r\n\r\n<p><em>\u00a0Jeg finner nok frem.<br \/><\/em><em>D\u00f8den er ikke s\u00e5 skremmende som f\u00f8r.<br \/><\/em><em>Folk jeg var glad i har g\u00e5tt foran\u00a0<br \/><\/em><em>og kvistet l\u00f8ype.<br \/><\/em><em>De var skogs\u201dkarer\u201d og fjellvante.<br \/><\/em><em>Jeg finner nok frem.<\/em><em>\u00a0<\/em><\/p>\r\n\r\n\r\n\r\n<p>Bisettelse i Straumsnes kirke<br \/>onsdag 22. september kl. 12.00.<br \/>Velkommen til kirken.\u00a0<\/p>\r\n\r\n\r\n\r\n<p>S\u00f8rgeh\u00f8ytideligheten avsluttes i kirken.<br \/>__________________________________________<br \/>24.08.21<\/p>\r\n\r\n\r\n\r\n<figure class=\"wp-block-image\"><img loading=\"lazy\" decoding=\"async\" class=\"\" src=\"\/images\/dodsfall\/kors_bue.png\" alt=\"\" width=\"56\" height=\"87\" \/><\/figure>\r\n\r\n\r\n\r\n<p>V\u00e5r kj\u00e6re mor, svigermor,<br \/>bestemor, s\u00f8ster, svigerinne\u00a0<br \/>og tante\u00a0<\/p>\r\n\r\n\r\n\r\n<p><strong>Gunda Meringdal Hanem<\/strong><\/p>\r\n\r\n\r\n\r\n<p>\u00a0f\u00f8dt 13. juni 1938,<br \/>sovnet stille inn i dag.<br \/>Tingvoll<br \/>22. august 2021\u00a0\u00a0<\/p>\r\n\r\n\r\n\r\n<p><strong>Guri Ellen \u2013 St\u00e5le\u00a0<\/strong><br \/><strong>Peder \u2013 Reidun<br \/>Gunnar \u00a0<\/strong><\/p>\r\n\r\n\r\n\r\n<p><strong>\u00a0Linus, Magnus, Tor Erling<br \/>og Vilde\u00a0<\/strong><\/p>\r\n\r\n\r\n\r\n<p><strong>\u00d8vrige familie<\/strong><\/p>\r\n\r\n\r\n\r\n<p>V\u00e5r alles kj\u00e6re,<br \/>hvil i fred.\u00a0\u00a0<\/p>\r\n\r\n\r\n\r\n<p>Bisettelse i\u00a0Tingvoll\u00a0kirke<br \/>fredag 3. september kl. 12.00.<\/p>\r\n\r\n\r\n\r\n<p>Velkommen til kirken.<\/p>\r\n\r\n\r\n\r\n<p>Like kj\u00e6rt som blomster er en gave til<br \/>Alzheimer-forskningen p\u00e5 Kavli-instituttet.<br \/>Vippsnr. 696680\u00a0<br \/>Kontonr. 4202 17 13168<\/p>\r\n\r\n\r\n\r\n<p>Gaven merkes med Gunda sitt navn.\u00a0<\/p>\r\n\r\n\r\n\r\n<p>S\u00f8rgeh\u00f8ytideligheten avsluttes i kirken.<\/p>\r\n\r\n\r\n\r\n<p>________________________________________________<br \/>20.08.21<br \/><img loading=\"lazy\" decoding=\"async\" class=\"\" src=\"\/images\/dodsfall\/kors_bue.png\" width=\"45\" height=\"70\" \/><\/p>\r\n\r\n\r\n\r\n<p>Min kj\u00e6re Sikstein, v\u00e5r snille pappa,<br \/>svigerfar, bestefar, oldefar, bror,<br \/>svoger og onkel\u00a0<\/p>\r\n\r\n\r\n\r\n<p><strong>Sikstein Paul Harald Stor\u00f8y<\/strong><\/p>\r\n\r\n\r\n\r\n<p>f\u00f8dt 11. juni 1936,<br \/>d\u00f8de br\u00e5tt fra oss i dag.<br \/>Lie<br \/>17.august 2021<\/p>\r\n\r\n\r\n\r\n<p><strong>Eldbj\u00f8rg<\/strong><strong>\u00a0<\/strong><\/p>\r\n\r\n\r\n\r\n<p><strong>Sigrun \u2013 Arne Louis<br \/><\/strong><strong>Ellinor \u2013 St\u00e5le<br \/><\/strong><strong>Erik \u2013 Anniken<\/strong><strong>\u00a0<\/strong><\/p>\r\n\r\n\r\n\r\n<p><strong>Veronika, Maria, Stig Arild,<br \/><\/strong><strong>St\u00e5le Andre, Vegard, Aina,<br \/><\/strong><strong>Emilie og Amanda Helene<\/strong><strong>\u00a0<\/strong><\/p>\r\n\r\n\r\n\r\n<p><strong>Leon, Elias og Sofie<\/strong><\/p>\r\n\r\n\r\n\r\n<p><strong>\u00d8vrige familie<\/strong><em>\u00a0<\/em><\/p>\r\n\r\n\r\n\r\n<p><em>S\u00e5 kom dagen og siste timen,<br \/><\/em><em>livets vei ved ende var.<br \/><\/em><em>Takk for \u00e5r og alle stunder,<br \/><\/em><em>takk for alt du for oss var.<\/em><em>\u00a0<\/em><\/p>\r\n\r\n\r\n\r\n<p>Begravelse fra Straumsnes kirke<br \/>fredag 27. august kl. 12.00.<\/p>\r\n\r\n\r\n\r\n<p>Velkommen til kirken.<\/p>\r\n\r\n\r\n\r\n<p>\u00a0S\u00f8rgeh\u00f8ytideligheten avsluttes ved graven.<br \/>____________________________________________________<br \/>06.08.21<br \/><img decoding=\"async\" src=\"\/images\/dodsfall\/kors_bue.png\" width=\"34\" \/><br \/>Min kj\u00e6re Arne, v\u00e5r snille far,<br \/>svigerfar, morfar, farfar, oldefar,<br \/>bror, svoger og onkel\u00a0<\/p>\r\n\r\n\r\n\r\n<p><strong>Arne A. Kanestr\u00f8m<\/strong><\/p>\r\n\r\n\r\n\r\n<p>f\u00f8dt 27. september 1940,<br \/>d\u00f8de br\u00e5tt fra oss i dag.<br \/>Tingvoll<br \/>4. august 2021\u00a0<\/p>\r\n\r\n\r\n\r\n<p><strong>Lotten<\/strong><\/p>\r\n\r\n\r\n\r\n<p><strong>Maria \u2013 Einar\u00a0<br \/><\/strong><strong>Stefan \u2013 Tone Lise<\/strong><strong>\u00a0<\/strong><\/p>\r\n\r\n\r\n\r\n<p><strong>Elisabet, Erling, Katrine,<br \/><\/strong><strong>Lise og Anders<\/strong><strong>\u00a0<\/strong><\/p>\r\n\r\n\r\n\r\n<p><strong>Malin<\/strong><\/p>\r\n\r\n\r\n\r\n<p><strong>\u00d8vrige familie<\/strong><\/p>\r\n\r\n\r\n\r\n<p><em>\u00a0<\/em><em>Du sovnet s\u00e5 stille<br \/><\/em><em>da reisen var slutt<br \/><\/em><em>for alt som deg plaget,\u00a0<br \/><\/em><em>n\u00e5 hviler du ut.\u00a0<\/em><em>\u00a0<\/em><\/p>\r\n\r\n\r\n\r\n<p>Begravelse fra Straumsnes kirke<br \/>onsdag 11. august kl. 12.00.<br \/>Velkommen til kirken.\u00a0<\/p>\r\n\r\n\r\n\r\n<p>Like kj\u00e6rt som blomster er en gave til<br \/>Tingvoll sjukeheim.<\/p>\r\n\r\n\r\n\r\n<p>\u00a0S\u00f8rgeh\u00f8ytideligheten avsluttes ved graven.<br \/>_________________________________________________<br \/>26.07.21<\/p>\r\n\r\n\r\n\r\n<p><img decoding=\"async\" src=\"\/images\/dodsfall\/kors_bue.png\" width=\"34\" \/><br \/>V\u00e5r kj\u00e6re mor, svigermor,<br \/>bestemor, oldemor, s\u00f8ster og tante\u00a0<\/p>\r\n\r\n\r\n\r\n<p><strong>Gjertrud Reitan<\/strong><\/p>\r\n\r\n\r\n\r\n<p>f\u00f8dt\u00a0<strong>Waagen\u00a0<\/strong>12. oktober 1926<strong>,<br \/><\/strong>sovnet stille inn i dag.<br \/>Tingvoll<br \/>24. juli 2021<br \/><br \/><strong>Einar Bj\u00f8rn \u00a0 \u00a0\u00a0<br \/><\/strong><strong>Gustav\u00a0\u00a0\u00a0\u00a0 Eva\u00a0<br \/><\/strong><strong>\u00a0 \u00a0 \u00a0 \u00a0 \u00a0 \u00a0 \u00a0 \u00a0 \u00a0 \u00a0 \u00a0 \u00a0Oddveig<br \/><\/strong><strong>\u00a0 \u00a0\u00d8yvind\u00a0 \u00a0\u00a0Hanne<br \/><\/strong><strong>\u00a0Jonny \u00a0\u00a0\u00a0\u00a0\u00a0Hilde<\/strong><strong>\u00a0<\/strong><\/p>\r\n\r\n\r\n\r\n<p><strong>Barnebarn<br \/><\/strong><strong>Oldebarn<\/strong><strong>\u00a0<\/strong><\/p>\r\n\r\n\r\n\r\n<p><strong>Toralv<br \/><\/strong>(bror)\u00a0<\/p>\r\n\r\n\r\n\r\n<p><strong>\u00d8vrige familie<\/strong><\/p>\r\n\r\n\r\n\r\n<p><em>\u00a0<\/em><em>\u00a0Hjertet som banket for andre,<br \/><\/em><em>for alltid har stilnet av.<br \/><\/em><em>To flittige hender er foldet<br \/><\/em><em>som aldri tok, men gav.\u00a0<\/em><em>\u00a0<\/em><\/p>\r\n\r\n\r\n\r\n<p>Bisettelse i Tingvoll kirke<br \/>fredag 30. juli kl. 12.00.<br \/>Velkommen til kirken.<\/p>\r\n\r\n\r\n\r\n<p>\u00a0Like kj\u00e6rt som blomster er en gave til<br \/>Tingvoll sjukeheim.\u00a0<\/p>\r\n\r\n\r\n\r\n<p>S\u00f8rgeh\u00f8ytideligheten avsluttes i kirken.<br \/>____________________________________<br \/>13.07.21<br \/><img decoding=\"async\" src=\"\/images\/dodsfall\/kors_bue.png\" width=\"34\" \/><\/p>\r\n\r\n\r\n\r\n<p>Min kj\u00e6re Tina, v\u00e5r snille mamma,<br \/>svigermor, bestemor, s\u00f8ster,<br \/>svigerinne og tante\u00a0<\/p>\r\n\r\n\r\n\r\n<p><strong>Tina Eide<\/strong><\/p>\r\n\r\n\r\n\r\n<p>f\u00f8dt\u00a0<strong>Tasney\u00a0<\/strong>18. juni 1960,<br \/>sovnet stille inn i dag.<br \/>Molde\/Tingvoll<br \/>10. juli 2021\u00a0<\/p>\r\n\r\n\r\n\r\n<p><strong>Bj\u00f8rn<\/strong><\/p>\r\n\r\n\r\n\r\n<p><strong>Kim \u2013 Unni Beate<br \/><\/strong><strong>Lasse \u2013 Randi<\/strong><strong>\u00a0<\/strong><\/p>\r\n\r\n\r\n\r\n<p><strong>Dennis, Dani,<br \/><\/strong><strong>Linus og Theo<\/strong><strong>\u00a0<\/strong><\/p>\r\n\r\n\r\n\r\n<p><strong>Susan<br \/><\/strong><strong>Paul<\/strong>\u00a0<\/p>\r\n\r\n\r\n\r\n<p><strong>Ketil<br \/><\/strong><strong>Ivar<\/strong><strong>\u00a0<\/strong><\/p>\r\n\r\n\r\n\r\n<p><strong>\u00d8vrige familie<\/strong><\/p>\r\n\r\n\r\n\r\n<p>Begravelse fra Tingvoll kirke<br \/>fredag 16. juli kl. 12.00.\u00a0<\/p>\r\n\r\n\r\n\r\n<p>Like kj\u00e6rt som blomster er en gave til<br \/>kreftforeningen.<br \/>Kontornr. 5005 05 05151\u00a0<br \/>\u00a0 \u00a0 \u00a0 \u00a0 \u00a0Vipps 2288\u00a0\u00a0\u00a0\u00a0\u00a0\u00a0\u00a0\u00a0\u00a0\u00a0<\/p>\r\n\r\n\r\n\r\n<p>S\u00f8rgeh\u00f8ytideligheten avsluttes ved graven.<br \/>_____________________________________<br \/>08.07.21<br \/><img decoding=\"async\" src=\"\/images\/dodsfall\/kors_bue.png\" width=\"34\" \/><\/p>\r\n\r\n\r\n\r\n<p>Min kj\u00e6re s\u00f8ster, svigerinne<br \/>og tante\u00a0<\/p>\r\n\r\n\r\n\r\n<p><strong>Marte Margrethe Balstad<\/strong><\/p>\r\n\r\n\r\n\r\n<p>f\u00f8dt 6. juli 1949,<br \/>sovnet stille inn i dag.<br \/>Kristiansund\/Tingvoll<br \/>5. juli 2021\u00a0<\/p>\r\n\r\n\r\n\r\n<p><strong>Dagrun \u2013 H\u00e5vard<\/strong><\/p>\r\n\r\n\r\n\r\n<p><strong>Dag \u2013 Mona<\/strong><\/p>\r\n\r\n\r\n\r\n<p><strong>Marte \u2013 Martin<br \/><\/strong><strong>Elin \u00a0<\/strong><\/p>\r\n\r\n\r\n\r\n<p><strong>\u00d8vrige familie<\/strong><\/p>\r\n\r\n\r\n\r\n<p><em>\u00a0<\/em><em>Stille du gikk gjennom livet,<br \/><\/em><em>var trofast og \u00e6rlig og snill.<br \/><\/em><em>For alt du var for oss alle,<br \/><\/em><em>vi minnes og takke vil.<\/em><em>\u00a0<\/em><\/p>\r\n\r\n\r\n\r\n<p>Bisettelse i Tingvoll kirke<br \/>onsdag 14. juli kl. 12.00.<br \/>Velkommen til kirken.\u00a0<\/p>\r\n\r\n\r\n\r\n<p>S\u00f8rgeh\u00f8ytideligheten avsluttes i kirken.<br \/>______________________________________<br \/>25.06.21<br \/><img decoding=\"async\" src=\"\/images\/dodsfall\/kors_bue.png\" width=\"34\" \/><\/p>\r\n\r\n\r\n\r\n<p>Min kj\u00e6re bror\u00a0<\/p>\r\n\r\n\r\n\r\n<p><strong>Ola Hals<\/strong><\/p>\r\n\r\n\r\n\r\n<p>f\u00f8dt 16. juli 1931,<br \/>sovnet stille inn i dag.<br \/>Kristiansund\/Straumsnes<br \/>23. juni 2021\u00a0<\/p>\r\n\r\n\r\n\r\n<p><strong>Britt<\/strong><\/p>\r\n\r\n\r\n\r\n<p><strong>\u00d8vrige familie<\/strong><\/p>\r\n\r\n\r\n\r\n<p><em>Stille kom d\u00f8den,<br \/><\/em><em>kom som en venn.<br \/><\/em><em>Gud tok bror ved h\u00e5nden<br \/><\/em><em>og f\u00f8rte han hjem.<\/em><em>\u00a0<\/em><\/p>\r\n\r\n\r\n\r\n<p>Begravelse fra Straumsnes kirke<br \/>fredag 2. juli kl. 12.00.<\/p>\r\n\r\n\r\n\r\n<p>Velkommen til kirken.\u00a0<\/p>\r\n\r\n\r\n\r\n<p>S\u00f8rgeh\u00f8ytideligheten avsluttes ved graven.<br \/>______________________________________<br \/>07.06.21<br \/><img decoding=\"async\" src=\"\/images\/dodsfall\/kors_bue.png\" width=\"34\" \/><br \/>V\u00e5r kj\u00e6re mor, svigermor,<br \/>snille bestemor, oldemor, s\u00f8ster,<br \/>svigerinne og tante\u00a0<\/p>\r\n\r\n\r\n\r\n<p><strong>Oline Hafskj\u00e6r<\/strong><strong>\u00a0<\/strong><\/p>\r\n\r\n\r\n\r\n<p>f\u00f8dt\u00a0<strong>Liab\u00f8<br \/><\/strong>2. november 1930,<br \/>sovnet stille inn i dag.<br \/>Arnvika<br \/>4. juni 2021\u00a0<\/p>\r\n\r\n\r\n\r\n<p><strong>Lars Edvard \u2013 Kari<br \/><\/strong><strong>K\u00e5re \u2013 Karin<br \/><\/strong><strong>Oddvar \u2013 Siw Elin<br \/><\/strong><strong>\u00c5se \u2013 Harald<br \/><\/strong><strong>Arne \u2013 Birgit<br \/><\/strong><strong>Liv \u2013 Magnus<br \/><\/strong><strong>Helge \u2013 Tove<br \/><\/strong><strong>Elisabet\u00a0<br \/><\/strong><strong>Olav Asbj\u00f8rn \u2013 \u00c5se<\/strong><strong>\u00a0<\/strong><\/p>\r\n\r\n\r\n\r\n<p><strong>Barnebarn<\/strong><strong>\u00a0<\/strong><\/p>\r\n\r\n\r\n\r\n<p><strong>Oldebarn<\/strong><\/p>\r\n\r\n\r\n\r\n<p><strong>\u00d8vrige familie<\/strong><\/p>\r\n\r\n\r\n\r\n<p><em>\u00a0<\/em><em>Savnet er stort,<br \/><\/em><em>men vi unner deg hvilen.<\/em><em>\u00a0<\/em><\/p>\r\n\r\n\r\n\r\n<p>Bisettelse i Straumsnes kirke<br \/>fredag 11. juni kl. 12.00.\u00a0<\/p>\r\n\r\n\r\n\r\n<p>\u00a0Grunnet dagens restriksjoner<br \/>blir seremonien i kirken<br \/>forbeholdt n\u00e6r familie<br \/>og inviterte.\u00a0<\/p>\r\n\r\n\r\n\r\n<p>Like kj\u00e6rt som blomster er en gave til<br \/>hjemmesykepleien ytre.<br \/>Kontonr. 4050 07 30031<br \/>merkes \u201dminnegave ytre\u201d.\u00a0<\/p>\r\n\r\n\r\n\r\n<p>S\u00f8rgeh\u00f8ytideligheten avsluttes i kirken.<br \/>______________________________<br \/>20.05.21<br \/><img decoding=\"async\" src=\"\/images\/dodsfall\/kors_bue.png\" width=\"34\" \/><\/p>\r\n\r\n\r\n\r\n<p>V\u00e5r far, svigerfar, bestefar,<br \/>bror, svoger og onkel\u00a0<\/p>\r\n\r\n\r\n\r\n<p><strong>Ludvik Ulset<\/strong><\/p>\r\n\r\n\r\n\r\n<p>f\u00f8dt 14. oktober 1937,<br \/>sovnet stille inn i dag.<br \/>Molde\/Grimstadh\u00f8gda<br \/>18. mai 2021\u00a0<\/p>\r\n\r\n\r\n\r\n<p><strong>Frode \u2013 Thea Elise<br \/><\/strong><strong>Terje \u2013 Ma Cristina<br \/><\/strong><strong>Lena \u2013 Bj\u00f8rn Magne\u00a0<\/strong><strong>\u00a0<\/strong><\/p>\r\n\r\n\r\n\r\n<p><strong>Cayla Ciana<br \/><\/strong><strong>\u00a0Willy \u2013 Liv Margith<br \/><\/strong><strong>Ola<\/strong>\u00a0<\/p>\r\n\r\n\r\n\r\n<p><strong>\u00d8vrige familie<\/strong><\/p>\r\n\r\n\r\n\r\n<p>Begravelse fra Straumsnes kirke<br \/>fredag 28. mai kl 12:00.\u00a0<\/p>\r\n\r\n\r\n\r\n<p>Grunnet dagens restriksjoner<br \/>blir seremonien i kirken<br \/>forbeholdt n\u00e6r familie<br \/>og inviterte.\u00a0<\/p>\r\n\r\n\r\n\r\n<p>Like kj\u00e6rt som blomster er en gave til<br \/>Skytterlaget.<br \/>Kontonr. 3910 68 42608\u00a0<\/p>\r\n\r\n\r\n\r\n<p>Vennligst ingen kondolanser ved graven.<br \/>____________________________________<br \/>14.05.21<br \/><img decoding=\"async\" src=\"\/images\/dodsfall\/kors_bue.png\" width=\"34\" \/><\/p>\r\n\r\n\r\n\r\n<p>V\u00e5r kj\u00e6re mor, svigermor,<br \/>mormor, oldemor, s\u00f8ster,<br \/>svigerinne og tante\u00a0<\/p>\r\n\r\n\r\n\r\n<p><strong>Maja<br \/><\/strong><strong>Maria Melby<br \/><\/strong>f\u00f8dt\u00a0<strong>Vassli\u00a0<br \/><\/strong>7. november 1932,<br \/>sovnet inn i dag.<br \/>Tingvoll<br \/>11. mai 2021<\/p>\r\n\r\n\r\n\r\n<p>\u00a0<strong>Sidsel \u2013 Thore<br \/><\/strong><strong>Inger \u00a0 \u00a0 \u00a0 \u00a0 \u00a0 \u00a0 \u00a0\u00a0<br \/><\/strong><strong>Turid \u2013 Ole Egil<\/strong><\/p>\r\n\r\n\r\n\r\n<p><strong>Hilde, Marit, Sigrun,<br \/><\/strong><strong>Aslak, Emil og Jo<\/strong><\/p>\r\n\r\n\r\n\r\n<p><strong>\u00a0<\/strong><strong>Sigrid, Oda, Thale,<br \/><\/strong><strong>Emma, Elina og Odin<\/strong><strong>\u00a0<\/strong><\/p>\r\n\r\n\r\n\r\n<p><strong>\u00d8vrige familie<\/strong><\/p>\r\n\r\n\r\n\r\n<p><em>\u00a0<\/em><em>\u201dLivet er en underlig ting<br \/><\/em><em>som hendte meg p\u00e5 vegen til grava&raquo;\u00a0<br \/><\/em>(Quentin Crisp)<em>\u00a0<\/em><\/p>\r\n\r\n\r\n\r\n<p>Begravelse fra Tingvoll kirke<br \/>fredag 21. mai kl 12.00.<br \/>Velkommen til kirken.<\/p>\r\n\r\n\r\n\r\n<p>\u00a0Like kj\u00e6rt som blomster er en<br \/>gave til Vonheim.<br \/>Kontonr. 4050 07 30031<br \/>Gaven merkes etterlattegave Vonheim.<\/p>\r\n\r\n\r\n\r\n<p>\u00a0S\u00f8rgeh\u00f8ytideligheten avsluttes ved graven.<br \/>________________________________________________<br \/>17.03.21<br \/><img loading=\"lazy\" decoding=\"async\" src=\"\/images\/dodsfall\/havsule_annonse.png\" width=\"75\" height=\"75\" \/><br \/><br \/>V\u00e5r kj\u00e6re mamma, svigermor,<br \/>beste, oldemor, s\u00f8ster, svigerinne og<br \/>tante\u00a0<\/p>\r\n\r\n\r\n\r\n<p><strong>Gunnbj\u00f8rg Hol<\/strong><\/p>\r\n\r\n\r\n\r\n<p>f\u00f8dt 13. april 1944,<br \/>d\u00f8de br\u00e5tt og uventet.<br \/>Tingvoll<br \/>12. mars 2021\u00a0<\/p>\r\n\r\n\r\n\r\n<p><strong>Frank Egil \u2013 Peggy<br \/><\/strong><strong>Svein Aslak \u2013 Lisa<br \/><\/strong><strong>Odd Iver \u2013 Karine<\/strong><\/p>\r\n\r\n\r\n\r\n<p><strong>Jonas \u2013 Ritta<br \/><\/strong><strong>Ida Marie<br \/><\/strong><strong>Markus &#8211; Victoria<br \/><\/strong><strong>Mikal \u2013 Natalie<br \/><\/strong><strong>Julie \u2013 Hern\u00e0n<br \/><\/strong><strong>Fredrik<br \/><\/strong><strong>H\u00e5kon<br \/><\/strong><strong>Nils<br \/><\/strong><strong>Mari \u2013 Ole<br \/><\/strong><strong>Simen \u2013 Anne<br \/><\/strong><strong>Elvira<br \/><\/strong><strong>Aurora<\/strong><\/p>\r\n\r\n\r\n\r\n<p><strong>Edvard Penehupifo<br \/><\/strong><strong>Martha Lise Hangana<\/strong><br \/><strong>Kris martin Aihe\u00a0<\/strong><\/p>\r\n\r\n\r\n\r\n<p>\u00a0<strong>\u00d8vrige familie<\/strong><\/p>\r\n\r\n\r\n\r\n<p><em>Du er dypt savnet<\/em><\/p>\r\n\r\n\r\n\r\n<p>Bisettelse i Tingvoll kirke<br \/>fredag 26. mars kl. 12.00.<\/p>\r\n\r\n\r\n\r\n<p>\u00a0Grunnet dagens restriksjoner<br \/>blir seremonien i kirken<br \/>forbeholdt n\u00e6r familie<br \/>og inviterte.<\/p>\r\n\r\n\r\n\r\n<p>\u00a0S\u00f8rgeh\u00f8ytideligheten avsluttes i kirken.<br \/>________________________________________<br \/>15.03.21<\/p>\r\n\r\n\r\n\r\n<p><strong><br \/>Einar Holmeide<\/strong><\/p>\r\n\r\n\r\n\r\n<p>f\u00f8dt 6. april 1925,<br \/>d\u00f8de i dag.<br \/>Tingvoll<br \/>13. mars 2021\u00a0<\/p>\r\n\r\n\r\n\r\n<p><strong>Eivind \u2013 Gunlaug<br \/><\/strong><strong>Bent<br \/><\/strong><strong>Mona<\/strong>\u00a0<\/p>\r\n\r\n\r\n\r\n<p><strong>Barnebarn<br \/><\/strong><strong>Oldebarn<\/strong>\u00a0<\/p>\r\n\r\n\r\n\r\n<p><strong>\u00d8vrige familie<\/strong><\/p>\r\n\r\n\r\n\r\n<p>Bisettelse vil finne sted i stillhet.<br \/><br \/>Like kj\u00e6rt som blomster er en gave til<br \/>Vonheim.<br \/>Kontonr. 4050 07 30031<br \/>Gaven merkes etterlattegave Vonheim.<br \/><br \/>________________________________<br \/>04.03.21<br \/><br \/><img decoding=\"async\" src=\"\/images\/dodsfall\/trohapkjarlighet.jpeg\" alt=\"\" \/><br \/><br \/>Min kj\u00e6re John, v\u00e5r snille pappa,<br \/>svigerfar, bestefar, oldefar, bror,<br \/>svoger og onkel\u00a0<\/p>\r\n\r\n\r\n\r\n<p><strong>John Andreas Einvik<\/strong><\/p>\r\n\r\n\r\n\r\n<p>f\u00f8dt 8. november 1938,<br \/>sovnet stille inn i dag.<br \/>Tingvoll<br \/>2. mars 2021\u00a0<\/p>\r\n\r\n\r\n\r\n<p><strong>Solveig<\/strong><\/p>\r\n\r\n\r\n\r\n<p><strong>Einar Johan \u2013 Marit<br \/><\/strong><strong>Rolf \u2013 May Jorid<br \/><\/strong><strong>Asbj\u00f8rg \u2013 Petter<\/strong><\/p>\r\n\r\n\r\n\r\n<p><strong>\u00a0\u00d8ystein \u2013 Hege<br \/><\/strong><strong>H\u00e5vard \u2013 Sissel<br \/><\/strong><strong>Erik<br \/><\/strong><strong>Simon<br \/><\/strong><strong>Mareno<\/strong><strong>\u00a0<\/strong><\/p>\r\n\r\n\r\n\r\n<p><strong>Even<br \/><\/strong><strong>Espen<\/strong>\u00a0<\/p>\r\n\r\n\r\n\r\n<p><strong>\u00d8vrige familie<\/strong><\/p>\r\n\r\n\r\n\r\n<p><em>Endelig fri fra smerte, endelig ro.<br \/><\/em><em>Endelig hvile s\u00e5 stille og god.\u00a0<\/em><\/p>\r\n\r\n\r\n\r\n<p>Begravelse fra Tingvoll kirke<br \/>onsdag 10. mars kl. 12.00.\u00a0\u00a0<\/p>\r\n\r\n\r\n\r\n<p>B\u00e5ren f\u00f8res til Torjulv\u00e5gen<br \/>gravsted for jordp\u00e5kastelse.<br \/>Alle er velkommen.<\/p>\r\n\r\n\r\n\r\n<p>Like kj\u00e6rt som blomster er en gave til<br \/>Tingvoll sykehjem.<br \/>Kontonr. 4050 07 30031.\u00a0<\/p>\r\n\r\n\r\n\r\n<p>S\u00f8rgeh\u00f8ytideligheten avsluttes ved graven.<br \/>___________________________<br \/>02.03.21<br \/><img decoding=\"async\" src=\"\/images\/dodsfall\/kors_bue.png\" width=\"34\" \/><\/p>\r\n\r\n\r\n\r\n<p>Min kj\u00e6re bror\u00a0<\/p>\r\n\r\n\r\n\r\n<p><strong>Ola Ingvar Ranheim<\/strong><\/p>\r\n\r\n\r\n\r\n<p>f\u00f8dt 30. august 1943,<br \/>sovnet stille inn i dag.<br \/>Kristiansund\/Tingvoll<br \/>28.februar 2021\u00a0<\/p>\r\n\r\n\r\n\r\n<p><strong>Edel<\/strong><\/p>\r\n\r\n\r\n\r\n<p>Bisettelsen har funnet sted i stillhet.<br \/>_________________________<br \/>22.02.21<br \/><img decoding=\"async\" src=\"\/images\/dodsfall\/kors_bue.png\" width=\"34\" \/><br \/>V\u00e5r kj\u00e6re mor, svigermor,<br \/>bestemor, oldemor,<br \/>svigerinne og tante\u00a0<\/p>\r\n\r\n\r\n\r\n<p><strong>Petra Elisabet Koksvik<\/strong><\/p>\r\n\r\n\r\n\r\n<p>f\u00f8dt\u00a0<strong>Snekvik<br \/><\/strong>10. mai 1927,<br \/>sovnet stille inn i dag.<br \/>Tingvoll<br \/>20. februar 2021\u00a0<\/p>\r\n\r\n\r\n\r\n<p><strong>Marianne \u2013 Tor Ivar<br \/><\/strong><strong>\u00a0Geirunn \u2013 Hans Arne<br \/><\/strong><strong>Tor \u00a0 \u00a0 \u00a0 \u00a0 \u00a0 \u00a0 \u00a0 \u00a0 \u00a0 \u00a0 \u00a0 \u00a0 \u00a0 \u00a0<\/strong><strong>\u00a0<\/strong><\/p>\r\n\r\n\r\n\r\n<p><strong>Trine, Siri, Mari,<br \/><\/strong><strong>Marte og Sigve<\/strong><strong>\u00a0<\/strong><\/p>\r\n\r\n\r\n\r\n<p><strong>Lars Erik, Ingrid Marie,<br \/><\/strong><strong>Kristian, Synne og Iver<\/strong><strong>\u00a0<\/strong><\/p>\r\n\r\n\r\n\r\n<p><strong>\u00d8vrige familie<\/strong><em>\u00a0<\/em><\/p>\r\n\r\n\r\n\r\n<p><em>Borte for alltid, men likevel n\u00e6r,<br \/><\/em><em>du var oss s\u00e5 inderlig kj\u00e6r.<br \/><\/em><em>Din kj\u00e6rlighet og godhet<br \/><\/em><em>vil aldri bli glemt,<br \/><\/em><em>innerst i hjertet\u00a0<br \/><\/em><em>har vi deg gjemt.\u00a0<\/em><em>\u00a0<\/em><\/p>\r\n\r\n\r\n\r\n<p>Begravelse fra Tingvoll kirke<br \/>fredag 26. februar kl. 12.00.\u00a0<br \/>Alle som vil f\u00f8lge mor til graven<br \/>er velkommen til kirken.<\/p>\r\n\r\n\r\n\r\n<p>Like kj\u00e6rt som blomster er en gave til<br \/>personalet ved Tingvoll sykehjem.<br \/>Kontonr.\u00a0 4050 07 30031.\u00a0<\/p>\r\n\r\n\r\n\r\n<p>S\u00f8rgeh\u00f8ytideligheten avsluttes ved graven.<br \/>____________________________________<br \/>08.02.21<\/p>\r\n\r\n\r\n\r\n<p><img decoding=\"async\" src=\"\/images\/dodsfall\/kors_bue.png\" width=\"34\" \/><br \/>V\u00e5r enest\u00e5ende mor, gode svigermor<br \/>og omsorgsfulle Besta\u00a0<\/p>\r\n\r\n\r\n\r\n<p><strong>Rakel Kindsbekken<\/strong>\u00a0<\/p>\r\n\r\n\r\n\r\n<p>f\u00f8dt 18. januar 1923,<br \/>sovnet stille inn i dag.<br \/>Tingvoll<br \/>5. februar 2021<br \/><br \/><strong>Karsten \u00a0 \u00a0 \u00a0 \u00a0 \u00a0\u00a0<br \/><\/strong><strong>Vibeke \u2013 Arne<\/strong><\/p>\r\n\r\n\r\n\r\n<p><strong>Marita \u2013 Espen<br \/><\/strong><strong>Terje \u2013 Annie<\/strong><strong>\u00a0<\/strong><\/p>\r\n\r\n\r\n\r\n<p><strong>Edvin, Truls, Rakel,<br \/><\/strong><strong>Julie, Jonas og Mina<\/strong>\u00a0<\/p>\r\n\r\n\r\n\r\n<p><strong>\u00d8vrige familie<\/strong><\/p>\r\n\r\n\r\n\r\n<p><em>I v\u00e5rt hjerte<br \/><\/em><em>i v\u00e5rt sinn.<br \/><\/em><em>Er du for alltid<br \/><\/em><em>lukket inn.<\/em><em>\u00a0<\/em><\/p>\r\n\r\n\r\n\r\n<p>Bisettelsen vil finne sted i stillhet<br \/>med den n\u00e6rmeste familie tilstede.<br \/>________________________________________<br \/>05.02.21<br \/><img decoding=\"async\" src=\"\/images\/dodsfall\/kors_bue.png\" width=\"34\" \/><\/p>\r\n\r\n\r\n\r\n<p>Min kj\u00e6re s\u00f8ster,<br \/>v\u00e5r snille tante og svigerinne\u00a0<\/p>\r\n\r\n\r\n\r\n<p><strong>Klara Finnvik<\/strong><\/p>\r\n\r\n\r\n\r\n<p>f\u00f8dt\u00a0<strong>Nj\u00f8ten\u00a0<br \/><\/strong>9.mai 1934,<br \/>sovnet stille inn i dag.<br \/>Tingvoll<br \/>2.februar 2021\u00a0<\/p>\r\n\r\n\r\n\r\n<p><strong>Leora<br \/><\/strong>(s\u00f8ster)\u00a0<\/p>\r\n\r\n\r\n\r\n<p><strong>Nieser og nev\u00f8er<br \/><\/strong><strong>Svigerinner<\/strong><strong>\u00a0<\/strong><\/p>\r\n\r\n\r\n\r\n<p><strong>Familien ellers<\/strong><\/p>\r\n\r\n\r\n\r\n<p><em>Vi fylles med sorg<br \/><\/em><em>over at du er borte,<br \/><\/em><em>men av takknemlighet<br \/><\/em><em>over at du har levd.<\/em><em>\u00a0<\/em><\/p>\r\n\r\n\r\n\r\n<p>Bisettelse i Straumsnes kirke<br \/>fredag 12. februar kl. 12.00.\u00a0<\/p>\r\n\r\n\r\n\r\n<p>S\u00f8rgeh\u00f8ytideligheten avsluttes i kirken.<br \/>______________________________<br \/>04.02.21<br \/><img decoding=\"async\" src=\"\/images\/dodsfall\/kors_bue.png\" width=\"34\" \/><\/p>\r\n\r\n\r\n\r\n<p>V\u00e5r kj\u00e6re pappa, svigerfar,<br \/>bestefar, bror, svoger<br \/>og onkel\u00a0<\/p>\r\n\r\n\r\n\r\n<p><strong>Jan Ingvar B\u00f8ifot<\/strong><\/p>\r\n\r\n\r\n\r\n<p>f\u00f8dt 16. mai 1943<br \/>sovnet stille inn etter<br \/>\u00a0kort tids sykeleie.<br \/>Kristiansund sykehus<br \/>2. februar 2021<\/p>\r\n\r\n\r\n\r\n<p>\u00a0<strong>Rune \u2013 Janne<br \/><\/strong><strong>Kristen \u2013 Siw Jorid<br \/><\/strong><strong>Arne Gunnar<\/strong><strong>\u00a0<\/strong><\/p>\r\n\r\n\r\n\r\n<p><strong>Siv Mari, Viljar,<br \/><\/strong><strong>Odin og Trym Nikolai<\/strong><strong>\u00a0<\/strong><\/p>\r\n\r\n\r\n\r\n<p><strong>\u00d8vrige familie<\/strong><\/p>\r\n\r\n\r\n\r\n<p><em>Et strevsomt liv har ebbet ut.<br \/><\/em><em>En flittig h\u00e5nd er dovnet.<br \/><\/em><em>Ditt gode hjerte sovnet.<\/em><em>\u00a0<\/em><\/p>\r\n\r\n\r\n\r\n<p>Begravelse fra Straumsnes kirke<br \/>onsdag 10. februar kl. 12.00.\u00a0<\/p>\r\n\r\n\r\n\r\n<p>Grunnet dagens restriksjoner<br \/>blir seremonien i kirken<br \/>forbeholdt n\u00e6r familie<br \/>og inviterte.\u00a0<\/p>\r\n\r\n\r\n\r\n<p>Like kj\u00e6rt som blomster er en gave til<br \/>kreftforeningen.<br \/>Kontornr. 5005 05 05151<br \/>Vipps 2288<br \/>________________________________________<br \/>27.01.21<br \/><img decoding=\"async\" src=\"\/images\/dodsfall\/kors_bue.png\" width=\"34\" \/><br \/>Min kj\u00e6re mor, svigermor,<br \/>gode snille farmor, oldemor,<br \/>s\u00f8ster, svigerinne og tante\u00a0<\/p>\r\n\r\n\r\n\r\n<p><strong>Svanhild Olaug Rekdal<\/strong><\/p>\r\n\r\n\r\n\r\n<p>f\u00f8dt 15. mai 1928,<br \/>sovnet stille inn med<br \/>sine kj\u00e6re hos seg.<br \/>Tingvoll<br \/>25. januar 2021<\/p>\r\n\r\n\r\n\r\n<p><strong>Kjellbj\u00f8rn \u2013 Turid<\/strong><\/p>\r\n\r\n\r\n\r\n<p><strong>Roger \u2013 Nina<br \/><\/strong><strong>Anette \u2013 \u00d8rjan<\/strong><strong>\u00a0<\/strong><\/p>\r\n\r\n\r\n\r\n<p><strong>Tobias<br \/><\/strong><strong>Jonas<\/strong><\/p>\r\n\r\n\r\n\r\n<figure class=\"wp-block-table\">\u00a0\u00a0\r\n<table>\r\n<tbody>\r\n<tr>\r\n<td>\u00a0<\/td>\r\n<td><strong>Haldis<\/strong><\/td>\r\n<\/tr>\r\n<tr>\r\n<td><strong>Odd Arne &#8211;<\/strong><\/td>\r\n<td><strong>Gudrun\u00a0<\/strong><\/td>\r\n<\/tr>\r\n<tr>\r\n<td><strong>Anne Tordis<\/strong><\/td>\r\n<td>\u00a0<\/td>\r\n<\/tr>\r\n<\/tbody>\r\n<\/table>\r\n<\/figure>\r\n\r\n\r\n\r\n<p>\u00a0<strong>\u00d8vrige familie<\/strong><\/p>\r\n\r\n\r\n\r\n<p><em>Stille kom d\u00f8den, kom som en venn.<br \/><\/em><em>Gud tok mor ved h\u00e5nden\u00a0<br \/><\/em><em>og f\u00f8rte henne hjem.<\/em><em>\u00a0<\/em><\/p>\r\n\r\n\r\n\r\n<p>Bisettelse i Tingvoll kirke<br \/>onsdag 3. februar kl. 12.00.\u00a0<\/p>\r\n\r\n\r\n\r\n<p>Grunnet dagens restriksjoner<br \/>blir seremonien i kirken<br \/>forbeholdt n\u00e6r familie<br \/>og inviterte.\u00a0<\/p>\r\n\r\n\r\n\r\n<p>Like kj\u00e6rt som blomster er en gave til<br \/>Vonheim.<br \/>Kontonr. 4050 07 30031. Gaven<br \/>merkes \u201detterlattegave\u201d.\u00a0<\/p>\r\n\r\n\r\n\r\n<p>S\u00f8rgeh\u00f8ytideligheten avsluttes i kirken.<br \/>___________________________________<br \/>06.01.21<br \/><img decoding=\"async\" src=\"\/images\/dodsfall\/kors_bue.png\" width=\"34\" \/><\/p>\r\n\r\n\r\n\r\n<p>Min kj\u00e6re hustru, mamma,<br \/>svigermor, b\u00e6sta og oldemor<\/p>\r\n\r\n\r\n\r\n<p><strong>Marie Jorunn Wulvik<\/strong><\/p>\r\n\r\n\r\n\r\n<p>f\u00f8dt\u00a0<strong>Krangnes<br \/><\/strong>11. september 1946,<br \/>d\u00f8de br\u00e5tt fra oss i dag.Vulvika<br \/>4.januar 2021<\/p>\r\n\r\n\r\n\r\n<p><strong>Asbj\u00f8rn<\/strong><strong>\u00a0<\/strong><\/p>\r\n\r\n\r\n\r\n<p><strong>M\u00e5lfrid \u2013 Arnfinn<br \/><\/strong><strong>Ingeborg \u2013 Jens Kristian<\/strong><\/p>\r\n\r\n\r\n\r\n<p><strong>\u00a0<\/strong><strong>Turid, Atle, Ole Gunnar,<br \/><\/strong><strong>Thomas, May Kristin,<br \/><\/strong><strong>Espen og Even<\/strong><\/p>\r\n\r\n\r\n\r\n<p><strong>Kevin, Mia og Lukas<\/strong><\/p>\r\n\r\n\r\n\r\n<p><strong>\u00d8vrige familie<\/strong><em>\u00a0<\/em><\/p>\r\n\r\n\r\n\r\n<p><em>Hva du led,<br \/><\/em><em>det ingen kjenner.<br \/><\/em><em>Stille selv du smerten bar.<br \/><\/em><em>Smilte dog blant dine venner.<br \/><\/em><em>Takk for alt du for oss var.\u00a0<\/em><em>\u00a0<\/em><\/p>\r\n\r\n\r\n\r\n<p>Begravelse fra Tingvoll kirke<br \/>onsdag 13. januar kl. 12.00.\u00a0\u00a0<\/p>\r\n\r\n\r\n\r\n<p>Grunnet dagens restriksjoner<br \/>blir seremonien i kirken<br \/>forbeholdt n\u00e6r familie<br \/>og inviterte.\u00a0<\/p>\r\n\r\n\r\n\r\n<p>Like kj\u00e6rt som blomster er en gave til<br \/>Norsk luftambulanse, konto: 1617 20 74689<br \/>eller vipps: 2113.<\/p>\r\n\r\n\r\n\r\n<p>S\u00f8rgeh\u00f8ytideligheten avsluttes ved graven.<br \/>____________________________________________<br \/>04.01.21<br \/><img decoding=\"async\" src=\"\/images\/dodsfall\/kors_bue.png\" width=\"34\" \/><br \/>V\u00e5r alles kj\u00e6re<\/p>\r\n\r\n\r\n\r\n<p>\u00a0<strong>Ingar Kvisvik<\/strong><strong>\u00a0<\/strong><\/p>\r\n\r\n\r\n\r\n<p>f\u00f8dt 5. juni 1938,<br \/>sovnet stille inn i dag.<br \/>\u00d8ydegard<br \/>30.desember 2020\u00a0<\/p>\r\n\r\n\r\n\r\n<p><strong>Oline<br \/><\/strong>(s\u00f8ster)\u00a0<\/p>\r\n\r\n\r\n\r\n<p><strong>G\u00f8ril<br \/><\/strong><strong>Ivar Terje<br \/><\/strong><strong>Kjell<br \/><\/strong><strong>Ingrid<br \/><\/strong><strong>Merethe<\/strong>\u00a0<\/p>\r\n\r\n\r\n\r\n<p><strong>\u00d8vrige familie<\/strong><\/p>\r\n\r\n\r\n\r\n<p><em>Stille du led.<br \/><\/em><em>Hvil n\u00e5 i fred.\u00a0<\/em><em>\u00a0<\/em><\/p>\r\n\r\n\r\n\r\n<p>Bisettelse i Straumsnes kirke<br \/>fredag 8. januar kl. 12.00.\u00a0<\/p>\r\n\r\n\r\n\r\n<p>Like kj\u00e6rt som blomster er en gave til<br \/>hjemmetjenesten ytre.<\/p>\r\n\r\n\r\n\r\n<p>S\u00f8rgeh\u00f8ytideligheten avsluttes i kirken.<\/p>\r\n<\/div><\/div>\r\n<\/div>\r\n<\/div>\r\n","protected":false},"excerpt":{"rendered":"<p>30.12 V\u00e5r kj\u00e6re \u00a0Inger Olden \u00a0f\u00f8dt\u00a0Aasprang\u00a012. august 1949,sovnet stille inn i dag.Kristiansund\/Gyl20. desember 2021\u00a0 Jan Ingar Janne Iren \u2013 KristianLena \u2013 Knut\u00a0 HeleneAudun\u00a0 \u00d8vrige familie,naboer og venner\u00a0 Bisettelsen har funnet sted._________________________________________20.12 Min kj\u00e6re mann, v\u00e5r gode farog svigerfar, snille bestefar,bror, svoger og onkel\u00a0 Anders Naalsund f\u00f8dt 15. november 1945,d\u00f8de br\u00e5tt fra oss i dag.Kristiansund\/N\u00e5lsund16.desember 2021 &#8230; <a title=\"D\u00f8dsfall 2021\" class=\"read-more\" href=\"https:\/\/tingvoll.net\/index.php\/dodsfall-2021\/\" aria-label=\"Read more about D\u00f8dsfall 2021\">Les mer<\/a><\/p>\n","protected":false},"author":10,"featured_media":0,"parent":0,"menu_order":0,"comment_status":"closed","ping_status":"closed","template":"","meta":{"footnotes":""},"class_list":["post-274","page","type-page","status-publish"],"_links":{"self":[{"href":"https:\/\/tingvoll.net\/index.php\/wp-json\/wp\/v2\/pages\/274","targetHints":{"allow":["GET"]}}],"collection":[{"href":"https:\/\/tingvoll.net\/index.php\/wp-json\/wp\/v2\/pages"}],"about":[{"href":"https:\/\/tingvoll.net\/index.php\/wp-json\/wp\/v2\/types\/page"}],"author":[{"embeddable":true,"href":"https:\/\/tingvoll.net\/index.php\/wp-json\/wp\/v2\/users\/10"}],"replies":[{"embeddable":true,"href":"https:\/\/tingvoll.net\/index.php\/wp-json\/wp\/v2\/comments?post=274"}],"version-history":[{"count":0,"href":"https:\/\/tingvoll.net\/index.php\/wp-json\/wp\/v2\/pages\/274\/revisions"}],"wp:attachment":[{"href":"https:\/\/tingvoll.net\/index.php\/wp-json\/wp\/v2\/media?parent=274"}],"curies":[{"name":"wp","href":"https:\/\/api.w.org\/{rel}","templated":true}]}}