{"id":44166,"date":"2026-01-06T14:45:24","date_gmt":"2026-01-06T13:45:24","guid":{"rendered":"https:\/\/tingvoll.net\/?page_id=44166"},"modified":"2026-04-30T21:24:36","modified_gmt":"2026-04-30T19:24:36","slug":"dodsfall-2026","status":"publish","type":"page","link":"https:\/\/tingvoll.net\/index.php\/dodsfall-2026\/","title":{"rendered":"D\u00f8dsfall 2026"},"content":{"rendered":"<p style=\"font-weight: 400; text-align: center;\">30.04<br \/>\n<img loading=\"lazy\" decoding=\"async\" class=\"alignnone  wp-image-1723\" src=\"https:\/\/tingvoll.net\/wp-content\/uploads\/2022\/03\/dodsannonsse_anker.png\" alt=\"\" width=\"73\" height=\"79\" \/><br \/>\nMin gode pappa, svigerfar,<br \/>\nbestefar og onkel<\/p>\n<p style=\"font-weight: 400; text-align: center;\"><strong>Johan Kanestr\u00f8m<\/strong><\/p>\n<p style=\"font-weight: 400; text-align: center;\"><strong>\u00a0<\/strong>f\u00f8dt 31. mai 1954,<br \/>\nd\u00f8de br\u00e5tt og uventet i dag.<br \/>\nKvisvik<br \/>\n29. april 2026<\/p>\n<p style=\"font-weight: 400; text-align: center;\"><strong>Laila \u2013 Ole Jonny<\/strong><\/p>\n<p style=\"font-weight: 400; text-align: center;\"><strong>\u00a0<\/strong><strong>Leander<\/strong><\/p>\n<p style=\"font-weight: 400; text-align: center;\"><strong>\u00d8vrige familie<\/strong><\/p>\n<p style=\"font-weight: 400; text-align: center;\"><em>Takk for alt<br \/>\n<\/em><em>du var for oss.<\/em><\/p>\n<p style=\"font-weight: 400; text-align: center;\">Begravelse fra Straumsnes kirke<br \/>\nfredag 8. mai kl. 12.00.<\/p>\n<p style=\"font-weight: 400; text-align: center;\">Like kj\u00e6rt som blomster er en gave til<br \/>\nLeander sin utdanning.<br \/>\nMinnegave kan gis i kirken, Vipps 92021751<br \/>\neller kontonr. 3930 13 77189.<\/p>\n<p style=\"font-weight: 400; text-align: center;\">S\u00f8rgeh\u00f8ytideligheten avsluttes ved graven.<br \/>\n______________________<br \/>\n16.04<br \/>\n<img loading=\"lazy\" decoding=\"async\" class=\"alignnone wp-image-38719\" src=\"https:\/\/tingvoll.net\/wp-content\/uploads\/2025\/07\/kors_bue.png\" alt=\"\" width=\"48\" height=\"75\" srcset=\"https:\/\/tingvoll.net\/wp-content\/uploads\/2025\/07\/kors_bue.png 107w, https:\/\/tingvoll.net\/wp-content\/uploads\/2025\/07\/kors_bue-103x160.png 103w\" sizes=\"auto, (max-width: 48px) 100vw, 48px\" \/><\/p>\n<p style=\"font-weight: 400; text-align: center;\">V\u00e5r alles kj\u00e6re<\/p>\n<p style=\"font-weight: 400; text-align: center;\"><strong>Terje Reiten<\/strong><strong>\u00a0<\/strong><\/p>\n<p style=\"font-weight: 400; text-align: center;\">f\u00f8dt 20. april 1952,<br \/>\nsovnet stille inn i dag.<br \/>\nTingvoll<br \/>\n2. april 2026<\/p>\n<p style=\"font-weight: 400; text-align: center;\"><strong>For familien<br \/>\n<\/strong><strong>Tore<br \/>\n<\/strong><strong>Aud Torhild<\/strong><em>\u00a0<\/em><\/p>\n<p style=\"font-weight: 400; text-align: center;\"><em>Stille du gikk<br \/>\n<\/em><em>gjennom livet,<br \/>\n<\/em><em>var trofast,<br \/>\n<\/em><em>\u00e6rlig og snill.<br \/>\n<\/em><em>For alt du var<br \/>\n<\/em><em>for oss alle,<br \/>\n<\/em><em>vi minnes og takke vil.<\/em><em>\u00a0<\/em><\/p>\n<p style=\"font-weight: 400; text-align: center;\">Bisettelsen har funnet sted i stillhet.<br \/>\n______________________<br \/>\n30.03<\/p>\n<p style=\"font-weight: 400; text-align: center;\"><img loading=\"lazy\" decoding=\"async\" class=\"alignnone wp-image-38719\" src=\"https:\/\/tingvoll.net\/wp-content\/uploads\/2025\/07\/kors_bue.png\" alt=\"\" width=\"48\" height=\"75\" srcset=\"https:\/\/tingvoll.net\/wp-content\/uploads\/2025\/07\/kors_bue.png 107w, https:\/\/tingvoll.net\/wp-content\/uploads\/2025\/07\/kors_bue-103x160.png 103w\" sizes=\"auto, (max-width: 48px) 100vw, 48px\" \/><br \/>\nV\u00e5r kj\u00e6re pappa, bestefar,<br \/>\nbror, svoger og onkel<\/p>\n<p style=\"font-weight: 400; text-align: center;\"><strong>Svein Erik Bj\u00f8rgson Knudsen<\/strong><\/p>\n<p style=\"font-weight: 400; text-align: center;\"><strong>\u00a0<\/strong>f\u00f8dt 27. mai 1953,<br \/>\nsovnet stille inn i dag.<br \/>\nGjemnes sykehjem\/Straumsnes<br \/>\n27. mars 2026<\/p>\n<p style=\"font-weight: 400; text-align: center;\"><strong>Bj\u00f8rn Einar<br \/>\n<\/strong><strong>Kjell \u2013 Sissel<\/strong><\/p>\n<p style=\"font-weight: 400; text-align: center;\"><strong>Theo, Nora<\/strong><\/p>\n<p style=\"font-weight: 400; text-align: center;\"><strong>\u00a0<\/strong><strong>Bj\u00f8rn Erling <\/strong><strong>\u2020<br \/>\n<\/strong><strong>Anne Brit<br \/>\n<\/strong><strong>Ingvald og Margrethe<br \/>\n<\/strong><strong>Arve og Gwen<br \/>\n<\/strong><strong>Kjell <\/strong><strong>\u2020<\/strong> <strong>og Mette<br \/>\n<\/strong><strong>Sivert og Randi<br \/>\n<\/strong><strong>med familier<\/strong><\/p>\n<p style=\"font-weight: 400; text-align: center;\"><em>\u00a0<\/em>Bisettelse i Straumsnes kirke<br \/>\nfredag 10. april kl. 12.00.<\/p>\n<p style=\"font-weight: 400; text-align: center;\">S\u00f8rgeh\u00f8ytideligheten avsluttes i kirken.<br \/>\n________________________<br \/>\n22.03<\/p>\n<p style=\"font-weight: 400; text-align: center;\"><img loading=\"lazy\" decoding=\"async\" class=\"alignnone wp-image-26020\" src=\"https:\/\/tingvoll.net\/wp-content\/uploads\/2024\/11\/dodsannonse_hjerte-300x261.png\" alt=\"\" width=\"66\" height=\"57\" srcset=\"https:\/\/tingvoll.net\/wp-content\/uploads\/2024\/11\/dodsannonse_hjerte-300x261.png 300w, https:\/\/tingvoll.net\/wp-content\/uploads\/2024\/11\/dodsannonse_hjerte-184x160.png 184w, https:\/\/tingvoll.net\/wp-content\/uploads\/2024\/11\/dodsannonse_hjerte.png 338w\" sizes=\"auto, (max-width: 66px) 100vw, 66px\" \/><br \/>\nV\u00e5r kj\u00e6re pappa, svigerfar,<br \/>\nbestefar, oldefar, bror, svoger og onkel<\/p>\n<p style=\"font-weight: 400; text-align: center;\"><strong>Kjell Thoralf Rustad<\/strong><\/p>\n<p style=\"font-weight: 400; text-align: center;\">f\u00f8dt 31. mars 1944,<br \/>\nsovnet stille inn med<br \/>\nde n\u00e6rmeste rundt seg.<br \/>\nTingvoll<br \/>\n17. mars 2026<\/p>\n<p style=\"font-weight: 400; text-align: center;\"><strong>Greta \u2020<\/strong><\/p>\n<p style=\"font-weight: 400; text-align: center;\"><strong><span style=\"font-weight: 400;\"><strong>Tommy<\/strong> &#8211; <strong>I<\/strong><\/span>rja<br \/>\n<\/strong><strong style=\"font-weight: 400;\">Bente \u2013 Hallgeir<br \/>\n<\/strong><strong>Mona &#8211; St\u00e5le<\/strong><\/p>\n<p style=\"font-weight: 400; text-align: center;\"><strong>Morten og Linn Therese,<br \/>\n<\/strong><strong>Alexander, Jonas, Silje<\/strong><\/p>\n<p style=\"font-weight: 400; text-align: center;\"><strong>Gabriel<\/strong><\/p>\n<p style=\"font-weight: 400; text-align: center;\"><strong>\u00d8vrige familie<\/strong><\/p>\n<p style=\"font-weight: 400; text-align: center;\"><em>En trofast og arbeidsom mann<br \/>\n<\/em><em>har lagt ned sine hender.<br \/>\n<\/em><em>Vi er takknemlige for alt du ga oss.<\/em><em>\u00a0<\/em><\/p>\n<p style=\"font-weight: 400; text-align: center;\">Urnenedsettelse vil finne sted senere, med<br \/>\nde n\u00e6rmeste tilstede.<br \/>\n________________<br \/>\n19.03<\/p>\n<p style=\"text-align: center;\"><img loading=\"lazy\" decoding=\"async\" class=\"alignnone wp-image-23527\" src=\"https:\/\/tingvoll.net\/wp-content\/uploads\/2024\/02\/kors.gif\" alt=\"\" width=\"85\" height=\"95\" \/><br \/>\nV\u00e5r kj\u00e6re far,<br \/>\nsvigerfar, bestefar, oldefar,<br \/>\nbror, svoger og onkel<\/p>\n<p style=\"text-align: center;\"><b>Oddmund Holen<\/b><b><\/b><\/p>\n<p style=\"text-align: center;\"><i>f. 25.desember 1935<br \/>\n<\/i>sovnet fredfullt inn.<\/p>\n<p style=\"text-align: center;\">Nesset Omsorgssenter<br \/>\nEidsv\u00e5g 18. mars 2026.<\/p>\n<p style=\"text-align: center;\"><strong>Svanhild \u2020<\/strong><\/p>\n<p style=\"text-align: center;\"><strong>Harald \u00a0 \u00a0 \u00a0 \u00a0 \u00a0 \u00a0\u00a0<\/strong><br \/>\n<strong>Terje \u2013 Toril<\/strong><br \/>\n<strong>Arild \u2020 \u2013 Joyce<\/strong><br \/>\n<strong>Unni \u2013 Roger<\/strong><\/p>\n<p style=\"text-align: center;\"><strong>Barnebarn og oldebarn<\/strong><\/p>\n<p style=\"text-align: center;\"><strong>\u00d8vrige familie<\/strong><\/p>\n<p style=\"text-align: center;\"><i>En flitting h\u00e5nd har stilnet<br \/>\n<\/i><i>mens sporene etter ditt arbeid<br \/>\n<\/i><i>lever videre<\/i><\/p>\n<p style=\"text-align: center;\">Alle er velkommen til<br \/>\nbisettelse fra Nesset kirke<br \/>\ntorsdag 26. mars kl. 12:00.<\/p>\n<p style=\"text-align: center;\">Likekj\u00e6rt som blomster er en<br \/>\ngave til Nesset Omsorggsenter.<br \/>\nGaven kan gis p\u00e5 <a href=\"https:\/\/kirkeland.vareminnesider.no\/memorial_page\/memorial_page_personal_info.php?order_id=4546409&amp;cat=home&amp;sign=e2933ebf3b54587a7d6368f763778a44\" target=\"_blank\" rel=\"noopener\">Oddmund sin <\/a><br \/>\nminneside.<\/p>\n<p style=\"text-align: center;\"><em>kirkeland.no<\/em><br \/>\n____________________<br \/>\n16.03<\/p>\n<p style=\"font-weight: 400; text-align: center;\"><img loading=\"lazy\" decoding=\"async\" class=\"alignnone wp-image-44344\" src=\"https:\/\/tingvoll.net\/wp-content\/uploads\/2026\/03\/bamse-251x300.png\" alt=\"\" width=\"65\" height=\"78\" srcset=\"https:\/\/tingvoll.net\/wp-content\/uploads\/2026\/03\/bamse-251x300.png 251w, https:\/\/tingvoll.net\/wp-content\/uploads\/2026\/03\/bamse-768x918.png 768w, https:\/\/tingvoll.net\/wp-content\/uploads\/2026\/03\/bamse-502x600.png 502w, https:\/\/tingvoll.net\/wp-content\/uploads\/2026\/03\/bamse-134x160.png 134w, https:\/\/tingvoll.net\/wp-content\/uploads\/2026\/03\/bamse.png 786w\" sizes=\"auto, (max-width: 65px) 100vw, 65px\" \/><br \/>\nS\u00e5 etterlengtet og s\u00e5 elsket<\/p>\n<p style=\"font-weight: 400; text-align: center;\"><strong>Emilie<\/strong><\/p>\n<p style=\"font-weight: 400; text-align: center;\">d\u00f8de fra oss s\u00e5 alt for tidlig.<br \/>\nSNR Hjelset\/Faksv\u00e5gen<br \/>\n9. mars 2026<\/p>\n<p style=\"font-weight: 400; text-align: center;\"><strong>May Kristin \u2013 Anders<\/strong><\/p>\n<p style=\"font-weight: 400; text-align: center;\"><strong>\u00a0<\/strong><strong>Ellinor Marie<\/strong><\/p>\n<p style=\"font-weight: 400; text-align: center;\"><strong>\u00d8vrige familie<\/strong><em>\u00a0<\/em><\/p>\n<p style=\"font-weight: 400; text-align: center;\"><em>S\u00e5 liten du var,<br \/>\n<\/em><em>s\u00e5 h\u00f8yt du ble elsket.<br \/>\n<\/em><em>S\u00e5 kort du var hos oss,<br \/>\n<\/em><em>s\u00e5 dypt du ble savnet.<\/em><\/p>\n<p style=\"font-weight: 400; text-align: center;\">\u00a0 \u00a0 \u00a0 Begravelsen vil finne sted i stillhet.<\/p>\n<p style=\"font-weight: 400; text-align: center;\">____________________________<br \/>\n16.03<br \/>\n<img loading=\"lazy\" decoding=\"async\" class=\"alignnone wp-image-38719\" src=\"https:\/\/tingvoll.net\/wp-content\/uploads\/2025\/07\/kors_bue.png\" alt=\"\" width=\"48\" height=\"75\" srcset=\"https:\/\/tingvoll.net\/wp-content\/uploads\/2025\/07\/kors_bue.png 107w, https:\/\/tingvoll.net\/wp-content\/uploads\/2025\/07\/kors_bue-103x160.png 103w\" sizes=\"auto, (max-width: 48px) 100vw, 48px\" \/><br \/>\nMin kj\u00e6re mann,<br \/>\nv\u00e5r umistelige pappa og svigerfar,<br \/>\nsnille bestefar og oldefar,<br \/>\nbror, svoger og onkel<\/p>\n<p style=\"font-weight: 400; text-align: center;\"><strong>Per Odd Hovslien<\/strong><\/p>\n<p style=\"font-weight: 400; text-align: center;\"><strong>\u00a0<\/strong>f\u00f8dt 24. august 1948,<br \/>\nd\u00f8de fra oss i dag.<br \/>\nSNR Hjelset\/Kvisvik<br \/>\n13. mars 2026<\/p>\n<p style=\"font-weight: 400; text-align: center;\"><strong>Ragnhild<\/strong><\/p>\n<p style=\"font-weight: 400; text-align: center;\"><strong>\u00a0 \u00a0 \u00a0Mette<br \/>\n<\/strong><strong>Gunn Inger \u2013 Svein Roger<br \/>\n<\/strong><strong>Sissel \u2013 Endre<br \/>\n<\/strong><strong>Tove \u2013 Knut Gunnar <\/strong>\u2020<br \/>\n<strong>Joakim<\/strong><\/p>\n<p style=\"font-weight: 400; text-align: center;\"><strong>Karoline, Betina, Sander,<br \/>\n<\/strong><strong>Marius, Sindre,<br \/>\n<\/strong><strong>Eskil, Oliver, Siv,<br \/>\n<\/strong><strong>Andrea, Live, Sigurd<\/strong><\/p>\n<p style=\"font-weight: 400; text-align: center;\"><strong>\u00a0<\/strong><strong>Oldebarn<\/strong><\/p>\n<p style=\"font-weight: 400; text-align: center;\"><strong>\u00a0<\/strong><strong>\u00d8vrige familie<\/strong><em>\u00a0<\/em><\/p>\n<p style=\"font-weight: 400; text-align: center;\"><em>Alltid andres ve og vel<br \/>\n<\/em><em>aldri sparte du deg selv.<br \/>\n<\/em><em>En inderlig takk<br \/>\n<\/em><em>fra dine kj\u00e6re<br \/>\n<\/em><em>Din godhet og omsorg<br \/>\n<\/em><em>vi i minnet vil b\u00e6re.<\/em><em>\u00a0<\/em><\/p>\n<p style=\"font-weight: 400; text-align: center;\">Begravelse fra Straumsnes kirke<br \/>\nfredag 20. mars kl. 12.00.<\/p>\n<p style=\"font-weight: 400; text-align: center;\">Like kj\u00e6rt som blomster er en gave til<br \/>\nNorsk Luftambulanse.<br \/>\nMinnegave kan gis i kirken<br \/>\nog p\u00e5 Vipps 2113.<br \/>\nMerk gaven med Per Odd sitt navn.<\/p>\n<p style=\"font-weight: 400; text-align: center;\">S\u00f8rgeh\u00f8ytideligheten avsluttes ved graven.<br \/>\n_______________________<br \/>\n22.02<br \/>\n<img loading=\"lazy\" decoding=\"async\" class=\"alignnone wp-image-1726\" src=\"https:\/\/tingvoll.net\/wp-content\/uploads\/2022\/03\/trohapkjerlighet-300x297.gif\" alt=\"\" width=\"66\" height=\"65\" srcset=\"https:\/\/tingvoll.net\/wp-content\/uploads\/2022\/03\/trohapkjerlighet-300x297.gif 300w, https:\/\/tingvoll.net\/wp-content\/uploads\/2022\/03\/trohapkjerlighet-150x150.gif 150w, https:\/\/tingvoll.net\/wp-content\/uploads\/2022\/03\/trohapkjerlighet-162x160.gif 162w\" sizes=\"auto, (max-width: 66px) 100vw, 66px\" \/><\/p>\n<p style=\"font-weight: 400; text-align: center;\">V\u00e5r snille pappa, svigerfar, bestefar,<br \/>\noldefar, bror, svoger og onkel<\/p>\n<p style=\"font-weight: 400; text-align: center;\"><strong>\u00a0Kjell Harald N\u00e6ss<\/strong><\/p>\n<p style=\"font-weight: 400; text-align: center;\">f\u00f8dt 13. september 1940,<br \/>\nsovnet stille inn i dag.<br \/>\nTingvoll<br \/>\n20. februar 2026<strong>\u00a0<\/strong><\/p>\n<p style=\"font-weight: 400; text-align: center;\"><strong>May Oddrun \u2013 Frode<br \/>\n<\/strong><strong>Lars Petter<br \/>\n<\/strong><strong>\u00a0 \u00a0 \u00a0 \u00a0 \u00a0 \u00a0 \u00a0 \u00a0 \u00a0 \u00a0Anna \u00a0 \u00a0 \u00a0 \u00a0 \u00a0 \u00a0 \u00a0 \u00a0 \u00a0 \u00a0 \u00a0 \u00a0 \u00a0 \u00a0 \u00a0 \u00a0<\/strong><\/p>\n<p style=\"font-weight: 400; text-align: center;\"><strong>Gunnvor, Kristian,<br \/>\n<\/strong><strong>Eirik, H\u00e5kon<\/strong><\/p>\n<p style=\"font-weight: 400; text-align: center;\"><strong>Lucas<\/strong><\/p>\n<p style=\"font-weight: 400; text-align: center;\"><strong>\u00d8vrige familie<\/strong><\/p>\n<p style=\"font-weight: 400; text-align: center;\"><em>\u00a0<\/em><em>Du sovnet s\u00e5 stille<br \/>\n<\/em><em>fra plager og vondt.<br \/>\n<\/em><em>N\u00e5 er du borte<br \/>\n<\/em><em>det er stille og tomt.<\/em><em>\u00a0<\/em><\/p>\n<p style=\"font-weight: 400; text-align: center;\">Begravelse fra Tingvoll kirke<br \/>\nfredag 27. februar kl. 12.00.<\/p>\n<p style=\"font-weight: 400; text-align: center;\">Like kj\u00e6rt som blomster er en gave til<br \/>\nsykehusklovnene.<br \/>\nMinnegave kan gis i kirken og p\u00e5 Vipps 10221.<br \/>\nGaven merkes med Kjell sitt navn.<\/p>\n<p style=\"font-weight: 400; text-align: center;\">S\u00f8rgeh\u00f8ytideligheten avsluttes ved graven.<br \/>\n_________________________<br \/>\n15.02<br \/>\n<img loading=\"lazy\" decoding=\"async\" class=\"alignnone wp-image-26020\" src=\"https:\/\/tingvoll.net\/wp-content\/uploads\/2024\/11\/dodsannonse_hjerte-300x261.png\" alt=\"\" width=\"66\" height=\"57\" srcset=\"https:\/\/tingvoll.net\/wp-content\/uploads\/2024\/11\/dodsannonse_hjerte-300x261.png 300w, https:\/\/tingvoll.net\/wp-content\/uploads\/2024\/11\/dodsannonse_hjerte-184x160.png 184w, https:\/\/tingvoll.net\/wp-content\/uploads\/2024\/11\/dodsannonse_hjerte.png 338w\" sizes=\"auto, (max-width: 66px) 100vw, 66px\" \/><\/p>\n<p style=\"font-weight: 400; text-align: center;\">Min snille mamma, svigerinne,<br \/>\nv\u00e5r gode tante og gammel tante<\/p>\n<p style=\"font-weight: 400; text-align: center;\"><strong>Aase Ulset<\/strong><\/p>\n<p style=\"font-weight: 400; text-align: center;\">f\u00f8dt 29. juli 1941,<br \/>\nd\u00f8de fra oss i dag.<br \/>\nUlset<br \/>\n10. februar 2026<\/p>\n<p style=\"font-weight: 400; text-align: center;\"><strong>Helga<\/strong><\/p>\n<p style=\"text-align: center;\"><strong>Anna Johanne<br \/>\n<\/strong><strong>Kirsten Oline<\/strong><\/p>\n<p style=\"text-align: center;\"><strong>Johan<br \/>\n<\/strong><strong>Oddny \u2013 Per Arne<br \/>\n<\/strong><strong>Arvid &#8211; Anne \u00a0 \u00a0 \u00a0 \u00a0 \u00a0\u00a0<\/strong><\/p>\n<p style=\"font-weight: 400; text-align: center;\"><strong>\u00d8vrige familie<\/strong><em>\u00a0<\/em><\/p>\n<p style=\"font-weight: 400; text-align: center;\"><em>S\u00e5 kom dagen og siste timen,<br \/>\n<\/em><em>livets vei til ende var.<br \/>\n<\/em><em>Takk for dager, takk for minner.<br \/>\n<\/em><em>Takk for alt du for oss var. <\/em><em>\u00a0<\/em><\/p>\n<p style=\"font-weight: 400; text-align: center;\">Bisettelse i Straumsnes kirke<br \/>\nfredag 20. februar kl. 12.00.<\/p>\n<p style=\"font-weight: 400; text-align: center;\">Like kj\u00e6rt som blomster er en gave til<br \/>\nSommerro bofellesskap.<br \/>\nMinnegave kan gis i kirken eller til kontonr 4202 47 94142.<br \/>\nMerk gaven med Aase sitt navn.<\/p>\n<p style=\"font-weight: 400; text-align: center;\">S\u00f8rgeh\u00f8ytideligheten avsluttes i kirken.<br \/>\n_________________________<br \/>\n08.02<br \/>\n<img loading=\"lazy\" decoding=\"async\" class=\"alignnone wp-image-26020\" src=\"https:\/\/tingvoll.net\/wp-content\/uploads\/2024\/11\/dodsannonse_hjerte-300x261.png\" alt=\"\" width=\"66\" height=\"57\" srcset=\"https:\/\/tingvoll.net\/wp-content\/uploads\/2024\/11\/dodsannonse_hjerte-300x261.png 300w, https:\/\/tingvoll.net\/wp-content\/uploads\/2024\/11\/dodsannonse_hjerte-184x160.png 184w, https:\/\/tingvoll.net\/wp-content\/uploads\/2024\/11\/dodsannonse_hjerte.png 338w\" sizes=\"auto, (max-width: 66px) 100vw, 66px\" \/><\/p>\n<p style=\"font-weight: 400; text-align: center;\">Min kj\u00e6reste mann, bror og onkel<\/p>\n<p style=\"font-weight: 400; text-align: center;\"><strong>Erling Jan Gj\u00f8rsvik<\/strong><strong>\u00a0<\/strong><\/p>\n<p style=\"font-weight: 400; text-align: center;\">f\u00f8dt 12. juni 1944,<br \/>\nsovnet fredfullt inn i dag.<br \/>\nSNR Hjelset\/Tingvoll<br \/>\n4. februar 2026<\/p>\n<p style=\"font-weight: 400; text-align: center;\"><strong>Nerissa<\/strong><\/p>\n<p style=\"font-weight: 400; text-align: center;\"><strong>Arna \u2013 Bj\u00f8rn \u2020<br \/>\n<\/strong><strong>Ola \u2020 \u2013 Ingebj\u00f8rg \u2020<br \/>\n<\/strong><strong>Odd Gunnar &#8211; Liv<\/strong><\/p>\n<p style=\"font-weight: 400; text-align: center;\"><strong>Rolf, Jon Erlend, Jens Arne,<br \/>\n<\/strong><strong>Angela, Stefano, Ella, Zaimon<\/strong><\/p>\n<p style=\"font-weight: 400; text-align: center;\"><em>Du var oss s\u00e5 kj\u00e6r,<br \/>\n<\/em><em>derfor s\u00e5 tung \u00e5 miste.<\/em><\/p>\n<p style=\"font-weight: 400; text-align: center;\">Bisettelse i Tingvoll kirke<br \/>\nonsdag 18. februar kl. 12.00.<\/p>\n<p style=\"font-weight: 400; text-align: center;\">Like kj\u00e6rt som blomster er en gave til<br \/>\nhjemmesykepleien.<br \/>\nS\u00f8rgeh\u00f8ytideligheten avsluttes i kirken.<br \/>\n_______________________<br \/>\n04.02<\/p>\n<p style=\"font-weight: 400; text-align: center;\"><img loading=\"lazy\" decoding=\"async\" class=\"alignnone wp-image-1726\" src=\"https:\/\/tingvoll.net\/wp-content\/uploads\/2022\/03\/trohapkjerlighet-300x297.gif\" alt=\"\" width=\"66\" height=\"65\" srcset=\"https:\/\/tingvoll.net\/wp-content\/uploads\/2022\/03\/trohapkjerlighet-300x297.gif 300w, https:\/\/tingvoll.net\/wp-content\/uploads\/2022\/03\/trohapkjerlighet-150x150.gif 150w, https:\/\/tingvoll.net\/wp-content\/uploads\/2022\/03\/trohapkjerlighet-162x160.gif 162w\" sizes=\"auto, (max-width: 66px) 100vw, 66px\" \/><\/p>\n<p style=\"text-align: center;\">V\u00e5r kj\u00e6re mor, svigermor, bestemor,<br \/>\noldemor, s\u00f8ster og tante<\/p>\n<p style=\"font-weight: 400; text-align: center;\"><strong>Eldbj\u00f8rg Kristiansen<\/strong><strong>\u00a0<\/strong><\/p>\n<p style=\"font-weight: 400; text-align: center;\">f\u00f8dt 13. august 1935,<br \/>\nsovnet stille inn i dag.<br \/>\nTingvoll<br \/>\n2. februar 2026<\/p>\n<p style=\"text-align: center;\"><strong>Kjell Ove<br \/>\n<\/strong><strong>Trygve \u2013 Tove Kristin<br \/>\n<\/strong><strong>Kristin \u2013 Sigurd<br \/>\n<\/strong><strong>Jorunn<\/strong><strong>\u00a0 \u00a0 \u00a0 \u00a0 \u00a0 \u00a0 \u00a0 \u00a0 \u00a0 \u00a0 \u00a0 \u00a0 \u00a0 \u00a0 \u00a0<\/strong><\/p>\n<p style=\"font-weight: 400; text-align: center;\"><strong>Barnebarn<\/strong><\/p>\n<p style=\"font-weight: 400; text-align: center;\"><strong>Oldebarn<\/strong><\/p>\n<p style=\"font-weight: 400; text-align: center;\"><strong>\u00d8vrige familie<\/strong><\/p>\n<p style=\"font-weight: 400; text-align: center;\"><em>\u00a0<\/em><em>Takk for alle gode minner.<br \/>\n<\/em><em>Hvil i fred. <\/em><\/p>\n<p style=\"font-weight: 400; text-align: center;\">Bisettelse i Straumsnes kirke<br \/>\nfredag 13. februar kl. 12.00.<br \/>\nLike kj\u00e6rt som blomster er en gave til<br \/>\nStraumsnes sanitetslag.<br \/>\nMinnegave kan gis i kirken, p\u00e5 Vipps 541012<br \/>\neller kontonr. 4130 20 22222.<br \/>\nGaven merkes med Eldbj\u00f8rg sitt navn.<\/p>\n<p style=\"font-weight: 400; text-align: center;\">S\u00f8rgeh\u00f8ytideligheten avsluttes i kirken.<br \/>\n_____________________<br \/>\n01.02<br \/>\n<img loading=\"lazy\" decoding=\"async\" class=\"alignnone wp-image-38719\" src=\"https:\/\/tingvoll.net\/wp-content\/uploads\/2025\/07\/kors_bue.png\" alt=\"\" width=\"48\" height=\"75\" srcset=\"https:\/\/tingvoll.net\/wp-content\/uploads\/2025\/07\/kors_bue.png 107w, https:\/\/tingvoll.net\/wp-content\/uploads\/2025\/07\/kors_bue-103x160.png 103w\" sizes=\"auto, (max-width: 48px) 100vw, 48px\" \/><\/p>\n<p style=\"font-weight: 400; text-align: center;\">Min kj\u00e6re Jon, v\u00e5r snille pappa,<br \/>\nsvigerfar, bestefar, oldefar,<br \/>\nbror, svoger og onkel<\/p>\n<p style=\"font-weight: 400; text-align: center;\"><strong>Jon Solli<\/strong><\/p>\n<p style=\"font-weight: 400; text-align: center;\">f\u00f8dt 29. oktober 1943,<br \/>\nd\u00f8de fra oss i dag.<br \/>\nTingvoll<br \/>\n30. januar 2026<\/p>\n<p style=\"font-weight: 400; text-align: center;\"><strong>Reidun<\/strong><\/p>\n<p style=\"font-weight: 400; text-align: center;\"><strong>Unn &#8211; Asbj\u00f8rn<br \/>\n<\/strong><strong>Jon Roger \u2013 Lene<br \/>\n<\/strong><strong>Maj Lene \u2013 Kenneth<\/strong><strong>\u00a0<\/strong><\/p>\n<p style=\"font-weight: 400; text-align: center;\"><strong>Bj\u00f8rnar, B\u00e5rd, Stine,<br \/>\n<\/strong><strong>Henning, Johannes, Victoria,<br \/>\n<\/strong><strong>Frida, Samira, Sakaria, Isabella<\/strong><strong>\u00a0<\/strong><\/p>\n<p style=\"font-weight: 400; text-align: center;\"><strong>Theo, Filippa, Marie<\/strong><strong>\u00a0<\/strong><\/p>\n<p style=\"font-weight: 400; text-align: center;\"><strong>\u00d8vrige familie<\/strong><\/p>\n<p style=\"font-weight: 400; text-align: center;\"><em>\u00a0<\/em><em>V\u00e5r alles kj\u00e6re, hvil i fred. <\/em><em>\u00a0<\/em><\/p>\n<p style=\"font-weight: 400; text-align: center;\">Bisettelse i Tingvoll kirke<br \/>\nonsdag 11. februar kl. 12.00.<\/p>\n<p style=\"font-weight: 400; text-align: center;\">Alle er velkommen til kirken og til minnestund<br \/>\np\u00e5 menighetshuset.<br \/>\nLike kj\u00e6rt som blomster er en gave til<br \/>\nhjemmesykepleien.<br \/>\nMinnegave kan gis i kirken og<br \/>\np\u00e5 Vipps 94985340.<br \/>\nGaven merkes med Jon sitt navn.<br \/>\n____________________<br \/>\n20.01<br \/>\n<img loading=\"lazy\" decoding=\"async\" class=\"alignnone wp-image-1723\" src=\"https:\/\/tingvoll.net\/wp-content\/uploads\/2022\/03\/dodsannonsse_anker.png\" alt=\"\" width=\"57\" height=\"62\" \/><br \/>\nKj\u00e6re bror, onkel<br \/>\nog gammelonkel<\/p>\n<p style=\"font-weight: 400; text-align: center;\"><strong>Ole Kristen Skuggevik<\/strong><\/p>\n<p style=\"font-weight: 400; text-align: center;\">f\u00f8dt 8. juli 1936,<br \/>\nsovnet stille inn i dag.<br \/>\nSNR Hjelset\/Gyl<br \/>\n18. januar 2026<\/p>\n<p style=\"font-weight: 400; text-align: center;\"><strong>Dordi<\/strong><\/p>\n<p style=\"font-weight: 400; text-align: center;\"><strong>Sjur \u2013 Ingeborg<br \/>\n<\/strong><strong>Axel \u2013 Ildri<br \/>\n<\/strong><strong>Ragnhild<br \/>\n<\/strong><strong>Gunnar \u2013 Monika<\/strong><strong>\u00a0<\/strong><\/p>\n<p style=\"font-weight: 400; text-align: center;\"><strong>Maiken, Synn\u00f8ve, Sivert,<br \/>\n<\/strong><strong>Ole, Tor, Ingrid, Erling, Aksel<\/strong><\/p>\n<p style=\"font-weight: 400; text-align: center;\"><em>En sj\u00f8mann har gjort sin siste reise.<br \/>\n<\/em><em>Hjertet som banket s\u00e5 varmt for oss alle,<br \/>\n<\/em><em>for alltid har stilnet av.<br \/>\n<\/em><em>To flittige hender er foldet,<br \/>\n<\/em><em>som aldri tok, men gav.<\/em><\/p>\n<p style=\"font-weight: 400; text-align: center;\">Urnenedsettelse vil finne sted i<br \/>\nstillhet etter Ole Kristen sitt \u00f8nske.<br \/>\n_____________________<br \/>\n18.01<br \/>\n<img loading=\"lazy\" decoding=\"async\" class=\"alignnone wp-image-38719\" src=\"https:\/\/tingvoll.net\/wp-content\/uploads\/2025\/07\/kors_bue.png\" alt=\"\" width=\"48\" height=\"75\" srcset=\"https:\/\/tingvoll.net\/wp-content\/uploads\/2025\/07\/kors_bue.png 107w, https:\/\/tingvoll.net\/wp-content\/uploads\/2025\/07\/kors_bue-103x160.png 103w\" sizes=\"auto, (max-width: 48px) 100vw, 48px\" \/><\/p>\n<p style=\"font-weight: 400; text-align: center;\">V\u00e5r inderlig kj\u00e6re mamma og svigermor,<br \/>\nsnille mormor, oldemor, s\u00f8ster, svigerinne og tante<\/p>\n<p style=\"font-weight: 400; text-align: center;\"><strong>M\u00e5lfrid Hanem<\/strong><strong>\u00a0<\/strong><\/p>\n<p style=\"font-weight: 400; text-align: center;\">f\u00f8dt 11. september 1940,<br \/>\nd\u00f8de fra oss i dag.<br \/>\nGjemnes\/Tingvoll<br \/>\n14. januar 2026<\/p>\n<p style=\"text-align: center;\"><strong>Jens St\u00e5le<br \/>\n<\/strong><strong>Kjersti &#8211; Lars<br \/>\n<\/strong><strong>Ingjerd \u2013 Malvin<\/strong><strong>\u00a0<\/strong><\/p>\n<p style=\"font-weight: 400; text-align: center;\"><strong>Kristin og David, Jens Erik og Malin,<br \/>\n<\/strong><strong>Karoline og Even Alexander,<br \/>\n<\/strong><strong>Ingrid Marie og J\u00f8rgen,<br \/>\n<\/strong><strong>B\u00e5rd og Malene, Olav og Ida Sofie<\/strong><strong>\u00a0<\/strong><\/p>\n<p style=\"font-weight: 400; text-align: center;\"><strong>Ine, Ingebrikt, Elin, Lars,<br \/>\n<\/strong><strong>Lina, \u00c5se, Hedvig, Erik<\/strong><\/p>\n<p style=\"font-weight: 400; text-align: center;\"><strong>\u00d8vrige familie<\/strong><em>\u00a0<\/em><\/p>\n<p style=\"font-weight: 400; text-align: center;\"><em>Takk for alt du var for oss.<\/em><\/p>\n<p style=\"font-weight: 400; text-align: center;\"><em>\u00a0<\/em>Bisettelse i Tingvoll kirke<br \/>\nonsdag 28. januar kl. 13.00.<\/p>\n<p style=\"font-weight: 400; text-align: center;\">Alle er velkommen til kirken og til minnestund<br \/>\np\u00e5 Tingvoll fjordhotell.<br \/>\nLike kj\u00e6rt som blomster er en gave til<br \/>\nMeisingset bedehus.<br \/>\nMinnegave kan gis i kirken og p\u00e5<br \/>\nVipps 95186006.<\/p>\n<p style=\"font-weight: 400; text-align: center;\">Gaven merkes med M\u00e5lfrid sitt navn.<br \/>\n_____________________________<br \/>\n13.01<br \/>\n<img loading=\"lazy\" decoding=\"async\" class=\"alignnone wp-image-38719\" src=\"https:\/\/tingvoll.net\/wp-content\/uploads\/2025\/07\/kors_bue.png\" alt=\"\" width=\"48\" height=\"75\" srcset=\"https:\/\/tingvoll.net\/wp-content\/uploads\/2025\/07\/kors_bue.png 107w, https:\/\/tingvoll.net\/wp-content\/uploads\/2025\/07\/kors_bue-103x160.png 103w\" sizes=\"auto, (max-width: 48px) 100vw, 48px\" \/><br \/>\nMin kj\u00e6re Marta, v\u00e5r snille mor,<br \/>\nsvigermor, bestemor, oldemor,<br \/>\ns\u00f8ster, svigerinne og tante<\/p>\n<p style=\"font-weight: 400; text-align: center;\"><strong>Marta Liab\u00f8 Sallaup<\/strong><\/p>\n<p style=\"font-weight: 400; text-align: center;\">f\u00f8dt 30. oktober 1938,<br \/>\nsovnet stille inn i dag.<br \/>\nTingvoll<br \/>\n8. januar 2026<\/p>\n<p style=\"font-weight: 400; text-align: center;\"><strong>Sigbj\u00f8rn<\/strong><\/p>\n<p style=\"font-weight: 400; text-align: center;\"><strong>\u00a0<\/strong><strong>Arvid og Mary-Anne<br \/>\n<\/strong><strong>Endre og Sissel<br \/>\n<\/strong><strong>Bj\u00f8rg Randi og Nils<\/strong><strong>\u00a0<\/strong><\/p>\n<p style=\"font-weight: 400; text-align: center;\"><strong>Martine, Sondre, Hanna,<br \/>\n<\/strong><strong>Siv, Tore Egil, Anbj\u00f8rn, Marie<\/strong><\/p>\n<p style=\"font-weight: 400; text-align: center;\"><strong>Mia, Thea, Laleh,<br \/>\n<\/strong><strong>Eline, Oskar<\/strong><\/p>\n<p style=\"font-weight: 400; text-align: center;\"><strong>\u00d8vrige familie<\/strong><\/p>\n<p style=\"font-weight: 400; text-align: center;\"><em>Stille, mine skoger no.<br \/>\n<\/em><em>Stille, alle lier.<br \/>\n<\/em><em>Stutt var sommarn,<br \/>\n<\/em><em>stutte er alle kvitringsti`er.<\/em><em>\u00a0<\/em><\/p>\n<p style=\"font-weight: 400; text-align: center;\"><em>Stille hus og stille tun.<br \/>\n<\/em><em>Stille mine enger.<br \/>\n<\/em><em>Tirilille, Tirilill<br \/>\n<\/em><em>er her itte lenger. <\/em><em>\u00a0<\/em><\/p>\n<p style=\"font-weight: 400; text-align: center;\"><em>\u00a0<\/em>Bisettelse i Straumsnes kirke<br \/>\nfredag 23. januar kl. 12.00<\/p>\n<p style=\"font-weight: 400; text-align: center;\">Alle er velkommen til kirken og til minnestund<br \/>\np\u00e5 menighetshuset.<\/p>\n<p style=\"font-weight: 400; text-align: center;\">Like kj\u00e6rt som blomster er en gave til<br \/>\nhjemmesykepleien.<br \/>\nMinnegave kan gis i kirken og p\u00e5 Vipps 97763516.<br \/>\nMerk gaven med Marta sitt navn.<br \/>\n_______________________<br \/>\n11.01<br \/>\n<img loading=\"lazy\" decoding=\"async\" class=\"alignnone wp-image-26020\" src=\"https:\/\/tingvoll.net\/wp-content\/uploads\/2024\/11\/dodsannonse_hjerte-300x261.png\" alt=\"\" width=\"66\" height=\"57\" srcset=\"https:\/\/tingvoll.net\/wp-content\/uploads\/2024\/11\/dodsannonse_hjerte-300x261.png 300w, https:\/\/tingvoll.net\/wp-content\/uploads\/2024\/11\/dodsannonse_hjerte-184x160.png 184w, https:\/\/tingvoll.net\/wp-content\/uploads\/2024\/11\/dodsannonse_hjerte.png 338w\" sizes=\"auto, (max-width: 66px) 100vw, 66px\" \/><br \/>\nMin kj\u00e6re pappa, svigerfar,<br \/>\nv\u00e5r snille morfar, bror, svoger og onkel<\/p>\n<p style=\"font-weight: 400; text-align: center;\"><strong>Kjetil Korsnes<\/strong><\/p>\n<p style=\"font-weight: 400; text-align: center;\">f\u00f8dt 10. desember 1950,<br \/>\nd\u00f8de fra oss.<br \/>\nSNR Hjelset\/Tingvoll<br \/>\n7. januar 2026<\/p>\n<p style=\"font-weight: 400; text-align: center;\"><strong>Marit og Frank-Are<\/strong><\/p>\n<p style=\"font-weight: 400; text-align: center;\"><strong>Markus, Jakob<\/strong><\/p>\n<p style=\"font-weight: 400; text-align: center;\"><strong>\u00d8vrige familie<\/strong><\/p>\n<p style=\"font-weight: 400; text-align: center;\"><em>\u00a0<\/em><em>S\u00e5 kom dagen og siste timen,<br \/>\n<\/em><em>livets vei til ende var.<br \/>\n<\/em><em>Vi lukker deg i v\u00e5re hjerter inn,<br \/>\n<\/em><em>og gjemmer deg innerst inne.<br \/>\n<\/em><em>Der skal du for evig og alltid bo,<br \/>\n<\/em><em>som et kj\u00e6rt og dyrebart minne.<\/em><\/p>\n<p style=\"font-weight: 400; text-align: center;\"><em>\u00a0<\/em>Bisettelse i Tingvoll kirke<br \/>\nfredag 16. januar kl. 12.00.<\/p>\n<p style=\"font-weight: 400; text-align: center;\">Like kj\u00e6rt som blomster er en gave til<br \/>\nKreftforeningen.<br \/>\nMinnegave kan gis i kirken og p\u00e5 Vipps 2288.<br \/>\nMerk gaven med Kjetil sitt navn.<\/p>\n<p style=\"font-weight: 400; text-align: center;\">S\u00f8rgeh\u00f8ytideligheten avsluttes i kirken.<br \/>\n___________________________<br \/>\n<img loading=\"lazy\" decoding=\"async\" class=\"alignnone wp-image-26020\" src=\"https:\/\/tingvoll.net\/wp-content\/uploads\/2024\/11\/dodsannonse_hjerte-300x261.png\" alt=\"\" width=\"66\" height=\"57\" srcset=\"https:\/\/tingvoll.net\/wp-content\/uploads\/2024\/11\/dodsannonse_hjerte-300x261.png 300w, https:\/\/tingvoll.net\/wp-content\/uploads\/2024\/11\/dodsannonse_hjerte-184x160.png 184w, https:\/\/tingvoll.net\/wp-content\/uploads\/2024\/11\/dodsannonse_hjerte.png 338w\" sizes=\"auto, (max-width: 66px) 100vw, 66px\" \/><br \/>\nKj\u00e6re Magne min, s\u00f8nn, v\u00e5r gode stefar,<br \/>\nsvigerfar, bestefar, bror, svoger og onkel<\/p>\n<p style=\"font-weight: 400; text-align: center;\"><strong>Magne M\u00f8rkedal<\/strong><\/p>\n<p style=\"font-weight: 400; text-align: center;\">f\u00f8dt 3. mai 1963,<br \/>\nd\u00f8de br\u00e5tt og uventet fra oss.<br \/>\nSt. Olavs\/Kvisvik<br \/>\n7. januar 2026<\/p>\n<p style=\"font-weight: 400; text-align: center;\"><strong>Kristin<\/strong><\/p>\n<p style=\"font-weight: 400; text-align: center;\"><strong>\u00a0<\/strong><strong>Jan<\/strong><\/p>\n<p style=\"font-weight: 400; text-align: center;\"><strong>Helene \u2013 Nicolai<br \/>\n<\/strong><strong>Heidi \u2013 Kenneth<\/strong><\/p>\n<p style=\"font-weight: 400; text-align: center;\"><strong>Henrik, Synn\u00f8ve,<br \/>\n<\/strong><strong>Ingrid Johanne<\/strong><\/p>\n<p style=\"font-weight: 400; text-align: center;\"><strong>\u00a0<\/strong><strong>Marit, Johannes, Guro Helen<br \/>\n<\/strong><strong>med familie<\/strong><\/p>\n<p style=\"font-weight: 400; text-align: center;\"><strong>\u00d8vrige familie<\/strong><\/p>\n<p style=\"font-weight: 400; text-align: center;\"><em>Ha takk for alt du kj\u00e6re,<br \/>\n<\/em><em>hva du for oss har gjort.<br \/>\n<\/em><em>Vi vil i hjertet b\u00e6re<br \/>\n<\/em><em>ditt minne rikt og stort.<\/em><em>\u00a0<\/em><\/p>\n<p style=\"font-weight: 400; text-align: center;\">Bisettelse i Straumsnes kirke<br \/>\nonsdag 21. januar kl. 13.00.<\/p>\n<p style=\"font-weight: 400; text-align: center;\">Alle er velkommen til kirken og til minnestund<br \/>\np\u00e5 menighetshuset.<br \/>\nLike kj\u00e6rt som blomster er en gave til<br \/>\nNorsk Luftambulanse.<br \/>\nMinnegave kan gis i kirken og p\u00e5 Vipps 2113.<br \/>\n<span style=\"font-weight: 400;\">Merk gaven med Magne sitt navn.<\/span><\/p>\n","protected":false},"excerpt":{"rendered":"<p>30.04 Min gode pappa, svigerfar, bestefar og onkel Johan Kanestr\u00f8m \u00a0f\u00f8dt 31. mai 1954, d\u00f8de br\u00e5tt og uventet i dag. Kvisvik 29. april 2026 Laila \u2013 Ole Jonny \u00a0Leander \u00d8vrige familie Takk for alt du var for oss. Begravelse fra Straumsnes kirke fredag 8. mai kl. 12.00. Like kj\u00e6rt som blomster er en gave til &#8230; <a title=\"D\u00f8dsfall 2026\" class=\"read-more\" href=\"https:\/\/tingvoll.net\/index.php\/dodsfall-2026\/\" aria-label=\"Read more about D\u00f8dsfall 2026\">Les mer<\/a><\/p>\n","protected":false},"author":10,"featured_media":0,"parent":0,"menu_order":0,"comment_status":"closed","ping_status":"closed","template":"","meta":{"footnotes":""},"class_list":["post-44166","page","type-page","status-publish"],"_links":{"self":[{"href":"https:\/\/tingvoll.net\/index.php\/wp-json\/wp\/v2\/pages\/44166","targetHints":{"allow":["GET"]}}],"collection":[{"href":"https:\/\/tingvoll.net\/index.php\/wp-json\/wp\/v2\/pages"}],"about":[{"href":"https:\/\/tingvoll.net\/index.php\/wp-json\/wp\/v2\/types\/page"}],"author":[{"embeddable":true,"href":"https:\/\/tingvoll.net\/index.php\/wp-json\/wp\/v2\/users\/10"}],"replies":[{"embeddable":true,"href":"https:\/\/tingvoll.net\/index.php\/wp-json\/wp\/v2\/comments?post=44166"}],"version-history":[{"count":31,"href":"https:\/\/tingvoll.net\/index.php\/wp-json\/wp\/v2\/pages\/44166\/revisions"}],"predecessor-version":[{"id":44691,"href":"https:\/\/tingvoll.net\/index.php\/wp-json\/wp\/v2\/pages\/44166\/revisions\/44691"}],"wp:attachment":[{"href":"https:\/\/tingvoll.net\/index.php\/wp-json\/wp\/v2\/media?parent=44166"}],"curies":[{"name":"wp","href":"https:\/\/api.w.org\/{rel}","templated":true}]}}